{"id":1106,"date":"2021-06-01T08:57:44","date_gmt":"2021-06-01T08:57:44","guid":{"rendered":"http:\/\/canfaine.serveistic.eu\/mapa-web-de-la-pagina-can-faine-com\/"},"modified":"2021-06-01T09:05:26","modified_gmt":"2021-06-01T09:05:26","slug":"mapa-web","status":"publish","type":"page","link":"https:\/\/www.canfaine.com\/es\/mapa-web\/","title":{"rendered":"Mapa web"},"content":{"rendered":"<p>[vc_row][vc_column]<style type=\"text\/css\" data-type=\"the7_shortcodes-inline-css\">.dt-breadcrumbs-id-2 .breadcrumbs {\n  display: inline-block;\n  margin: 0;\n  padding: 2px 10px 2px 10px;\n  border: 0px solid ;\n  border-radius: 0px;\n}\n.dt-breadcrumbs-id-2 .breadcrumbs * {\n  font-style: italic;\n  font-weight: ;\n  text-transform: ;\n  color: #a2a5a6;\n}\n<\/style><div class=\"dt-breadcrumbs-shortcode dt-breadcrumbs-id-1 align-left\"><div class=\"assistive-text\">Est\u00e1s aqu\u00ed:<\/div><ol class=\"breadcrumbs text-small\" xmlns:v=\"http:\/\/rdf.data-vocabulary.org\/#\"><li typeof=\"v:Breadcrumb\"><a rel=\"v:url\" property=\"v:title\" href=\"https:\/\/www.canfaine.com\/es\/\/\" title=\"\">Inicio<\/a><\/li><li class=\"current\">P\u00e1gina<\/li><\/ol><\/div>[vc_column_text]Desde aqu\u00ed puede consultar todas las pantallas de la p\u00e1gina web:<\/p>\n<ul>\n<li><div class=\"wsp-container\"><h2 class=\"wsp-pages-title\">P\u00e1ginas<\/h2>\n<ul class=\"wsp-pages-list\">\n<li class=\"page_item page-item-1331\"><a href=\"https:\/\/www.canfaine.com\/es\/barbacoa\/\">barbacoa<\/a><\/li>\n<li class=\"page_item page-item-474 current_page_parent\"><a href=\"https:\/\/www.canfaine.com\/es\/blog\/\">Blog<\/a><\/li>\n<li class=\"page_item page-item-489\"><a href=\"https:\/\/www.canfaine.com\/es\/contactar\/\">Contactar<\/a><\/li>\n<li class=\"page_item page-item-439\"><a href=\"https:\/\/www.canfaine.com\/es\/\">Inicio<\/a><\/li>\n<li class=\"page_item page-item-471\"><a href=\"https:\/\/www.canfaine.com\/es\/mapa\/\">Mapa<\/a><\/li>\n<li class=\"page_item page-item-1106\"><a href=\"https:\/\/www.canfaine.com\/es\/mapa-web\/\">Mapa web<\/a><\/li>\n<li class=\"page_item page-item-479\"><a href=\"https:\/\/www.canfaine.com\/es\/opiniones\/\">Opiniones<\/a><\/li>\n<li class=\"page_item page-item-487\"><a href=\"https:\/\/www.canfaine.com\/es\/que-hacer\/\">Qu\u00e9 hacer<\/a><\/li>\n<li class=\"page_item page-item-1110\"><a href=\"https:\/\/www.canfaine.com\/es\/reservar\/\">Reservas<\/a><\/li>\n<li class=\"page_item page-item-477 page_item_has_children\"><a href=\"https:\/\/www.canfaine.com\/es\/restaurante\/\">Restaurante<\/a>\n<ul class='children'>\n\t<li class=\"page_item page-item-1410\"><a href=\"https:\/\/www.canfaine.com\/es\/restaurante\/carta\/\">Carta<\/a><\/li>\n\t<li class=\"page_item page-item-484 page_item_has_children\"><a href=\"https:\/\/www.canfaine.com\/es\/restaurante\/menu\/\">Men\u00fas<\/a>\n\t<ul class='children'>\n\t\t<li class=\"page_item page-item-1453\"><a href=\"https:\/\/www.canfaine.com\/es\/restaurante\/menu\/calcotada\/\">Men\u00fa Cal\u00e7otada<\/a><\/li>\n\t\t<li class=\"page_item page-item-1464\"><a href=\"https:\/\/www.canfaine.com\/es\/restaurante\/menu\/caracoladas\/\">Men\u00fa Caracolada<\/a><\/li>\n\t\t<li class=\"page_item page-item-1447\"><a href=\"https:\/\/www.canfaine.com\/es\/restaurante\/menu\/fin-de-semana\/\">Men\u00fa de fin de semana<\/a><\/li>\n\t\t<li class=\"page_item page-item-1856\"><a href=\"https:\/\/www.canfaine.com\/es\/restaurante\/menu\/menu-de-navidad\/\">Men\u00fa de Navidad y San Esteban 2021<\/a><\/li>\n\t\t<li class=\"page_item page-item-1437\"><a href=\"https:\/\/www.canfaine.com\/es\/restaurante\/menu\/diario\/\">Men\u00fa diario<\/a><\/li>\n\t\t<li class=\"page_item page-item-1460\"><a href=\"https:\/\/www.canfaine.com\/es\/restaurante\/menu\/xatonada\/\">Men\u00fa Xatonada<\/a><\/li>\n\t\t<li class=\"page_item page-item-1850\"><a href=\"https:\/\/www.canfaine.com\/es\/restaurante\/menu\/menus-de-empresa\/\">Men\u00fas de empresa<\/a><\/li>\n\t<\/ul>\n<\/li>\n\t<li class=\"page_item page-item-1655\"><a href=\"https:\/\/www.canfaine.com\/es\/restaurante\/restaurante-con-terraza\/\">Restaurante con terraza<\/a><\/li>\n\t<li class=\"page_item page-item-1813\"><a href=\"https:\/\/www.canfaine.com\/es\/restaurante\/restaurante-de-menu\/\">Restaurante de men\u00fa<\/a><\/li>\n\t<li class=\"page_item page-item-1689\"><a href=\"https:\/\/www.canfaine.com\/es\/restaurante\/restaurante-para-celebraciones\/\">Restaurante para celebraciones<\/a><\/li>\n\t<li class=\"page_item page-item-1675\"><a href=\"https:\/\/www.canfaine.com\/es\/restaurante\/restaurante-para-cenas-de-empresa\/\">Restaurante para cenas de empresa<\/a><\/li>\n<\/ul>\n<\/li>\n<li class=\"page_item page-item-452 page_item_has_children\"><a href=\"https:\/\/www.canfaine.com\/es\/turismo-rural\/\">Turismo Rural<\/a>\n<ul class='children'>\n\t<li class=\"page_item page-item-1471\"><a href=\"https:\/\/www.canfaine.com\/es\/turismo-rural\/faine-i\/\">Turismo rural Fain\u00e9 I<\/a><\/li>\n\t<li class=\"page_item page-item-1477\"><a href=\"https:\/\/www.canfaine.com\/es\/turismo-rural\/faine-ii\/\">Turismo rural Fain\u00e9 II<\/a><\/li>\n<\/ul>\n<\/li>\n<\/ul>\n<\/div><\/li>\n<li><div class=\"wsp-container\"><h2 class=\"wsp-dt_portfolios-title\">Portafolio<\/h2>\n<ul class=\"wsp-dt_portfolios-list\">\n<li><a href=\"https:\/\/www.canfaine.com\/es\/project\/menu-fin-de-semana\/\">Men\u00fa Fin de semana<\/a><\/li>\n<\/ul>\n<\/div><\/li>\n<li><div class=\"wsp-container\"><h2 class=\"wsp-posts-title\">Posts por categor\u00eda<\/h2>\n<ul class=\"wsp-posts-list\">\n\t<li><strong class=\"wsp-category-title\">Category: <a href=\"https:\/\/www.canfaine.com\/es\/category\/articulos\/\">Art\u00edculos<\/a><\/strong>\n<ul class=\"wsp-posts-list\">\t\t<li class=\"wsp-post\"><a href=\"https:\/\/www.canfaine.com\/es\/els-calcots-empieza-la-temporada\/\">Els Cal\u00e7ots: empieza la temporada<\/a><\/li>\n<\/ul><\/li>\n\t<li><strong class=\"wsp-category-title\">Category: <a href=\"https:\/\/www.canfaine.com\/es\/category\/cocina\/\">Cocina<\/a><\/strong>\n<ul class=\"wsp-posts-list\">\t\t<li class=\"wsp-post\"><a href=\"https:\/\/www.canfaine.com\/es\/la-esencia-de-la-gastronomia-catalana-los-productos-autoctonos\/\">La esencia de la gastronom\u00eda catalana<\/a><\/li>\n<\/ul><\/li>\n<\/ul>\n<\/div><\/li>\n<\/ul>\n<p>[\/vc_column_text][\/vc_column][\/vc_row]<\/p>\n","protected":false},"excerpt":{"rendered":"<p>[vc_row][vc_column][vc_column_text]Desde aqu\u00ed puede consultar todas las pantallas de la p\u00e1gina web: [\/vc_column_text][\/vc_column][\/vc_row]<\/p>\n","protected":false},"author":3,"featured_media":0,"parent":0,"menu_order":0,"comment_status":"closed","ping_status":"closed","template":"","meta":[],"yoast_head":"<!-- This site is optimized with the Yoast SEO plugin v19.13 - https:\/\/yoast.com\/wordpress\/plugins\/seo\/ -->\n<title>Mapa web - Can Fain\u00e9<\/title>\n<meta name=\"description\" content=\"Desde aqu\u00ed puede consultar todas las pantallas de la p\u00e1gina web:\" \/>\n<meta name=\"robots\" content=\"index, follow, max-snippet:-1, max-image-preview:large, max-video-preview:-1\" \/>\n<link rel=\"canonical\" href=\"https:\/\/www.canfaine.com\/es\/mapa-web\/\" \/>\n<meta property=\"og:locale\" content=\"es_ES\" \/>\n<meta property=\"og:type\" content=\"article\" \/>\n<meta property=\"og:title\" content=\"Mapa web - Can Fain\u00e9\" \/>\n<meta property=\"og:description\" content=\"Desde aqu\u00ed puede consultar todas las pantallas de la p\u00e1gina web:\" \/>\n<meta property=\"og:url\" content=\"https:\/\/www.canfaine.com\/es\/mapa-web\/\" \/>\n<meta property=\"og:site_name\" content=\"Can Fain\u00e9\" \/>\n<meta property=\"article:publisher\" content=\"https:\/\/www.facebook.com\/Restaurant-Can-Faine-211169275571050\/?ref=br_rs\" \/>\n<meta property=\"article:modified_time\" content=\"2021-06-01T09:05:26+00:00\" \/>\n<meta name=\"twitter:card\" content=\"summary_large_image\" \/>\n<script type=\"application\/ld+json\" class=\"yoast-schema-graph\">{\"@context\":\"https:\/\/schema.org\",\"@graph\":[{\"@type\":\"WebPage\",\"@id\":\"https:\/\/www.canfaine.com\/es\/mapa-web\/\",\"url\":\"https:\/\/www.canfaine.com\/es\/mapa-web\/\",\"name\":\"Mapa web - Can Fain\u00e9\",\"isPartOf\":{\"@id\":\"https:\/\/www.canfaine.com\/es\/#website\"},\"datePublished\":\"2021-06-01T08:57:44+00:00\",\"dateModified\":\"2021-06-01T09:05:26+00:00\",\"description\":\"Desde aqu\u00ed puede consultar todas las pantallas de la p\u00e1gina web:\",\"breadcrumb\":{\"@id\":\"https:\/\/www.canfaine.com\/es\/mapa-web\/#breadcrumb\"},\"inLanguage\":\"es\",\"potentialAction\":[{\"@type\":\"ReadAction\",\"target\":[\"https:\/\/www.canfaine.com\/es\/mapa-web\/\"]}]},{\"@type\":\"BreadcrumbList\",\"@id\":\"https:\/\/www.canfaine.com\/es\/mapa-web\/#breadcrumb\",\"itemListElement\":[{\"@type\":\"ListItem\",\"position\":1,\"name\":\"Portada\",\"item\":\"https:\/\/www.canfaine.com\/es\/\"},{\"@type\":\"ListItem\",\"position\":2,\"name\":\"Mapa web\"}]},{\"@type\":\"WebSite\",\"@id\":\"https:\/\/www.canfaine.com\/es\/#website\",\"url\":\"https:\/\/www.canfaine.com\/es\/\",\"name\":\"Can Fain\u00e9\",\"description\":\"Turisme Rural i Restaurant\",\"publisher\":{\"@id\":\"https:\/\/www.canfaine.com\/es\/#organization\"},\"potentialAction\":[{\"@type\":\"SearchAction\",\"target\":{\"@type\":\"EntryPoint\",\"urlTemplate\":\"https:\/\/www.canfaine.com\/es\/?s={search_term_string}\"},\"query-input\":\"required name=search_term_string\"}],\"inLanguage\":\"es\"},{\"@type\":\"Organization\",\"@id\":\"https:\/\/www.canfaine.com\/es\/#organization\",\"name\":\"Cal Fain\u00e9 Boades SL\",\"url\":\"https:\/\/www.canfaine.com\/es\/\",\"logo\":{\"@type\":\"ImageObject\",\"inLanguage\":\"es\",\"@id\":\"https:\/\/www.canfaine.com\/es\/#\/schema\/logo\/image\/\",\"url\":\"https:\/\/canfaine.com\/wp-content\/uploads\/2018\/01\/logo3-1.png\",\"contentUrl\":\"https:\/\/canfaine.com\/wp-content\/uploads\/2018\/01\/logo3-1.png\",\"width\":300,\"height\":198,\"caption\":\"Cal Fain\u00e9 Boades SL\"},\"image\":{\"@id\":\"https:\/\/www.canfaine.com\/es\/#\/schema\/logo\/image\/\"},\"sameAs\":[\"https:\/\/www.facebook.com\/Restaurant-Can-Faine-211169275571050\/?ref=br_rs\"]}]}<\/script>\n<!-- \/ Yoast SEO plugin. -->","yoast_head_json":{"title":"Mapa web - Can Fain\u00e9","description":"Desde aqu\u00ed puede consultar todas las pantallas de la p\u00e1gina web:","robots":{"index":"index","follow":"follow","max-snippet":"max-snippet:-1","max-image-preview":"max-image-preview:large","max-video-preview":"max-video-preview:-1"},"canonical":"https:\/\/www.canfaine.com\/es\/mapa-web\/","og_locale":"es_ES","og_type":"article","og_title":"Mapa web - Can Fain\u00e9","og_description":"Desde aqu\u00ed puede consultar todas las pantallas de la p\u00e1gina web:","og_url":"https:\/\/www.canfaine.com\/es\/mapa-web\/","og_site_name":"Can Fain\u00e9","article_publisher":"https:\/\/www.facebook.com\/Restaurant-Can-Faine-211169275571050\/?ref=br_rs","article_modified_time":"2021-06-01T09:05:26+00:00","twitter_card":"summary_large_image","schema":{"@context":"https:\/\/schema.org","@graph":[{"@type":"WebPage","@id":"https:\/\/www.canfaine.com\/es\/mapa-web\/","url":"https:\/\/www.canfaine.com\/es\/mapa-web\/","name":"Mapa web - Can Fain\u00e9","isPartOf":{"@id":"https:\/\/www.canfaine.com\/es\/#website"},"datePublished":"2021-06-01T08:57:44+00:00","dateModified":"2021-06-01T09:05:26+00:00","description":"Desde aqu\u00ed puede consultar todas las pantallas de la p\u00e1gina web:","breadcrumb":{"@id":"https:\/\/www.canfaine.com\/es\/mapa-web\/#breadcrumb"},"inLanguage":"es","potentialAction":[{"@type":"ReadAction","target":["https:\/\/www.canfaine.com\/es\/mapa-web\/"]}]},{"@type":"BreadcrumbList","@id":"https:\/\/www.canfaine.com\/es\/mapa-web\/#breadcrumb","itemListElement":[{"@type":"ListItem","position":1,"name":"Portada","item":"https:\/\/www.canfaine.com\/es\/"},{"@type":"ListItem","position":2,"name":"Mapa web"}]},{"@type":"WebSite","@id":"https:\/\/www.canfaine.com\/es\/#website","url":"https:\/\/www.canfaine.com\/es\/","name":"Can Fain\u00e9","description":"Turisme Rural i Restaurant","publisher":{"@id":"https:\/\/www.canfaine.com\/es\/#organization"},"potentialAction":[{"@type":"SearchAction","target":{"@type":"EntryPoint","urlTemplate":"https:\/\/www.canfaine.com\/es\/?s={search_term_string}"},"query-input":"required name=search_term_string"}],"inLanguage":"es"},{"@type":"Organization","@id":"https:\/\/www.canfaine.com\/es\/#organization","name":"Cal Fain\u00e9 Boades SL","url":"https:\/\/www.canfaine.com\/es\/","logo":{"@type":"ImageObject","inLanguage":"es","@id":"https:\/\/www.canfaine.com\/es\/#\/schema\/logo\/image\/","url":"https:\/\/canfaine.com\/wp-content\/uploads\/2018\/01\/logo3-1.png","contentUrl":"https:\/\/canfaine.com\/wp-content\/uploads\/2018\/01\/logo3-1.png","width":300,"height":198,"caption":"Cal Fain\u00e9 Boades SL"},"image":{"@id":"https:\/\/www.canfaine.com\/es\/#\/schema\/logo\/image\/"},"sameAs":["https:\/\/www.facebook.com\/Restaurant-Can-Faine-211169275571050\/?ref=br_rs"]}]}},"jetpack_sharing_enabled":true,"jetpack_shortlink":"https:\/\/wp.me\/PdqzQQ-hQ","jetpack-related-posts":[{"id":1103,"url":"https:\/\/www.canfaine.com\/mapa-web\/","url_meta":{"origin":1106,"position":0},"title":"Mapa web","date":"01\/06\/2021","format":false,"excerpt":"[vc_row][vc_column][vc_column_text]Des d'aqu\u00ed pot consultar totes les pantalles de la p\u00e0gina web: [\/vc_column_text][\/vc_column][\/vc_row]","rel":"","context":"Entrada similar","img":{"alt_text":"","src":"","width":0,"height":0},"classes":[]},{"id":1082,"url":"https:\/\/www.canfaine.com\/avis-legal-i-condicions-dus\/","url_meta":{"origin":1106,"position":1},"title":"Av\u00eds Legal i condicions d&#8217;\u00fas","date":"01\/06\/2021","format":false,"excerpt":"AV\u00cdS LEGAL I CONDICIONS D\u2019\u00daS DEL LLOC WEB CANFAINE.COM En aquest espai l\u2019USUARI, hi podr\u00e0 trobar tota la informaci\u00f3 relativa als termes i condicions legals que defineixen les relacions entre els usuaris i nosaltres com a responsables d\u2019aquesta p\u00e0gina web. Com a usuari, \u00e9s important que coneguis aquests termes abans\u2026","rel":"","context":"Entrada similar","img":{"alt_text":"","src":"","width":0,"height":0},"classes":[]},{"id":1091,"url":"https:\/\/www.canfaine.com\/es\/aviso-legal-y-condiciones-de-uso\/","url_meta":{"origin":1106,"position":2},"title":"Aviso legal y condiciones de uso","date":"01\/06\/2021","format":false,"excerpt":"AVISO LEGAL Y CONDICIONES DE USO DEL SITIO WEB CANFAINE.COM En este espacio, el USUARIO, podr\u00e1 encontrar toda la informaci\u00f3n relativa a los t\u00e9rminos y condiciones legales que definen las relaciones entre los usuarios y nosotros como responsables de esta p\u00e1gina web. Como usuario, es importante que conozcas estos t\u00e9rminos\u2026","rel":"","context":"Entrada similar","img":{"alt_text":"","src":"","width":0,"height":0},"classes":[]},{"id":1096,"url":"https:\/\/www.canfaine.com\/politiques-de-privadesa-i-cookies\/","url_meta":{"origin":1106,"position":3},"title":"Pol\u00edtiques de privadesa i cookies","date":"01\/06\/2021","format":false,"excerpt":"POL\u00cdTIQUES DE PRIVADESA I COOKIES DEL LLOC WEB CANFAINE.COM I. POL\u00cdTICA DE PRIVADESA I PROTECCI\u00d3 DE DADES Respectant el que estableix la legislaci\u00f3 vigent, CANFAINE.COM (d\u2019ara endavant, tamb\u00e9 Lloc Web) es compromet a adoptar les mesures t\u00e8cniques i organitzatives necess\u00e0ries, segons el nivell de seguretat adequat a el risc de\u2026","rel":"","context":"Entrada similar","img":{"alt_text":"","src":"","width":0,"height":0},"classes":[]},{"id":1094,"url":"https:\/\/www.canfaine.com\/es\/politicas-de-privacidad-y-cookies\/","url_meta":{"origin":1106,"position":4},"title":"Pol\u00edticas de privacidad y cookies","date":"01\/06\/2021","format":false,"excerpt":"POL\u00cdTICAS DE PRIVACIDAD Y COOKIES DEL SITIO WEB CANFAINE.COM I. POL\u00cdTICA DE PRIVACIDAD Y PROTECCI\u00d3N DE DATOS Respetando lo establecido en la legislaci\u00f3n vigente, CANFAINE.COM (en adelante, tambi\u00e9n Sitio Web) se compromete a adoptar las medidas t\u00e9cnicas y organizativas necesarias, seg\u00fan el nivel de seguridad adecuado al riesgo de los\u2026","rel":"","context":"Entrada similar","img":{"alt_text":"","src":"","width":0,"height":0},"classes":[]},{"id":1838,"url":"https:\/\/www.canfaine.com\/restaurant\/menu\/menus-d-empresa\/","url_meta":{"origin":1106,"position":5},"title":"Men\u00fas d&#8217;empresa","date":"29\/11\/2021","format":false,"excerpt":"[vc_row][vc_column][vc_custom_heading text=\"Men\u00fas d'empresa\" font_container=\"tag:h2|text_align:center\" google_fonts=\"font_family:Cinzel%3Aregular%2C700%2C900|font_style:400%20regular%3A400%3Anormal\"][\/vc_column][\/vc_row][vc_row][vc_column][vc_column_text] Els men\u00fas d\u2019empresa de Can Fain\u00e9 estan disponibles durant tot l\u2019any. Els men\u00fas d'empresa de Can Fain\u00e9 no nom\u00e9s estan disponibles durant l'\u00e8poca m\u00e9s habitual de dinars i sopars d'empresa. Que en celebrar-se els sopars de Nadal s\u00f3n els mesos de novembre i desembre. A\u2026","rel":"","context":"Entrada similar","img":{"alt_text":"","src":"","width":0,"height":0},"classes":[]}],"jetpack_likes_enabled":true,"_links":{"self":[{"href":"https:\/\/www.canfaine.com\/es\/wp-json\/wp\/v2\/pages\/1106"}],"collection":[{"href":"https:\/\/www.canfaine.com\/es\/wp-json\/wp\/v2\/pages"}],"about":[{"href":"https:\/\/www.canfaine.com\/es\/wp-json\/wp\/v2\/types\/page"}],"author":[{"embeddable":true,"href":"https:\/\/www.canfaine.com\/es\/wp-json\/wp\/v2\/users\/3"}],"replies":[{"embeddable":true,"href":"https:\/\/www.canfaine.com\/es\/wp-json\/wp\/v2\/comments?post=1106"}],"version-history":[{"count":0,"href":"https:\/\/www.canfaine.com\/es\/wp-json\/wp\/v2\/pages\/1106\/revisions"}],"wp:attachment":[{"href":"https:\/\/www.canfaine.com\/es\/wp-json\/wp\/v2\/media?parent=1106"}],"curies":[{"name":"wp","href":"https:\/\/api.w.org\/{rel}","templated":true}]}}