{"id":1471,"date":"2021-09-17T18:09:42","date_gmt":"2021-09-17T18:09:42","guid":{"rendered":"https:\/\/canfaine.serveistic.eu\/?page_id=1471"},"modified":"2022-10-03T07:36:35","modified_gmt":"2022-10-03T05:36:35","slug":"faine-i","status":"publish","type":"page","link":"https:\/\/www.canfaine.com\/es\/turismo-rural\/faine-i\/","title":{"rendered":"Turismo rural Fain\u00e9 I"},"content":{"rendered":"<p>[vc_row][vc_column]<style type=\"text\/css\" data-type=\"the7_shortcodes-inline-css\">.dt-breadcrumbs-id-1 .breadcrumbs {\n  display: inline-block;\n  margin: 0;\n  padding: 2px 10px 2px 10px;\n  border: 0px solid ;\n  border-radius: 0px;\n}\n.dt-breadcrumbs-id-1 .breadcrumbs * {\n  font-style: italic;\n  font-weight: ;\n  text-transform: ;\n  color: #a2a5a6;\n}\n<\/style><div class=\"dt-breadcrumbs-shortcode dt-breadcrumbs-id-1 align-left\"><div class=\"assistive-text\">Est\u00e1s aqu\u00ed:<\/div><ol class=\"breadcrumbs text-small\" xmlns:v=\"http:\/\/rdf.data-vocabulary.org\/#\"><li typeof=\"v:Breadcrumb\"><a rel=\"v:url\" property=\"v:title\" href=\"https:\/\/www.canfaine.com\/es\/\/\" title=\"\">Inicio<\/a><\/li><li class=\"current\">P\u00e1gina<\/li><\/ol><\/div>[vc_custom_heading text=\u00bbTurismo Rural Fain\u00e9 I\u00bb font_container=\u00bbtag:h2|text_align:left|color:%23c08b4d\u00bb google_fonts=\u00bbfont_family:Cinzel%3Aregular%2C700%2C900|font_style:400%20regular%3A400%3Anormal\u00bb][vc_custom_heading text=\u00bbCasa rural con capacidad para entre 6 y 10 personas\u00bb font_container=\u00bbtag:h4|text_align:left\u00bb google_fonts=\u00bbfont_family:Cinzel%3Aregular%2C700%2C900|font_style:400%20regular%3A400%3Anormal\u00bb][\/vc_column][\/vc_row][vc_row][vc_column][vc_column_text]Alojamiento para Turismo Rural al pie de la monta\u00f1a de Montserrat para grupos numerosos, familias grandes y tambi\u00e9n grupos de amigos.<\/p>\n<p>Tiene entrada independiente de la mas\u00eda, de forma que se puede entrar y salir con total libertad y sin horarios.<\/p>\n<p>Dispone de una zona de c\u00e9sped donde los ni\u00f1os pueden jugar y a la hora de las comidas cuanto mayor es el grupo m\u00e1s se utiliza para hacer comidas o cenas debajo la sombra de los \u00e1rboles con mesas que disponemos especialmente para el exterior.<\/p>\n<p>Para los hu\u00e9spedes, tenemos un men\u00fa de cazuela previa confirmaci\u00f3n de la comida, tambi\u00e9n disponemos de servicio de restaurante y de hostal, con men\u00fas diarios y de fin de semana, o si lo prefieren, una carta muy completa que incluye pescados y carnes en la brasa.<\/p>\n<p><strong>Disponemos de piscina al aire libre para el verano y cubierta durante los meses de mayo, septiembre y octubre (no es climatizada) por Fain\u00e9 Y y Fain\u00e9 II<\/strong>[\/vc_column_text]\t\t<div class=\"wvt-panorama-wrapper\">\n\t\t\t<style id=\"wvt_2541_1-panorama-css\">\n\t\t\t\t#wvt_2541_1 { padding-bottom: 50%; }\n@media only screen and (max-width:768px) { \n\t\t\t\t\t#wvt_2541_1 { padding-bottom: 75%; } \n\t\t\t\t}\n@media only screen and (max-width:600px) { \n\t\t\t\t\t#wvt_2541_1 { padding-bottom: 100%; } \n\t\t\t\t}\n\t\t\t\t\t\t\t<\/style>\n\t\t\t<div id=\"wvt_2541_1\" data-id=\"2541\"\n\t\t\t\t data-sequence=\"1\" class=\"wvt-panorama\">\n\t\t\t\t<div class=\"wvt-panorama-content\"><\/div>\n\t\t\t<\/div>\n\t\t\t<script>\n\t\t\t\twindow.wvtf['wvt_2541_1'] = {\"post_id\":2541,\"option\":{\"option\":{\"title\":\"Acc\\u00e9s turisme rural 1\",\"type\":\"equirectangular\",\"equirectangular\":{\"id\":\"2377\",\"src\":\"https:\\\/\\\/www.canfaine.com\\\/wp-content\\\/uploads\\\/2022\\\/09\\\/ext-arid-01.jpg\"},\"equirectangular_fallback\":{\"id\":\"2375\",\"src\":\"https:\\\/\\\/www.canfaine.com\\\/wp-content\\\/uploads\\\/2022\\\/09\\\/ext-arid-01-960.jpg\"},\"equirectangular_external\":\"0\",\"cubemap\":{\"back\":\"\",\"bottom\":\"\",\"front\":\"\",\"left\":\"\",\"right\":\"\",\"top\":\"\"},\"coordinate\":{\"pitch\":\"0\",\"yaw\":\"0\",\"hfov\":\"100\"},\"height\":{\"desktop\":\"50\",\"tablet\":\"75\",\"mobile\":\"100\"},\"autorotate\":\"0\",\"autorotate_speed\":\"2\",\"autorotate_direction\":\"clockwise\",\"compass\":\"0\",\"north\":\"0\",\"zoom\":\"1\",\"fullscreen\":\"1\",\"orientation\":\"0\",\"spotlist\":\"1\",\"enable_map\":\"1\",\"mapdimension\":\"25\",\"toolbar_scheme\":\"default\",\"mapid\":\"2535\"},\"hotspot\":[],\"tour\":[{\"key\":\"wvt-tour-key-bwaaf\",\"title\":\"Acc\\u00e9s allotjaments\",\"spot\":\"2542\",\"shape\":\"circle\",\"badge\":\"1\",\"bgcolor\":\"#ffffff\",\"width\":\"32\",\"icontype\":\"icon\",\"icon\":\"fa-arrow-circle-right\",\"iconcolor\":\"#000000\",\"iconsize\":\"40\",\"iconimage\":\"\",\"coordinate\":{\"pitch\":\"-6.613860396629846\",\"yaw\":\"-152.4334462006701\",\"hfov\":\"100\"},\"hover\":\"short\",\"hovertext\":\"Acc\\u00e9s allotjaments\",\"hovertheme\":\"default\",\"hoverposition\":\"auto\",\"hoverminwidth\":\"50\",\"hovermaxwidth\":\"300\",\"hovercontent\":\"\"},{\"key\":\"wvt-tour-key-fqmtr\",\"title\":\"Entrar\",\"spot\":\"2554\",\"shape\":\"circle\",\"badge\":\"1\",\"bgcolor\":\"#ffffff\",\"width\":\"32\",\"icontype\":\"icon\",\"icon\":\"fa-arrow-circle-up\",\"iconcolor\":\"#000000\",\"iconsize\":\"40\",\"iconimage\":\"\",\"coordinate\":{\"pitch\":\"-47.028011471591725\",\"yaw\":\"30.371843260753813\",\"hfov\":\"100\"},\"hover\":\"short\",\"hovertext\":\"Entrar\",\"hovertheme\":\"default\",\"hoverposition\":\"auto\",\"hoverminwidth\":\"50\",\"hovermaxwidth\":\"300\",\"hovercontent\":\"\"}],\"global\":{\"context\":\"Can Fain\\u00e9 Turisme rural i restaurant\",\"context_url\":\"https:\\\/\\\/www.canfaine.com\",\"load_image\":\"\",\"load_scene\":\"ball-pulse\",\"edit\":\"1\"}}};\n\t\t\t<\/script>\n\t\t<\/div>\n\t\t[vc_empty_space][\/vc_column][\/vc_row][vc_row][vc_column][vc_column_text]<\/p>\n<div class=\"tiled-gallery type-square tiled-gallery-unresized\" data-original-width=\"1200\" data-carousel-extra='{&quot;blog_id&quot;:1,&quot;permalink&quot;:&quot;https:\\\/\\\/www.canfaine.com\\\/es\\\/turismo-rural\\\/faine-i\\\/&quot;,&quot;likes_blog_id&quot;:198426712}' itemscope itemtype=\"http:\/\/schema.org\/ImageGallery\" > <div class=\"gallery-row\" style=\"width: 1200px; height: 400px;\" data-original-width=\"1200\" data-original-height=\"400\" > <div class=\"gallery-group\" style=\"width: 400px; height: 400px;\" data-original-width=\"400\" data-original-height=\"400\" > <div class=\"tiled-gallery-item \" itemprop=\"associatedMedia\" itemscope itemtype=\"http:\/\/schema.org\/ImageObject\"> <a href=\"https:\/\/www.canfaine.com\/es\/turismo-rural\/turisme-rural-can-faine6\/\" border=\"0\" itemprop=\"url\"> <meta itemprop=\"width\" content=\"396\"> <meta itemprop=\"height\" content=\"396\"> <img data-attachment-id=\"1384\" data-orig-file=\"https:\/\/www.canfaine.com\/wp-content\/uploads\/2017\/11\/Turisme-rural-can-faine6.png\" data-orig-size=\"529,424\" data-comments-opened=\"1\" data-image-meta=\"{&quot;aperture&quot;:&quot;0&quot;,&quot;credit&quot;:&quot;&quot;,&quot;camera&quot;:&quot;&quot;,&quot;caption&quot;:&quot;&quot;,&quot;created_timestamp&quot;:&quot;0&quot;,&quot;copyright&quot;:&quot;&quot;,&quot;focal_length&quot;:&quot;0&quot;,&quot;iso&quot;:&quot;0&quot;,&quot;shutter_speed&quot;:&quot;0&quot;,&quot;title&quot;:&quot;&quot;,&quot;orientation&quot;:&quot;0&quot;}\" data-image-title=\"Turisme-rural-can-faine6\" data-image-description=\"\" data-medium-file=\"https:\/\/www.canfaine.com\/wp-content\/uploads\/2017\/11\/Turisme-rural-can-faine6-300x240.png\" data-large-file=\"https:\/\/www.canfaine.com\/wp-content\/uploads\/2017\/11\/Turisme-rural-can-faine6.png\" src=\"https:\/\/i0.wp.com\/www.canfaine.com\/wp-content\/uploads\/2017\/11\/Turisme-rural-can-faine6.png?w=396&#038;h=396&#038;crop=1&#038;ssl=1\" width=\"396\" height=\"396\" data-original-width=\"396\" data-original-height=\"396\" itemprop=\"http:\/\/schema.org\/image\" title=\"Turisme-rural-can-faine6\" alt=\"Fain\u00e9 I\" style=\"width: 396px; height: 396px;\" \/> <\/a> <div class=\"tiled-gallery-caption\" itemprop=\"caption description\"> Fain\u00e9 I <\/div> <\/div> <\/div> <div class=\"gallery-group\" style=\"width: 400px; height: 400px;\" data-original-width=\"400\" data-original-height=\"400\" > <div class=\"tiled-gallery-item \" itemprop=\"associatedMedia\" itemscope itemtype=\"http:\/\/schema.org\/ImageObject\"> <a href=\"https:\/\/www.canfaine.com\/es\/turismo-rural\/turisme-rural-can-faine5\/\" border=\"0\" itemprop=\"url\"> <meta itemprop=\"width\" content=\"396\"> <meta itemprop=\"height\" content=\"396\"> <img data-attachment-id=\"1383\" data-orig-file=\"https:\/\/www.canfaine.com\/wp-content\/uploads\/2017\/11\/Turisme-rural-can-faine5.png\" data-orig-size=\"584,428\" data-comments-opened=\"1\" data-image-meta=\"{&quot;aperture&quot;:&quot;0&quot;,&quot;credit&quot;:&quot;&quot;,&quot;camera&quot;:&quot;&quot;,&quot;caption&quot;:&quot;&quot;,&quot;created_timestamp&quot;:&quot;0&quot;,&quot;copyright&quot;:&quot;&quot;,&quot;focal_length&quot;:&quot;0&quot;,&quot;iso&quot;:&quot;0&quot;,&quot;shutter_speed&quot;:&quot;0&quot;,&quot;title&quot;:&quot;&quot;,&quot;orientation&quot;:&quot;0&quot;}\" data-image-title=\"Turisme-rural-can-faine5\" data-image-description=\"\" data-medium-file=\"https:\/\/www.canfaine.com\/wp-content\/uploads\/2017\/11\/Turisme-rural-can-faine5-300x220.png\" data-large-file=\"https:\/\/www.canfaine.com\/wp-content\/uploads\/2017\/11\/Turisme-rural-can-faine5.png\" src=\"https:\/\/i0.wp.com\/www.canfaine.com\/wp-content\/uploads\/2017\/11\/Turisme-rural-can-faine5.png?w=396&#038;h=396&#038;crop=1&#038;ssl=1\" width=\"396\" height=\"396\" data-original-width=\"396\" data-original-height=\"396\" itemprop=\"http:\/\/schema.org\/image\" title=\"Turisme-rural-can-faine5\" alt=\"Fain\u00e9 I\" style=\"width: 396px; height: 396px;\" \/> <\/a> <div class=\"tiled-gallery-caption\" itemprop=\"caption description\"> Fain\u00e9 I <\/div> <\/div> <\/div> <div class=\"gallery-group\" style=\"width: 400px; height: 400px;\" data-original-width=\"400\" data-original-height=\"400\" > <div class=\"tiled-gallery-item \" itemprop=\"associatedMedia\" itemscope itemtype=\"http:\/\/schema.org\/ImageObject\"> <a href=\"https:\/\/www.canfaine.com\/es\/turismo-rural\/turisme-rural-can-faine4\/\" border=\"0\" itemprop=\"url\"> <meta itemprop=\"width\" content=\"396\"> <meta itemprop=\"height\" content=\"396\"> <img data-attachment-id=\"1382\" data-orig-file=\"https:\/\/www.canfaine.com\/wp-content\/uploads\/2017\/11\/Turisme-rural-can-faine4.png\" data-orig-size=\"271,207\" data-comments-opened=\"1\" data-image-meta=\"{&quot;aperture&quot;:&quot;0&quot;,&quot;credit&quot;:&quot;&quot;,&quot;camera&quot;:&quot;&quot;,&quot;caption&quot;:&quot;&quot;,&quot;created_timestamp&quot;:&quot;0&quot;,&quot;copyright&quot;:&quot;&quot;,&quot;focal_length&quot;:&quot;0&quot;,&quot;iso&quot;:&quot;0&quot;,&quot;shutter_speed&quot;:&quot;0&quot;,&quot;title&quot;:&quot;&quot;,&quot;orientation&quot;:&quot;0&quot;}\" data-image-title=\"Turisme-rural-can-faine4\" data-image-description=\"\" data-medium-file=\"https:\/\/www.canfaine.com\/wp-content\/uploads\/2017\/11\/Turisme-rural-can-faine4.png\" data-large-file=\"https:\/\/www.canfaine.com\/wp-content\/uploads\/2017\/11\/Turisme-rural-can-faine4.png\" src=\"https:\/\/i0.wp.com\/www.canfaine.com\/wp-content\/uploads\/2017\/11\/Turisme-rural-can-faine4.png?w=396&#038;h=396&#038;crop=1&#038;ssl=1\" width=\"396\" height=\"396\" data-original-width=\"396\" data-original-height=\"396\" itemprop=\"http:\/\/schema.org\/image\" title=\"Turisme-rural-can-faine4\" alt=\"Fain\u00e9 I\" style=\"width: 396px; height: 396px;\" \/> <\/a> <div class=\"tiled-gallery-caption\" itemprop=\"caption description\"> Fain\u00e9 I <\/div> <\/div> <\/div> <\/div> <div class=\"gallery-row\" style=\"width: 1200px; height: 400px;\" data-original-width=\"1200\" data-original-height=\"400\" > <div class=\"gallery-group\" style=\"width: 400px; height: 400px;\" data-original-width=\"400\" data-original-height=\"400\" > <div class=\"tiled-gallery-item \" itemprop=\"associatedMedia\" itemscope itemtype=\"http:\/\/schema.org\/ImageObject\"> <a href=\"https:\/\/www.canfaine.com\/es\/turismo-rural\/turisme-rural-can-faine3\/\" border=\"0\" itemprop=\"url\"> <meta itemprop=\"width\" content=\"396\"> <meta itemprop=\"height\" content=\"396\"> <img data-attachment-id=\"1381\" data-orig-file=\"https:\/\/www.canfaine.com\/wp-content\/uploads\/2017\/11\/Turisme-rural-can-faine3.png\" data-orig-size=\"389,172\" data-comments-opened=\"1\" data-image-meta=\"{&quot;aperture&quot;:&quot;0&quot;,&quot;credit&quot;:&quot;&quot;,&quot;camera&quot;:&quot;&quot;,&quot;caption&quot;:&quot;&quot;,&quot;created_timestamp&quot;:&quot;0&quot;,&quot;copyright&quot;:&quot;&quot;,&quot;focal_length&quot;:&quot;0&quot;,&quot;iso&quot;:&quot;0&quot;,&quot;shutter_speed&quot;:&quot;0&quot;,&quot;title&quot;:&quot;&quot;,&quot;orientation&quot;:&quot;0&quot;}\" data-image-title=\"Turisme-rural-can-faine3\" data-image-description=\"\" data-medium-file=\"https:\/\/www.canfaine.com\/wp-content\/uploads\/2017\/11\/Turisme-rural-can-faine3-300x133.png\" data-large-file=\"https:\/\/www.canfaine.com\/wp-content\/uploads\/2017\/11\/Turisme-rural-can-faine3.png\" src=\"https:\/\/i0.wp.com\/www.canfaine.com\/wp-content\/uploads\/2017\/11\/Turisme-rural-can-faine3.png?w=396&#038;h=396&#038;crop=1&#038;ssl=1\" width=\"396\" height=\"396\" data-original-width=\"396\" data-original-height=\"396\" itemprop=\"http:\/\/schema.org\/image\" title=\"Turisme-rural-can-faine3\" alt=\"Fain\u00e9 I\" style=\"width: 396px; height: 396px;\" \/> <\/a> <div class=\"tiled-gallery-caption\" itemprop=\"caption description\"> Fain\u00e9 I <\/div> <\/div> <\/div> <div class=\"gallery-group\" style=\"width: 400px; height: 400px;\" data-original-width=\"400\" data-original-height=\"400\" > <div class=\"tiled-gallery-item \" itemprop=\"associatedMedia\" itemscope itemtype=\"http:\/\/schema.org\/ImageObject\"> <a href=\"https:\/\/www.canfaine.com\/es\/turismo-rural\/turisme-rural-can-faine2\/\" border=\"0\" itemprop=\"url\"> <meta itemprop=\"width\" content=\"396\"> <meta itemprop=\"height\" content=\"396\"> <img data-attachment-id=\"1380\" data-orig-file=\"https:\/\/www.canfaine.com\/wp-content\/uploads\/2017\/11\/Turisme-rural-can-faine2.png\" data-orig-size=\"584,443\" data-comments-opened=\"1\" data-image-meta=\"{&quot;aperture&quot;:&quot;0&quot;,&quot;credit&quot;:&quot;&quot;,&quot;camera&quot;:&quot;&quot;,&quot;caption&quot;:&quot;&quot;,&quot;created_timestamp&quot;:&quot;0&quot;,&quot;copyright&quot;:&quot;&quot;,&quot;focal_length&quot;:&quot;0&quot;,&quot;iso&quot;:&quot;0&quot;,&quot;shutter_speed&quot;:&quot;0&quot;,&quot;title&quot;:&quot;&quot;,&quot;orientation&quot;:&quot;0&quot;}\" data-image-title=\"Turisme-rural-can-faine2\" data-image-description=\"\" data-medium-file=\"https:\/\/www.canfaine.com\/wp-content\/uploads\/2017\/11\/Turisme-rural-can-faine2-300x228.png\" data-large-file=\"https:\/\/www.canfaine.com\/wp-content\/uploads\/2017\/11\/Turisme-rural-can-faine2.png\" src=\"https:\/\/i0.wp.com\/www.canfaine.com\/wp-content\/uploads\/2017\/11\/Turisme-rural-can-faine2.png?w=396&#038;h=396&#038;crop=1&#038;ssl=1\" width=\"396\" height=\"396\" data-original-width=\"396\" data-original-height=\"396\" itemprop=\"http:\/\/schema.org\/image\" title=\"Turisme-rural-can-faine2\" alt=\"Fain\u00e9 I\" style=\"width: 396px; height: 396px;\" \/> <\/a> <div class=\"tiled-gallery-caption\" itemprop=\"caption description\"> Fain\u00e9 I <\/div> <\/div> <\/div> <div class=\"gallery-group\" style=\"width: 400px; height: 400px;\" data-original-width=\"400\" data-original-height=\"400\" > <div class=\"tiled-gallery-item \" itemprop=\"associatedMedia\" itemscope itemtype=\"http:\/\/schema.org\/ImageObject\"> <a href=\"https:\/\/www.canfaine.com\/es\/turismo-rural\/turisme-rural-can-faine1\/\" border=\"0\" itemprop=\"url\"> <meta itemprop=\"width\" content=\"396\"> <meta itemprop=\"height\" content=\"396\"> <img data-attachment-id=\"1379\" data-orig-file=\"https:\/\/www.canfaine.com\/wp-content\/uploads\/2017\/11\/Turisme-rural-can-faine1.png\" data-orig-size=\"384,295\" data-comments-opened=\"1\" data-image-meta=\"{&quot;aperture&quot;:&quot;0&quot;,&quot;credit&quot;:&quot;&quot;,&quot;camera&quot;:&quot;&quot;,&quot;caption&quot;:&quot;&quot;,&quot;created_timestamp&quot;:&quot;0&quot;,&quot;copyright&quot;:&quot;&quot;,&quot;focal_length&quot;:&quot;0&quot;,&quot;iso&quot;:&quot;0&quot;,&quot;shutter_speed&quot;:&quot;0&quot;,&quot;title&quot;:&quot;&quot;,&quot;orientation&quot;:&quot;0&quot;}\" data-image-title=\"Turisme-rural-can-faine1\" data-image-description=\"\" data-medium-file=\"https:\/\/www.canfaine.com\/wp-content\/uploads\/2017\/11\/Turisme-rural-can-faine1-300x230.png\" data-large-file=\"https:\/\/www.canfaine.com\/wp-content\/uploads\/2017\/11\/Turisme-rural-can-faine1.png\" src=\"https:\/\/i0.wp.com\/www.canfaine.com\/wp-content\/uploads\/2017\/11\/Turisme-rural-can-faine1.png?w=396&#038;h=396&#038;crop=1&#038;ssl=1\" width=\"396\" height=\"396\" data-original-width=\"396\" data-original-height=\"396\" itemprop=\"http:\/\/schema.org\/image\" title=\"Turisme-rural-can-faine1\" alt=\"Fain\u00e9 I\" style=\"width: 396px; height: 396px;\" \/> <\/a> <div class=\"tiled-gallery-caption\" itemprop=\"caption description\"> Fain\u00e9 I <\/div> <\/div> <\/div> <\/div> <\/div>\n<p>[\/vc_column_text][\/vc_column][\/vc_row][vc_row][vc_column][vc_btn title=\u00bbTurismo Rural: Fain\u00e9 II\u00bb style=\u00bbgradient-custom\u00bb gradient_custom_color_1=\u00bb#dd9933&#8243; gradient_custom_color_2=\u00bb#bf6b2b\u00bb size=\u00bblg\u00bb link=\u00bburl:https%3A%2F%2Fwww.canfaine.com%2Fes%2Fturismo-rural%2Ffaine-ii%2F|title:Fain%C3%A9%20II||\u00bb][\/vc_column][\/vc_row]<\/p>\n","protected":false},"excerpt":{"rendered":"<p>[vc_row][vc_column][vc_custom_heading text=\u00bbTurismo Rural Fain\u00e9 I\u00bb font_container=\u00bbtag:h2|text_align:left|color:%23c08b4d\u00bb google_fonts=\u00bbfont_family:Cinzel%3Aregular%2C700%2C900|font_style:400%20regular%3A400%3Anormal\u00bb][vc_custom_heading text=\u00bbCasa rural con capacidad para entre 6 y 10 personas\u00bb font_container=\u00bbtag:h4|text_align:left\u00bb google_fonts=\u00bbfont_family:Cinzel%3Aregular%2C700%2C900|font_style:400%20regular%3A400%3Anormal\u00bb][\/vc_column][\/vc_row][vc_row][vc_column][vc_column_text]Alojamiento para Turismo Rural al pie de la monta\u00f1a de Montserrat para grupos numerosos, familias grandes y tambi\u00e9n grupos de amigos. Tiene entrada independiente de la mas\u00eda, de forma que se puede entrar y salir con total&hellip;<\/p>\n","protected":false},"author":4,"featured_media":0,"parent":452,"menu_order":0,"comment_status":"closed","ping_status":"closed","template":"","meta":[],"yoast_head":"<!-- This site is optimized with the Yoast SEO plugin v19.13 - https:\/\/yoast.com\/wordpress\/plugins\/seo\/ -->\n<title>Turismo Rural al pie de la monta\u00f1a de Montserrat - Can Fain\u00e9<\/title>\n<meta name=\"description\" content=\"Alojamiento para Turismo Rural al pie de la monta\u00f1a de Montserrat para grupos numerosos, familias grandes y tambi\u00e9n grupos de amigos.\" \/>\n<meta name=\"robots\" content=\"index, follow, max-snippet:-1, max-image-preview:large, max-video-preview:-1\" \/>\n<link rel=\"canonical\" href=\"https:\/\/www.canfaine.com\/es\/turismo-rural\/faine-i\/\" \/>\n<meta property=\"og:locale\" content=\"es_ES\" \/>\n<meta property=\"og:type\" content=\"article\" \/>\n<meta property=\"og:title\" content=\"Turismo Rural al pie de la monta\u00f1a de Montserrat - Can Fain\u00e9\" \/>\n<meta property=\"og:description\" content=\"Alojamiento para Turismo Rural al pie de la monta\u00f1a de Montserrat para grupos numerosos, familias grandes y tambi\u00e9n grupos de amigos.\" \/>\n<meta property=\"og:url\" content=\"https:\/\/www.canfaine.com\/es\/turismo-rural\/faine-i\/\" \/>\n<meta property=\"og:site_name\" content=\"Can Fain\u00e9\" \/>\n<meta property=\"article:publisher\" content=\"https:\/\/www.facebook.com\/Restaurant-Can-Faine-211169275571050\/?ref=br_rs\" \/>\n<meta property=\"article:modified_time\" content=\"2022-10-03T05:36:35+00:00\" \/>\n<meta property=\"og:image\" content=\"https:\/\/i0.wp.com\/www.canfaine.com\/wp-content\/uploads\/2017\/11\/Turisme-rural-can-faine6.png?w=396&#038;h=396&#038;crop=1&#038;ssl=1\" \/>\n<meta name=\"twitter:card\" content=\"summary_large_image\" \/>\n<meta name=\"twitter:label1\" content=\"Tiempo de lectura\" \/>\n\t<meta name=\"twitter:data1\" content=\"1 minuto\" \/>\n<script type=\"application\/ld+json\" class=\"yoast-schema-graph\">{\"@context\":\"https:\/\/schema.org\",\"@graph\":[{\"@type\":\"WebPage\",\"@id\":\"https:\/\/www.canfaine.com\/es\/turismo-rural\/faine-i\/\",\"url\":\"https:\/\/www.canfaine.com\/es\/turismo-rural\/faine-i\/\",\"name\":\"Turismo Rural al pie de la monta\u00f1a de Montserrat - Can Fain\u00e9\",\"isPartOf\":{\"@id\":\"https:\/\/www.canfaine.com\/es\/#website\"},\"datePublished\":\"2021-09-17T18:09:42+00:00\",\"dateModified\":\"2022-10-03T05:36:35+00:00\",\"description\":\"Alojamiento para Turismo Rural al pie de la monta\u00f1a de Montserrat para grupos numerosos, familias grandes y tambi\u00e9n grupos de amigos.\",\"breadcrumb\":{\"@id\":\"https:\/\/www.canfaine.com\/es\/turismo-rural\/faine-i\/#breadcrumb\"},\"inLanguage\":\"es\",\"potentialAction\":[{\"@type\":\"ReadAction\",\"target\":[\"https:\/\/www.canfaine.com\/es\/turismo-rural\/faine-i\/\"]}]},{\"@type\":\"BreadcrumbList\",\"@id\":\"https:\/\/www.canfaine.com\/es\/turismo-rural\/faine-i\/#breadcrumb\",\"itemListElement\":[{\"@type\":\"ListItem\",\"position\":1,\"name\":\"Portada\",\"item\":\"https:\/\/www.canfaine.com\/es\/\"},{\"@type\":\"ListItem\",\"position\":2,\"name\":\"Turismo Rural\",\"item\":\"https:\/\/www.canfaine.com\/es\/turismo-rural\/\"},{\"@type\":\"ListItem\",\"position\":3,\"name\":\"Turismo rural Fain\u00e9 I\"}]},{\"@type\":\"WebSite\",\"@id\":\"https:\/\/www.canfaine.com\/es\/#website\",\"url\":\"https:\/\/www.canfaine.com\/es\/\",\"name\":\"Can Fain\u00e9\",\"description\":\"Turisme Rural i Restaurant\",\"publisher\":{\"@id\":\"https:\/\/www.canfaine.com\/es\/#organization\"},\"potentialAction\":[{\"@type\":\"SearchAction\",\"target\":{\"@type\":\"EntryPoint\",\"urlTemplate\":\"https:\/\/www.canfaine.com\/es\/?s={search_term_string}\"},\"query-input\":\"required name=search_term_string\"}],\"inLanguage\":\"es\"},{\"@type\":\"Organization\",\"@id\":\"https:\/\/www.canfaine.com\/es\/#organization\",\"name\":\"Cal Fain\u00e9 Boades SL\",\"url\":\"https:\/\/www.canfaine.com\/es\/\",\"logo\":{\"@type\":\"ImageObject\",\"inLanguage\":\"es\",\"@id\":\"https:\/\/www.canfaine.com\/es\/#\/schema\/logo\/image\/\",\"url\":\"https:\/\/canfaine.com\/wp-content\/uploads\/2018\/01\/logo3-1.png\",\"contentUrl\":\"https:\/\/canfaine.com\/wp-content\/uploads\/2018\/01\/logo3-1.png\",\"width\":300,\"height\":198,\"caption\":\"Cal Fain\u00e9 Boades SL\"},\"image\":{\"@id\":\"https:\/\/www.canfaine.com\/es\/#\/schema\/logo\/image\/\"},\"sameAs\":[\"https:\/\/www.facebook.com\/Restaurant-Can-Faine-211169275571050\/?ref=br_rs\"]}]}<\/script>\n<!-- \/ Yoast SEO plugin. -->","yoast_head_json":{"title":"Turismo Rural al pie de la monta\u00f1a de Montserrat - Can Fain\u00e9","description":"Alojamiento para Turismo Rural al pie de la monta\u00f1a de Montserrat para grupos numerosos, familias grandes y tambi\u00e9n grupos de amigos.","robots":{"index":"index","follow":"follow","max-snippet":"max-snippet:-1","max-image-preview":"max-image-preview:large","max-video-preview":"max-video-preview:-1"},"canonical":"https:\/\/www.canfaine.com\/es\/turismo-rural\/faine-i\/","og_locale":"es_ES","og_type":"article","og_title":"Turismo Rural al pie de la monta\u00f1a de Montserrat - Can Fain\u00e9","og_description":"Alojamiento para Turismo Rural al pie de la monta\u00f1a de Montserrat para grupos numerosos, familias grandes y tambi\u00e9n grupos de amigos.","og_url":"https:\/\/www.canfaine.com\/es\/turismo-rural\/faine-i\/","og_site_name":"Can Fain\u00e9","article_publisher":"https:\/\/www.facebook.com\/Restaurant-Can-Faine-211169275571050\/?ref=br_rs","article_modified_time":"2022-10-03T05:36:35+00:00","og_image":[{"url":"https:\/\/i0.wp.com\/www.canfaine.com\/wp-content\/uploads\/2017\/11\/Turisme-rural-can-faine6.png?w=396&#038;h=396&#038;crop=1&#038;ssl=1"}],"twitter_card":"summary_large_image","twitter_misc":{"Tiempo de lectura":"1 minuto"},"schema":{"@context":"https:\/\/schema.org","@graph":[{"@type":"WebPage","@id":"https:\/\/www.canfaine.com\/es\/turismo-rural\/faine-i\/","url":"https:\/\/www.canfaine.com\/es\/turismo-rural\/faine-i\/","name":"Turismo Rural al pie de la monta\u00f1a de Montserrat - Can Fain\u00e9","isPartOf":{"@id":"https:\/\/www.canfaine.com\/es\/#website"},"datePublished":"2021-09-17T18:09:42+00:00","dateModified":"2022-10-03T05:36:35+00:00","description":"Alojamiento para Turismo Rural al pie de la monta\u00f1a de Montserrat para grupos numerosos, familias grandes y tambi\u00e9n grupos de amigos.","breadcrumb":{"@id":"https:\/\/www.canfaine.com\/es\/turismo-rural\/faine-i\/#breadcrumb"},"inLanguage":"es","potentialAction":[{"@type":"ReadAction","target":["https:\/\/www.canfaine.com\/es\/turismo-rural\/faine-i\/"]}]},{"@type":"BreadcrumbList","@id":"https:\/\/www.canfaine.com\/es\/turismo-rural\/faine-i\/#breadcrumb","itemListElement":[{"@type":"ListItem","position":1,"name":"Portada","item":"https:\/\/www.canfaine.com\/es\/"},{"@type":"ListItem","position":2,"name":"Turismo Rural","item":"https:\/\/www.canfaine.com\/es\/turismo-rural\/"},{"@type":"ListItem","position":3,"name":"Turismo rural Fain\u00e9 I"}]},{"@type":"WebSite","@id":"https:\/\/www.canfaine.com\/es\/#website","url":"https:\/\/www.canfaine.com\/es\/","name":"Can Fain\u00e9","description":"Turisme Rural i Restaurant","publisher":{"@id":"https:\/\/www.canfaine.com\/es\/#organization"},"potentialAction":[{"@type":"SearchAction","target":{"@type":"EntryPoint","urlTemplate":"https:\/\/www.canfaine.com\/es\/?s={search_term_string}"},"query-input":"required name=search_term_string"}],"inLanguage":"es"},{"@type":"Organization","@id":"https:\/\/www.canfaine.com\/es\/#organization","name":"Cal Fain\u00e9 Boades SL","url":"https:\/\/www.canfaine.com\/es\/","logo":{"@type":"ImageObject","inLanguage":"es","@id":"https:\/\/www.canfaine.com\/es\/#\/schema\/logo\/image\/","url":"https:\/\/canfaine.com\/wp-content\/uploads\/2018\/01\/logo3-1.png","contentUrl":"https:\/\/canfaine.com\/wp-content\/uploads\/2018\/01\/logo3-1.png","width":300,"height":198,"caption":"Cal Fain\u00e9 Boades SL"},"image":{"@id":"https:\/\/www.canfaine.com\/es\/#\/schema\/logo\/image\/"},"sameAs":["https:\/\/www.facebook.com\/Restaurant-Can-Faine-211169275571050\/?ref=br_rs"]}]}},"jetpack_sharing_enabled":true,"jetpack_shortlink":"https:\/\/wp.me\/PdqzQQ-nJ","jetpack-related-posts":[{"id":1477,"url":"https:\/\/www.canfaine.com\/es\/turismo-rural\/faine-ii\/","url_meta":{"origin":1471,"position":0},"title":"Turismo rural Fain\u00e9 II","date":"17\/09\/2021","format":false,"excerpt":"[vc_row][vc_column][vc_custom_heading text=\"Turism0 Rural Fain\u00e9 II\" font_container=\"tag:h2|text_align:left|color:%23c08b4d\" google_fonts=\"font_family:Cinzel%3Aregular%2C700%2C900|font_style:400%20regular%3A400%3Anormal\"][vc_custom_heading text=\"Casa rural para entre 6 y 10 personas\" font_container=\"tag:h4|text_align:left\" google_fonts=\"font_family:Cinzel%3Aregular%2C700%2C900|font_style:400%20regular%3A400%3Anormal\"][\/vc_column][\/vc_row][vc_row][vc_column][vc_column_text]Alojamiento de turismo rural en el Bages que dispone de tres habitaciones, una sala de estar con sof\u00e1 y TV, un comedor-cocina americana y dos ba\u00f1os, permitiendo un alojamiento c\u00f3modo que complementa de las\u2026","rel":"","context":"Entrada similar","img":{"alt_text":"","src":"https:\/\/i0.wp.com\/www.canfaine.com\/wp-content\/uploads\/2017\/11\/Turisme-rural-can-faine1-1.png?resize=350%2C200","width":350,"height":200},"classes":[]},{"id":1238,"url":"https:\/\/www.canfaine.com\/es\/inicial-ok\/","url_meta":{"origin":1471,"position":1},"title":"inicio-vella","date":"03\/06\/2021","format":false,"excerpt":"[vc_row][vc_column][vc_custom_heading text=\"Can Fain\u00e9 - Restaurante y agroturismo\" font_container=\"tag:h2|text_align:left|color:%2320ccc6\" google_fonts=\"font_family:Cinzel%3Aregular%2C700%2C900|font_style:400%20regular%3A400%3Anormal\"][\/vc_column][\/vc_row][vc_row][vc_column][vc_column_text]CAN FAIN\u00c9, es un Restaurante y Alojamiento de Turismo Rural ubicado debajo de la monta\u00f1a de Montserrat, que abri\u00f3 sus puertas la primavera del 2003, poniendo a disposici\u00f3n del p\u00fablico una oferta l\u00fadica consistente en bar,\u00a0agroturismo, alojamientos o casas rurales de alquiler\u2026","rel":"","context":"Entrada similar","img":{"alt_text":"","src":"https:\/\/i0.wp.com\/www.canfaine.com\/wp-content\/uploads\/2017\/11\/Turisme-rural-can-faine1-1.png?resize=350%2C200","width":350,"height":200},"classes":[]},{"id":439,"url":"https:\/\/www.canfaine.com\/es\/","url_meta":{"origin":1471,"position":2},"title":"Inicio","date":"14\/05\/2018","format":false,"excerpt":"[vc_row][vc_column][vc_custom_heading text=\"Can Fain\u00e9\" font_container=\"tag:h2|text_align:left|color:%23c08b4d\" google_fonts=\"font_family:Cinzel%3Aregular%2C700%2C900|font_style:400%20regular%3A400%3Anormal\"][\/vc_column][\/vc_row][vc_row][vc_column][vc_column_text]Can Fain\u00e9, restaurante Turismo Rural y barbacoas cerca de Montserrat Manresa Terrassa y Sabadell, en el Bages Can Fain\u00e9 abri\u00f3 sus puertas la primavera del 2003, poniendo a disposici\u00f3n del p\u00fablico una oferta l\u00fadica consistente en bar, agroturismo, alojamientos o casas rurales de alquiler \u00edntegro, que\u2026","rel":"","context":"Entrada similar","img":{"alt_text":"","src":"","width":0,"height":0},"classes":[]},{"id":452,"url":"https:\/\/www.canfaine.com\/es\/turismo-rural\/","url_meta":{"origin":1471,"position":3},"title":"Turismo Rural","date":"14\/05\/2018","format":false,"excerpt":"[vc_row][vc_column][vc_custom_heading text=\"Turismo Rural\" font_container=\"tag:h2|text_align:left|color:%2320ccc6\" google_fonts=\"font_family:Cinzel%3Aregular%2C700%2C900|font_style:400%20regular%3A400%3Anormal\"][\/vc_column][\/vc_row][vc_row][vc_column][vc_custom_heading text=\"Alojamiento des de 6 a +20 personas\" font_container=\"tag:h4|text_align:left|color:%23dd9933\" google_fonts=\"font_family:Cinzel%3Aregular%2C700%2C900|font_style:400%20regular%3A400%3Anormal\"][\/vc_column][\/vc_row][vc_row][vc_column][vc_column_text]En los alojamientos de Turismo rural, ofrecemos estancias de fin de semana, semanas enteras, estancias de larga duraci\u00f3n, y noches espor\u00e1dicas para viajeros y\u00a0paseantes, dirigido a\u00a0familias, grupo de amigos que hagan fiestas o encuentros as\u00ed como para\u2026","rel":"","context":"Entrada similar","img":{"alt_text":"","src":"","width":0,"height":0},"classes":[]},{"id":1689,"url":"https:\/\/www.canfaine.com\/es\/restaurante\/restaurante-para-celebraciones\/","url_meta":{"origin":1471,"position":4},"title":"Restaurante para celebraciones","date":"06\/10\/2021","format":false,"excerpt":"[vc_row][vc_column][vc_custom_heading text=\"Restaurante para celebraciones\" font_container=\"tag:h1|text_align:left|color:%2320ccc6\" google_fonts=\"font_family:Cinzel%3Aregular%2C700%2C900|font_style:400%20regular%3A400%3Anormal\"][\/vc_column][\/vc_row][vc_row][vc_column][vc_custom_heading text=\"Restaurante para celebraciones de cumplea\u00f1os, bautizos, comuniones, despedidas de soltero...\" font_container=\"tag:h2|text_align:center\" google_fonts=\"font_family:Cinzel%3Aregular%2C700%2C900|font_style:400%20regular%3A400%3Anormal\"][vc_column_text]Can Fain\u00e9 es un restaurante para celebraciones, en el que se pueden disfrutar las comidas en fechas se\u00f1aladas durante todo el a\u00f1o. Ya sean las cal\u00e7otades, y xatonades de principio de a\u00f1o, o\u2026","rel":"","context":"Entrada similar","img":{"alt_text":"","src":"","width":0,"height":0},"classes":[]},{"id":484,"url":"https:\/\/www.canfaine.com\/es\/restaurante\/menu\/","url_meta":{"origin":1471,"position":5},"title":"Men\u00fas","date":"14\/05\/2018","format":false,"excerpt":"[vc_row][vc_column][vc_custom_heading text=\"Men\u00fas del Restaurante\" font_container=\"tag:h2|text_align:center|color:%2320ccc6\" google_fonts=\"font_family:Cinzel%3Aregular%2C700%2C900|font_style:400%20regular%3A400%3Anormal\"][\/vc_column][\/vc_row][vc_row][vc_column][vc_column_text] Men\u00fas para celebraciones y eventos familiares o de empresa en el restaurante y turismo rural Can Fain\u00e9; Men\u00fa diario, men\u00fa de fin de semana y otros men\u00fas para fechas especiales: Men\u00fas para la \u00e9poca de Cal\u00e7otades, xatonades, caracoladas, y comidas Familiares y de Hermandad.\u2026","rel":"","context":"Entrada similar","img":{"alt_text":"","src":"","width":0,"height":0},"classes":[]}],"jetpack_likes_enabled":true,"_links":{"self":[{"href":"https:\/\/www.canfaine.com\/es\/wp-json\/wp\/v2\/pages\/1471"}],"collection":[{"href":"https:\/\/www.canfaine.com\/es\/wp-json\/wp\/v2\/pages"}],"about":[{"href":"https:\/\/www.canfaine.com\/es\/wp-json\/wp\/v2\/types\/page"}],"author":[{"embeddable":true,"href":"https:\/\/www.canfaine.com\/es\/wp-json\/wp\/v2\/users\/4"}],"replies":[{"embeddable":true,"href":"https:\/\/www.canfaine.com\/es\/wp-json\/wp\/v2\/comments?post=1471"}],"version-history":[{"count":2,"href":"https:\/\/www.canfaine.com\/es\/wp-json\/wp\/v2\/pages\/1471\/revisions"}],"predecessor-version":[{"id":2614,"href":"https:\/\/www.canfaine.com\/es\/wp-json\/wp\/v2\/pages\/1471\/revisions\/2614"}],"up":[{"embeddable":true,"href":"https:\/\/www.canfaine.com\/es\/wp-json\/wp\/v2\/pages\/452"}],"wp:attachment":[{"href":"https:\/\/www.canfaine.com\/es\/wp-json\/wp\/v2\/media?parent=1471"}],"curies":[{"name":"wp","href":"https:\/\/api.w.org\/{rel}","templated":true}]}}