{"id":1655,"date":"2021-10-06T07:33:33","date_gmt":"2021-10-06T05:33:33","guid":{"rendered":"https:\/\/www.canfaine.com\/?page_id=1655"},"modified":"2022-10-03T07:06:19","modified_gmt":"2022-10-03T05:06:19","slug":"restaurante-con-terraza","status":"publish","type":"page","link":"https:\/\/www.canfaine.com\/es\/restaurante\/restaurante-con-terraza\/","title":{"rendered":"Restaurante con terraza"},"content":{"rendered":"<p>[vc_row][vc_column]<style type=\"text\/css\" data-type=\"the7_shortcodes-inline-css\">.dt-breadcrumbs-id-1 .breadcrumbs {\n  display: inline-block;\n  margin: 0;\n  padding: 2px 10px 2px 10px;\n  border: 0px solid ;\n  border-radius: 0px;\n}\n.dt-breadcrumbs-id-1 .breadcrumbs * {\n  font-style: ;\n  font-weight: ;\n  text-transform: ;\n  color: #a2a5a6;\n}\n<\/style><div class=\"dt-breadcrumbs-shortcode dt-breadcrumbs-id-1 align-left\"><div class=\"assistive-text\">Est\u00e1s aqu\u00ed:<\/div><ol class=\"breadcrumbs text-small\" xmlns:v=\"http:\/\/rdf.data-vocabulary.org\/#\"><li typeof=\"v:Breadcrumb\"><a rel=\"v:url\" property=\"v:title\" href=\"https:\/\/www.canfaine.com\/es\/\/\" title=\"\">Inicio<\/a><\/li><li class=\"current\">P\u00e1gina<\/li><\/ol><\/div>[vc_custom_heading text=\u00bbRestaurante con terraza\u00bb font_container=\u00bbtag:h1|text_align:left|color:%2320ccc6&#8243; google_fonts=\u00bbfont_family:Cinzel%3Aregular%2C700%2C900|font_style:400%20regular%3A400%3Anormal\u00bb][\/vc_column][\/vc_row][vc_row][vc_column][vc_custom_heading text=\u00bbRestaurante con terraza cerca de Montserrat, Manresa, Tarrasa y Sabadell\u00bb font_container=\u00bbtag:h2|text_align:center\u00bb google_fonts=\u00bbfont_family:Cinzel%3Aregular%2C700%2C900|font_style:400%20regular%3A400%3Anormal\u00bb][vc_column_text]Si quiere ir a comer a un restaurante con terraza cerca de Manresa, Montserrat, Sabadell o Terrassa, en Can Fain\u00e9 encontrar\u00e1 un ambiente ideal para comer al aire libre.<\/p>\n<p>Can Fain\u00e9 es un restaurante con terraza. La terraza de Can Fain\u00e9 aporta un importante valor a\u00f1adido al restaurante. Puesto que en realidad no se trata de s\u00f3lo una terraza en la que comen todos los comensales. Sino que, alrededor del restaurante se pueden encontrar varios espacios en los que se reparten los grupos. Esta distribuci\u00f3n nos permite ofrecer un ambiente m\u00e1s exclusivo y privado, y por lo tanto de m\u00e1s confianza, en las comidas de cada una de los grupos que nos visitan.[\/vc_column_text][\/vc_column][\/vc_row][vc_row][vc_column width=\u00bb1\/3&#8243;]<div class=\"shortcode-single-image-wrap alignleft \" style=\"margin-top:0px; margin-bottom:0px; margin-left:0px; margin-right:0px; width:270px;\"><div class=\"shortcode-single-image\"><div class=\"fancy-media-wrap layzr-bg\" style=\"\"><img class=\"lazy-load preload-me\" src=\"data:image\/svg+xml;charset=utf-8,%3Csvg xmlns%3D'http%3A%2F%2Fwww.w3.org%2F2000%2Fsvg' viewBox%3D'0 0 270 151'%2F%3E\" data-src=\"https:\/\/www.canfaine.com\/wp-content\/uploads\/2021\/07\/pergola-10-270x151.jpg\" data-srcset=\"https:\/\/www.canfaine.com\/wp-content\/uploads\/2021\/07\/pergola-10-270x151.jpg 270w, https:\/\/www.canfaine.com\/wp-content\/uploads\/2021\/07\/pergola-10-540x302.jpg 540w\" width=\"270\" height=\"151\"  style=\"\" alt=\"P\u00e9rgola con mesas y sillas para comer y cenar al aire libre\" \/><\/div><\/div><\/div>[\/vc_column][vc_column width=\u00bb1\/3&#8243;]<div class=\"shortcode-single-image-wrap alignleft \" style=\"margin-top:0px; margin-bottom:0px; margin-left:0px; margin-right:0px; width:270px;\"><div class=\"shortcode-single-image\"><div class=\"fancy-media-wrap layzr-bg\" style=\"\"><img class=\"lazy-load preload-me\" src=\"data:image\/svg+xml;charset=utf-8,%3Csvg xmlns%3D'http%3A%2F%2Fwww.w3.org%2F2000%2Fsvg' viewBox%3D'0 0 270 151'%2F%3E\" data-src=\"https:\/\/www.canfaine.com\/wp-content\/uploads\/2021\/07\/taules-02-270x151.jpg\" data-srcset=\"https:\/\/www.canfaine.com\/wp-content\/uploads\/2021\/07\/taules-02-270x151.jpg 270w, https:\/\/www.canfaine.com\/wp-content\/uploads\/2021\/07\/taules-02-540x302.jpg 540w\" width=\"270\" height=\"151\"  style=\"\" alt=\"Mesas del restaurante con terraza para comer y cenar en el exterior\" \/><\/div><\/div><\/div>[\/vc_column][vc_column width=\u00bb1\/3&#8243;]<div class=\"shortcode-single-image-wrap alignleft \" style=\"margin-top:0px; margin-bottom:0px; margin-left:0px; margin-right:0px; width:270px;\"><div class=\"shortcode-single-image\"><div class=\"fancy-media-wrap layzr-bg\" style=\"\"><img class=\"lazy-load preload-me\" src=\"data:image\/svg+xml;charset=utf-8,%3Csvg xmlns%3D'http%3A%2F%2Fwww.w3.org%2F2000%2Fsvg' viewBox%3D'0 0 270 151'%2F%3E\" data-src=\"https:\/\/www.canfaine.com\/wp-content\/uploads\/2021\/07\/taula-2-270x151.jpg\" data-srcset=\"https:\/\/www.canfaine.com\/wp-content\/uploads\/2021\/07\/taula-2-270x151.jpg 270w, https:\/\/www.canfaine.com\/wp-content\/uploads\/2021\/07\/taula-2-540x302.jpg 540w\" width=\"270\" height=\"151\"  style=\"\" alt=\"Mesa para dos\" \/><\/div><\/div><\/div>[\/vc_column][\/vc_row][vc_row][vc_column][vc_empty_space][\/vc_column][\/vc_row][vc_row][vc_column][vc_custom_heading text=\u00bbVarias terrazas, con el espacio adecuado al n\u00famero de comensales\u00bb font_container=\u00bbtag:h2|text_align:center\u00bb google_fonts=\u00bbfont_family:Cinzel%3Aregular%2C700%2C900|font_style:400%20regular%3A400%3Anormal\u00bb][vc_column_text]A pesar de hablar de restaurante con terraza, adem\u00e1s de la terraza principal, el restaurante dispone de varios espacios alrededor de la mas\u00eda, que tienen varias capacidades. Desde mesas para 2 o 4 personas, hasta terraza para 30 comensales. Esta variedad de espacios nos permite encontrar el entorno m\u00e1s apropiado para la celebraci\u00f3n, banquete, comida o cena que tengan en mente los organizadores.<\/p>\n<p>La distribuci\u00f3n de los elementos estructurales, adem\u00e1s, permite que los diferentes grupos de comensales puedan disfrutar de las ventajas de comer en el exterior, pero sin los inconvenientes climatol\u00f3gicos m\u00e1s habituales. Ya que adem\u00e1s de las sombrillas, para proteger del sol, al rededor de la casa tambi\u00e9n hay peque\u00f1os muros ajardinados, que junto a la propia mas\u00eda, adem\u00e1s de evitar que el ruido de unos grupos moleste excesivamente a otros. Y al mismo tiempo impide que se produzcan excesivas corrientes de aire.<\/p>\n<p>[\/vc_column_text]\t\t<div class=\"wvt-panorama-wrapper\">\n\t\t\t<style id=\"wvt_2561_1-panorama-css\">\n\t\t\t\t#wvt_2561_1 { padding-bottom: 50%; }\n@media only screen and (max-width:768px) { \n\t\t\t\t\t#wvt_2561_1 { padding-bottom: 75%; } \n\t\t\t\t}\n@media only screen and (max-width:600px) { \n\t\t\t\t\t#wvt_2561_1 { padding-bottom: 100%; } \n\t\t\t\t}\n\t\t\t\t\t\t\t<\/style>\n\t\t\t<div id=\"wvt_2561_1\" data-id=\"2561\"\n\t\t\t\t data-sequence=\"1\" class=\"wvt-panorama\">\n\t\t\t\t<div class=\"wvt-panorama-content\"><\/div>\n\t\t\t<\/div>\n\t\t\t<script>\n\t\t\t\twindow.wvtf['wvt_2561_1'] = {\"post_id\":2561,\"option\":{\"option\":{\"title\":\"Terrassa\",\"type\":\"equirectangular\",\"equirectangular\":{\"id\":\"2337\",\"src\":\"https:\\\/\\\/www.canfaine.com\\\/wp-content\\\/uploads\\\/2022\\\/09\\\/terrassa-can-faine.jpg\"},\"equirectangular_fallback\":{\"id\":\"2335\",\"src\":\"https:\\\/\\\/www.canfaine.com\\\/wp-content\\\/uploads\\\/2022\\\/09\\\/terrassa-can-faine-960.jpg\"},\"equirectangular_external\":\"0\",\"cubemap\":{\"back\":\"\",\"bottom\":\"\",\"front\":\"\",\"left\":\"\",\"right\":\"\",\"top\":\"\"},\"coordinate\":{\"pitch\":\"-16.767491232432377\",\"yaw\":\"76.54553772856893\",\"hfov\":\"100\"},\"height\":{\"desktop\":\"50\",\"tablet\":\"75\",\"mobile\":\"100\"},\"autorotate\":\"0\",\"autorotate_speed\":\"2\",\"autorotate_direction\":\"clockwise\",\"compass\":\"0\",\"north\":\"0\",\"zoom\":\"1\",\"fullscreen\":\"1\",\"orientation\":\"0\",\"spotlist\":\"1\",\"enable_map\":\"1\",\"mapdimension\":\"25\",\"toolbar_scheme\":\"default\",\"mapid\":\"2535\"},\"hotspot\":[],\"tour\":[{\"key\":\"wvt-tour-key-qbpth\",\"title\":\"Barbacoes\",\"spot\":\"2559\",\"shape\":\"circle\",\"badge\":\"1\",\"bgcolor\":\"#ffffff\",\"width\":\"32\",\"icontype\":\"icon\",\"icon\":\"fa-arrow-circle-left\",\"iconcolor\":\"#000000\",\"iconsize\":\"40\",\"iconimage\":\"\",\"coordinate\":{\"pitch\":\"-5.827324656768923\",\"yaw\":\"-120.99419724420372\",\"hfov\":\"100\"},\"hover\":\"short\",\"hovertext\":\"Barbacoa\",\"hovertheme\":\"default\",\"hoverposition\":\"auto\",\"hoverminwidth\":\"50\",\"hovermaxwidth\":\"300\",\"hovercontent\":\"\"},{\"key\":\"wvt-tour-key-ogbmy\",\"title\":\"Tour Title\",\"spot\":\"2562\",\"shape\":\"circle\",\"badge\":\"1\",\"bgcolor\":\"#ffffff\",\"width\":\"32\",\"icontype\":\"icon\",\"icon\":\"fa-arrow-circle-up\",\"iconcolor\":\"#000000\",\"iconsize\":\"40\",\"iconimage\":\"\",\"coordinate\":{\"pitch\":\"-11.630484336865955\",\"yaw\":\"39.58156292785388\",\"hfov\":\"100\"},\"hover\":\"short\",\"hovertext\":\"Acc\\u00e9s als menjadors privats\",\"hovertheme\":\"default\",\"hoverposition\":\"auto\",\"hoverminwidth\":\"50\",\"hovermaxwidth\":\"300\",\"hovercontent\":\"\"},{\"key\":\"wvt-tour-key-yfuap\",\"title\":\"Menjador de la cafeteria\",\"spot\":\"2569\",\"shape\":\"circle\",\"badge\":\"1\",\"bgcolor\":\"#ffffff\",\"width\":\"32\",\"icontype\":\"icon\",\"icon\":\"fa-arrow-circle-right\",\"iconcolor\":\"#000000\",\"iconsize\":\"40\",\"iconimage\":\"\",\"coordinate\":{\"pitch\":\"1.3266167124565378\",\"yaw\":\"-99.74679320792889\",\"hfov\":\"100\"},\"hover\":\"short\",\"hovertext\":\"Menjador de la cafeteria\",\"hovertheme\":\"default\",\"hoverposition\":\"auto\",\"hoverminwidth\":\"50\",\"hovermaxwidth\":\"300\",\"hovercontent\":\"\"}],\"global\":{\"context\":\"Can Fain\\u00e9 Turisme rural i restaurant\",\"context_url\":\"https:\\\/\\\/www.canfaine.com\",\"load_image\":\"\",\"load_scene\":\"ball-pulse\",\"edit\":\"1\"}}};\n\t\t\t<\/script>\n\t\t<\/div>\n\t\t[vc_empty_space][\/vc_column][\/vc_row][vc_row][vc_column][vc_custom_heading text=\u00bbRestaurante con terraza con men\u00fa diario y de fin de semana\u00bb font_container=\u00bbtag:h2|text_align:center\u00bb google_fonts=\u00bbfont_family:Cinzel%3Aregular%2C700%2C900|font_style:400%20regular%3A400%3Anormal\u00bb][vc_column_text]En cuanto a lo que se puede comer en el restaurante, entre semana tenemos la carta y el <a href=\"https:\/\/www.canfaine.com\/es\/restaurante\/menu\/diario\/\">men\u00fa diario<\/a>. Durante los fines de semana tambi\u00e9n tenemos un <a href=\"https:\/\/www.canfaine.com\/es\/restaurante\/menu\/fin-de-semana\/\">men\u00fa especial de fin de semana<\/a>. El men\u00fa de fin de semana consiste en dos mini cartas, y si se trata de un grupo, os podemos ofrecer los men\u00fas para grupos.[\/vc_column_text][\/vc_column][\/vc_row][vc_row][vc_column][vc_custom_heading text=\u00bbRestaurante con terraza para celebraciones\u00bb font_container=\u00bbtag:h2|text_align:center\u00bb google_fonts=\u00bbfont_family:Cinzel%3Aregular%2C700%2C900|font_style:400%20regular%3A400%3Anormal\u00bb][vc_column_text]En caso de venir para celebrar <a href=\"https:\/\/www.canfaine.com\/es\/restaurante\/menu\/caracoladas\/\">caracoladas<\/a>, <a href=\"https:\/\/www.canfaine.com\/es\/restaurante\/menu\/xatonada\/\">chatonadas<\/a> o <a href=\"https:\/\/www.canfaine.com\/es\/restaurante\/menu\/calcotada\/\">cal\u00e7otades<\/a>, Can Fain\u00e9 es un restaurante con terraza que adem\u00e1s ofrece los men\u00fas correspondientes a cada tipo de celebraci\u00f3n.<\/p>\n<p>Can Fain\u00e9 es un restaurante con terraza que se encuentra en <a href=\"https:\/\/www.svc.cat\/\" target=\"_blank\" rel=\"noopener\">Sant Vicen\u00e7 de Castellet<\/a>, en el Bages. Muy cerca de la <a href=\"https:\/\/es.wikipedia.org\/wiki\/Macizo_de_Montserrat\" target=\"_blank\" rel=\"noopener\">monta\u00f1a de Montserrat<\/a>, Manresa, Terrassa y Sabadell. Para reservar mesa, s\u00f3lo hay que llamarnos, o completar el formulario de contacto.[\/vc_column_text][\/vc_column][\/vc_row]<\/p>\n","protected":false},"excerpt":{"rendered":"<p>[vc_row][vc_column][vc_custom_heading text=\u00bbRestaurante con terraza\u00bb font_container=\u00bbtag:h1|text_align:left|color:%2320ccc6&#8243; google_fonts=\u00bbfont_family:Cinzel%3Aregular%2C700%2C900|font_style:400%20regular%3A400%3Anormal\u00bb][\/vc_column][\/vc_row][vc_row][vc_column][vc_custom_heading text=\u00bbRestaurante con terraza cerca de Montserrat, Manresa, Tarrasa y Sabadell\u00bb font_container=\u00bbtag:h2|text_align:center\u00bb google_fonts=\u00bbfont_family:Cinzel%3Aregular%2C700%2C900|font_style:400%20regular%3A400%3Anormal\u00bb][vc_column_text]Si quiere ir a comer a un restaurante con terraza cerca de Manresa, Montserrat, Sabadell o Terrassa, en Can Fain\u00e9 encontrar\u00e1 un ambiente ideal para comer al aire libre. Can Fain\u00e9 es un restaurante con terraza. La terraza&hellip;<\/p>\n","protected":false},"author":4,"featured_media":0,"parent":477,"menu_order":0,"comment_status":"closed","ping_status":"closed","template":"","meta":[],"yoast_head":"<!-- This site is optimized with the Yoast SEO plugin v19.13 - https:\/\/yoast.com\/wordpress\/plugins\/seo\/ -->\n<title>Restaurante con terraza - Can Fain\u00e9<\/title>\n<meta name=\"description\" content=\"Restaurante con terraza cerca de Manresa, Montserrat, Sabadell o Tarrasa, en Can Fain\u00e9 encontrar\u00e1 un ambiente ideal para comer al aire libre\" \/>\n<meta name=\"robots\" content=\"index, follow, max-snippet:-1, max-image-preview:large, max-video-preview:-1\" \/>\n<link rel=\"canonical\" href=\"https:\/\/www.canfaine.com\/es\/restaurante\/restaurante-con-terraza\/\" \/>\n<meta property=\"og:locale\" content=\"es_ES\" \/>\n<meta property=\"og:type\" content=\"article\" \/>\n<meta property=\"og:title\" content=\"Restaurante con terraza - Can Fain\u00e9\" \/>\n<meta property=\"og:description\" content=\"Restaurante con terraza cerca de Manresa, Montserrat, Sabadell o Tarrasa, en Can Fain\u00e9 encontrar\u00e1 un ambiente ideal para comer al aire libre\" \/>\n<meta property=\"og:url\" content=\"https:\/\/www.canfaine.com\/es\/restaurante\/restaurante-con-terraza\/\" \/>\n<meta property=\"og:site_name\" content=\"Can Fain\u00e9\" \/>\n<meta property=\"article:publisher\" content=\"https:\/\/www.facebook.com\/Restaurant-Can-Faine-211169275571050\/?ref=br_rs\" \/>\n<meta property=\"article:modified_time\" content=\"2022-10-03T05:06:19+00:00\" \/>\n<meta name=\"twitter:card\" content=\"summary_large_image\" \/>\n<meta name=\"twitter:label1\" content=\"Tiempo de lectura\" \/>\n\t<meta name=\"twitter:data1\" content=\"2 minutos\" \/>\n<script type=\"application\/ld+json\" class=\"yoast-schema-graph\">{\"@context\":\"https:\/\/schema.org\",\"@graph\":[{\"@type\":\"WebPage\",\"@id\":\"https:\/\/www.canfaine.com\/es\/restaurante\/restaurante-con-terraza\/\",\"url\":\"https:\/\/www.canfaine.com\/es\/restaurante\/restaurante-con-terraza\/\",\"name\":\"Restaurante con terraza - Can Fain\u00e9\",\"isPartOf\":{\"@id\":\"https:\/\/www.canfaine.com\/es\/#website\"},\"datePublished\":\"2021-10-06T05:33:33+00:00\",\"dateModified\":\"2022-10-03T05:06:19+00:00\",\"description\":\"Restaurante con terraza cerca de Manresa, Montserrat, Sabadell o Tarrasa, en Can Fain\u00e9 encontrar\u00e1 un ambiente ideal para comer al aire libre\",\"breadcrumb\":{\"@id\":\"https:\/\/www.canfaine.com\/es\/restaurante\/restaurante-con-terraza\/#breadcrumb\"},\"inLanguage\":\"es\",\"potentialAction\":[{\"@type\":\"ReadAction\",\"target\":[\"https:\/\/www.canfaine.com\/es\/restaurante\/restaurante-con-terraza\/\"]}]},{\"@type\":\"BreadcrumbList\",\"@id\":\"https:\/\/www.canfaine.com\/es\/restaurante\/restaurante-con-terraza\/#breadcrumb\",\"itemListElement\":[{\"@type\":\"ListItem\",\"position\":1,\"name\":\"Portada\",\"item\":\"https:\/\/www.canfaine.com\/es\/\"},{\"@type\":\"ListItem\",\"position\":2,\"name\":\"Restaurante\",\"item\":\"https:\/\/www.canfaine.com\/es\/restaurante\/\"},{\"@type\":\"ListItem\",\"position\":3,\"name\":\"Restaurante con terraza\"}]},{\"@type\":\"WebSite\",\"@id\":\"https:\/\/www.canfaine.com\/es\/#website\",\"url\":\"https:\/\/www.canfaine.com\/es\/\",\"name\":\"Can Fain\u00e9\",\"description\":\"Turisme Rural i Restaurant\",\"publisher\":{\"@id\":\"https:\/\/www.canfaine.com\/es\/#organization\"},\"potentialAction\":[{\"@type\":\"SearchAction\",\"target\":{\"@type\":\"EntryPoint\",\"urlTemplate\":\"https:\/\/www.canfaine.com\/es\/?s={search_term_string}\"},\"query-input\":\"required name=search_term_string\"}],\"inLanguage\":\"es\"},{\"@type\":\"Organization\",\"@id\":\"https:\/\/www.canfaine.com\/es\/#organization\",\"name\":\"Cal Fain\u00e9 Boades SL\",\"url\":\"https:\/\/www.canfaine.com\/es\/\",\"logo\":{\"@type\":\"ImageObject\",\"inLanguage\":\"es\",\"@id\":\"https:\/\/www.canfaine.com\/es\/#\/schema\/logo\/image\/\",\"url\":\"https:\/\/canfaine.com\/wp-content\/uploads\/2018\/01\/logo3-1.png\",\"contentUrl\":\"https:\/\/canfaine.com\/wp-content\/uploads\/2018\/01\/logo3-1.png\",\"width\":300,\"height\":198,\"caption\":\"Cal Fain\u00e9 Boades SL\"},\"image\":{\"@id\":\"https:\/\/www.canfaine.com\/es\/#\/schema\/logo\/image\/\"},\"sameAs\":[\"https:\/\/www.facebook.com\/Restaurant-Can-Faine-211169275571050\/?ref=br_rs\"]}]}<\/script>\n<!-- \/ Yoast SEO plugin. -->","yoast_head_json":{"title":"Restaurante con terraza - Can Fain\u00e9","description":"Restaurante con terraza cerca de Manresa, Montserrat, Sabadell o Tarrasa, en Can Fain\u00e9 encontrar\u00e1 un ambiente ideal para comer al aire libre","robots":{"index":"index","follow":"follow","max-snippet":"max-snippet:-1","max-image-preview":"max-image-preview:large","max-video-preview":"max-video-preview:-1"},"canonical":"https:\/\/www.canfaine.com\/es\/restaurante\/restaurante-con-terraza\/","og_locale":"es_ES","og_type":"article","og_title":"Restaurante con terraza - Can Fain\u00e9","og_description":"Restaurante con terraza cerca de Manresa, Montserrat, Sabadell o Tarrasa, en Can Fain\u00e9 encontrar\u00e1 un ambiente ideal para comer al aire libre","og_url":"https:\/\/www.canfaine.com\/es\/restaurante\/restaurante-con-terraza\/","og_site_name":"Can Fain\u00e9","article_publisher":"https:\/\/www.facebook.com\/Restaurant-Can-Faine-211169275571050\/?ref=br_rs","article_modified_time":"2022-10-03T05:06:19+00:00","twitter_card":"summary_large_image","twitter_misc":{"Tiempo de lectura":"2 minutos"},"schema":{"@context":"https:\/\/schema.org","@graph":[{"@type":"WebPage","@id":"https:\/\/www.canfaine.com\/es\/restaurante\/restaurante-con-terraza\/","url":"https:\/\/www.canfaine.com\/es\/restaurante\/restaurante-con-terraza\/","name":"Restaurante con terraza - Can Fain\u00e9","isPartOf":{"@id":"https:\/\/www.canfaine.com\/es\/#website"},"datePublished":"2021-10-06T05:33:33+00:00","dateModified":"2022-10-03T05:06:19+00:00","description":"Restaurante con terraza cerca de Manresa, Montserrat, Sabadell o Tarrasa, en Can Fain\u00e9 encontrar\u00e1 un ambiente ideal para comer al aire libre","breadcrumb":{"@id":"https:\/\/www.canfaine.com\/es\/restaurante\/restaurante-con-terraza\/#breadcrumb"},"inLanguage":"es","potentialAction":[{"@type":"ReadAction","target":["https:\/\/www.canfaine.com\/es\/restaurante\/restaurante-con-terraza\/"]}]},{"@type":"BreadcrumbList","@id":"https:\/\/www.canfaine.com\/es\/restaurante\/restaurante-con-terraza\/#breadcrumb","itemListElement":[{"@type":"ListItem","position":1,"name":"Portada","item":"https:\/\/www.canfaine.com\/es\/"},{"@type":"ListItem","position":2,"name":"Restaurante","item":"https:\/\/www.canfaine.com\/es\/restaurante\/"},{"@type":"ListItem","position":3,"name":"Restaurante con terraza"}]},{"@type":"WebSite","@id":"https:\/\/www.canfaine.com\/es\/#website","url":"https:\/\/www.canfaine.com\/es\/","name":"Can Fain\u00e9","description":"Turisme Rural i Restaurant","publisher":{"@id":"https:\/\/www.canfaine.com\/es\/#organization"},"potentialAction":[{"@type":"SearchAction","target":{"@type":"EntryPoint","urlTemplate":"https:\/\/www.canfaine.com\/es\/?s={search_term_string}"},"query-input":"required name=search_term_string"}],"inLanguage":"es"},{"@type":"Organization","@id":"https:\/\/www.canfaine.com\/es\/#organization","name":"Cal Fain\u00e9 Boades SL","url":"https:\/\/www.canfaine.com\/es\/","logo":{"@type":"ImageObject","inLanguage":"es","@id":"https:\/\/www.canfaine.com\/es\/#\/schema\/logo\/image\/","url":"https:\/\/canfaine.com\/wp-content\/uploads\/2018\/01\/logo3-1.png","contentUrl":"https:\/\/canfaine.com\/wp-content\/uploads\/2018\/01\/logo3-1.png","width":300,"height":198,"caption":"Cal Fain\u00e9 Boades SL"},"image":{"@id":"https:\/\/www.canfaine.com\/es\/#\/schema\/logo\/image\/"},"sameAs":["https:\/\/www.facebook.com\/Restaurant-Can-Faine-211169275571050\/?ref=br_rs"]}]}},"jetpack_sharing_enabled":true,"jetpack_shortlink":"https:\/\/wp.me\/PdqzQQ-qH","jetpack-related-posts":[{"id":1410,"url":"https:\/\/www.canfaine.com\/es\/restaurante\/carta\/","url_meta":{"origin":1655,"position":0},"title":"Carta","date":"16\/09\/2021","format":false,"excerpt":"[vc_row][vc_column][vc_custom_heading text=\"Carta\" font_container=\"tag:h2|text_align:center|color:%23c08b4d\" google_fonts=\"font_family:Cinzel%3Aregular%2C700%2C900|font_style:400%20regular%3A400%3Anormal\"][\/vc_column][vc_column][vc_column_text] Si est\u00e1s buscando un restaurante para comer a la carta en el Bages, cerca de la monta\u00f1a de Montserrat, Sabadell, Terrassa o Manresa. Y rodeado de naturaleza. Descubre Can Fain\u00e9. Ven al Restaurante Can Fain\u00e9, y disfruta de nuestra carta de platos elaborados con ingredientes naturales,\u2026","rel":"","context":"Entrada similar","img":{"alt_text":"","src":"","width":0,"height":0},"classes":[]},{"id":439,"url":"https:\/\/www.canfaine.com\/es\/","url_meta":{"origin":1655,"position":1},"title":"Inicio","date":"14\/05\/2018","format":false,"excerpt":"[vc_row][vc_column][vc_custom_heading text=\"Can Fain\u00e9\" font_container=\"tag:h2|text_align:left|color:%23c08b4d\" google_fonts=\"font_family:Cinzel%3Aregular%2C700%2C900|font_style:400%20regular%3A400%3Anormal\"][\/vc_column][\/vc_row][vc_row][vc_column][vc_column_text]Can Fain\u00e9, restaurante Turismo Rural y barbacoas cerca de Montserrat Manresa Terrassa y Sabadell, en el Bages Can Fain\u00e9 abri\u00f3 sus puertas la primavera del 2003, poniendo a disposici\u00f3n del p\u00fablico una oferta l\u00fadica consistente en bar, agroturismo, alojamientos o casas rurales de alquiler \u00edntegro, que\u2026","rel":"","context":"Entrada similar","img":{"alt_text":"","src":"","width":0,"height":0},"classes":[]},{"id":1813,"url":"https:\/\/www.canfaine.com\/es\/restaurante\/restaurante-de-menu\/","url_meta":{"origin":1655,"position":2},"title":"Restaurante de men\u00fa","date":"09\/11\/2021","format":false,"excerpt":"[vc_row][vc_column][vc_custom_heading text=\"Restaurante de men\u00fa diario\" font_container=\"tag:h1|text_align:left|color:%2320ccc6\" google_fonts=\"font_family:Cinzel%3Aregular%2C700%2C900|font_style:400%20regular%3A400%3Anormal\"][\/vc_column][\/vc_row][vc_row][vc_column][vc_custom_heading text=\"Restaurante de Men\u00fa con platos de cocina tradicional y cocina de mercado, en Sant Vicen\u00e7 de Castellet, el Bages. Men\u00fa diario en un restaurante con terraza.\" google_fonts=\"font_family:Cinzel%3Aregular%2C700%2C900|font_style:400%20regular%3A400%3Anormal\"][vc_empty_space][vc_custom_heading text=\"Restaurante de men\u00fa diario, de lunes a viernes al mediod\u00eda\" font_container=\"tag:h3|text_align:center\" google_fonts=\"font_family:Cinzel%3Aregular%2C700%2C900|font_style:400%20regular%3A400%3Anormal\"][vc_column_text]De lunes a viernes al\u2026","rel":"","context":"Entrada similar","img":{"alt_text":"","src":"","width":0,"height":0},"classes":[]},{"id":1675,"url":"https:\/\/www.canfaine.com\/es\/restaurante\/restaurante-para-cenas-de-empresa\/","url_meta":{"origin":1655,"position":3},"title":"Restaurante para cenas de empresa","date":"06\/10\/2021","format":false,"excerpt":"[vc_row][vc_column][vc_custom_heading text=\"Restaurante para cenas de empresa\" font_container=\"tag:h1|text_align:left|color:%2320ccc6\" google_fonts=\"font_family:Cinzel%3Aregular%2C700%2C900|font_style:400%20regular%3A400%3Anormal\"][\/vc_column][\/vc_row][vc_row][vc_column][vc_custom_heading text=\"Si busca un restaurante para cenas de empresa tiene que conocer Can Fain\u00e9\" google_fonts=\"font_family:Cinzel%3Aregular%2C700%2C900|font_style:400%20regular%3A400%3Anormal\"][vc_column_text]Can Fain\u00e9 es id\u00f3neo como restaurante para cenas de empresa. Puesto que a parte de las bondades de los platos de cocina tradicional catalana y mediterr\u00e1nea que preparamos. con\u2026","rel":"","context":"Entrada similar","img":{"alt_text":"","src":"","width":0,"height":0},"classes":[]},{"id":1689,"url":"https:\/\/www.canfaine.com\/es\/restaurante\/restaurante-para-celebraciones\/","url_meta":{"origin":1655,"position":4},"title":"Restaurante para celebraciones","date":"06\/10\/2021","format":false,"excerpt":"[vc_row][vc_column][vc_custom_heading text=\"Restaurante para celebraciones\" font_container=\"tag:h1|text_align:left|color:%2320ccc6\" google_fonts=\"font_family:Cinzel%3Aregular%2C700%2C900|font_style:400%20regular%3A400%3Anormal\"][\/vc_column][\/vc_row][vc_row][vc_column][vc_custom_heading text=\"Restaurante para celebraciones de cumplea\u00f1os, bautizos, comuniones, despedidas de soltero...\" font_container=\"tag:h2|text_align:center\" google_fonts=\"font_family:Cinzel%3Aregular%2C700%2C900|font_style:400%20regular%3A400%3Anormal\"][vc_column_text]Can Fain\u00e9 es un restaurante para celebraciones, en el que se pueden disfrutar las comidas en fechas se\u00f1aladas durante todo el a\u00f1o. Ya sean las cal\u00e7otades, y xatonades de principio de a\u00f1o, o\u2026","rel":"","context":"Entrada similar","img":{"alt_text":"","src":"","width":0,"height":0},"classes":[]},{"id":1437,"url":"https:\/\/www.canfaine.com\/es\/restaurante\/menu\/diario\/","url_meta":{"origin":1655,"position":5},"title":"Men\u00fa diario","date":"17\/09\/2021","format":false,"excerpt":"[vc_row][vc_column][vc_custom_heading text=\"Men\u00fa diario - Comidas\" font_container=\"tag:h2|text_align:center\" google_fonts=\"font_family:Cinzel%3Aregular%2C700%2C900|font_style:400%20regular%3A400%3Anormal\"][\/vc_column][\/vc_row][vc_row][vc_column][vc_column_text] De lunes a viernes no festivos, les ofrecemos nuestro men\u00fa diario El Men\u00fa diario del Restaurante Can Fain\u00e9 se elabora con productos frescos de nuestros proveedores de confianza as\u00ed como con la producci\u00f3n del huerto del propio restaurante. Men\u00fa diario de ejemplo Primeros\u2026","rel":"","context":"Entrada similar","img":{"alt_text":"","src":"","width":0,"height":0},"classes":[]}],"jetpack_likes_enabled":true,"_links":{"self":[{"href":"https:\/\/www.canfaine.com\/es\/wp-json\/wp\/v2\/pages\/1655"}],"collection":[{"href":"https:\/\/www.canfaine.com\/es\/wp-json\/wp\/v2\/pages"}],"about":[{"href":"https:\/\/www.canfaine.com\/es\/wp-json\/wp\/v2\/types\/page"}],"author":[{"embeddable":true,"href":"https:\/\/www.canfaine.com\/es\/wp-json\/wp\/v2\/users\/4"}],"replies":[{"embeddable":true,"href":"https:\/\/www.canfaine.com\/es\/wp-json\/wp\/v2\/comments?post=1655"}],"version-history":[{"count":2,"href":"https:\/\/www.canfaine.com\/es\/wp-json\/wp\/v2\/pages\/1655\/revisions"}],"predecessor-version":[{"id":2601,"href":"https:\/\/www.canfaine.com\/es\/wp-json\/wp\/v2\/pages\/1655\/revisions\/2601"}],"up":[{"embeddable":true,"href":"https:\/\/www.canfaine.com\/es\/wp-json\/wp\/v2\/pages\/477"}],"wp:attachment":[{"href":"https:\/\/www.canfaine.com\/es\/wp-json\/wp\/v2\/media?parent=1655"}],"curies":[{"name":"wp","href":"https:\/\/api.w.org\/{rel}","templated":true}]}}