{"id":1856,"date":"2021-11-29T13:02:19","date_gmt":"2021-11-29T11:02:19","guid":{"rendered":"https:\/\/www.canfaine.com\/restaurante\/menu\/menu-de-nadal\/"},"modified":"2021-11-29T13:28:40","modified_gmt":"2021-11-29T11:28:40","slug":"menu-de-navidad","status":"publish","type":"page","link":"https:\/\/www.canfaine.com\/es\/restaurante\/menu\/menu-de-navidad\/","title":{"rendered":"Men\u00fa de Navidad y San Esteban 2021"},"content":{"rendered":"<p>[vc_row][vc_column]<style type=\"text\/css\" data-type=\"the7_shortcodes-inline-css\">.dt-breadcrumbs-id-1 .breadcrumbs {\n  display: inline-block;\n  margin: 0;\n  padding: 2px 10px 2px 10px;\n  border: 0px solid ;\n  border-radius: 0px;\n}\n.dt-breadcrumbs-id-1 .breadcrumbs * {\n  font-style: italic;\n  font-weight: ;\n  text-transform: ;\n  color: #a2a5a6;\n}\n<\/style><div class=\"dt-breadcrumbs-shortcode dt-breadcrumbs-id-1 align-left\"><div class=\"assistive-text\">Est\u00e1s aqu\u00ed:<\/div><ol class=\"breadcrumbs text-small\" xmlns:v=\"http:\/\/rdf.data-vocabulary.org\/#\"><li typeof=\"v:Breadcrumb\"><a rel=\"v:url\" property=\"v:title\" href=\"https:\/\/www.canfaine.com\/es\/\/\" title=\"\">Inicio<\/a><\/li><li class=\"current\">P\u00e1gina<\/li><\/ol><\/div>[vc_custom_heading text=\u00bbMen\u00fa de Navidad y San Esteban 2021&#8243; font_container=\u00bbtag:h2|text_align:center\u00bb google_fonts=\u00bbfont_family:Cinzel%3Aregular%2C700%2C900|font_style:400%20regular%3A400%3Anormal\u00bb][\/vc_column][\/vc_row][vc_row][vc_column][vc_column_text]<\/p>\n<h2>Men\u00fa de Navidad y Sant Esteban 2021. Para comer y cenar en el restaurante, y tambi\u00e9n para llevar, es indispensable reservar.<\/h2>\n<p>El men\u00fa de Navidad y de Sant Esteban en Can Fain\u00e9, se puede encargar para comer en el restaurante, y tambi\u00e9n para llevar, tanto para comer un men\u00fa de Navidad, como si se quiere comer un men\u00fa de Sant Esteve. Y evitar pasar varias horas en la cocina, y recoger, limpiar, y ordenar todo lo relacionado con la preparaci\u00f3n de la cena de Navidad y la comida de Sant Esteve.<\/p>\n<p>Hay que decir que el men\u00fa de Navidad y Sant Esteve se tiene que reservar previamente, tanto si es para comer en el restaurante, como si es para llevar.<\/p>\n<h3 style=\"text-align: center;\">MEN\u00da DE NAVIDAD Y SAN ESTEBAN 2021<\/h3>\n<p style=\"text-align: center;\"><strong>Entretenimientos<\/strong><br \/>\nCoca de bacalao<br \/>\nPiscolabis de jabugo, salchich\u00f3n de solsona, queso de leche cruda.<\/p>\n<p style=\"text-align: center;\"><strong>Primeros (a escoger)<\/strong><br \/>\nEnsalada con aguacate, salm\u00f3n marinado, alcachofas salteadas y esp\u00e1rragos con agridulce de miel, pomelo y<br \/>\naceite de romero.<br \/>\nEnsalada de lechuga con dados de foie caramelizado, caramelos de frambuesa, dulce de mora y aceite de setas.<br \/>\nEscudella de galets y pelota.<br \/>\nCanelones de Navidad<\/p>\n<p style=\"text-align: center;\"><strong>Segundos (a escoger)<\/strong><br \/>\nSuprema de merluza y langostinos con crujiente de Jabugo y parmesano, patatonas fondeadas con lim\u00f3n<br \/>\nMuslo de pato con peras y trufa<br \/>\nCap\u00f3n de Navidad Asado en la Cazuela con ciruelas y orejones<br \/>\nEntrecot de Ternera Flameado con reducci\u00f3n de Oporto<br \/>\nJarrito de ternera n\u00edscalos<br \/>\nCordero a la brasa con guarnici\u00f3n<br \/>\nBacalao con almejas, alcachofa y picadura de almendras +6\u20ac<br \/>\nHombro de cabrito nacional con llenegues + 8\u20ac<br \/>\nEntrecot de Toro 300 gr +8\u20ac<br \/>\nRacci\u00f3n de n\u00edscalos o setas salteadas fuera de men\u00fa 13,95\u20ac<\/p>\n<p style=\"text-align: center;\"><strong>Postre (a escoger)<\/strong><br \/>\nTronco de Navidad<br \/>\nTurrones, barquillos y sorbo de moscatel<br \/>\nCopa de Fruta de temporada con vino de misa<br \/>\nBolas de helado variadas con caramelo<\/p>\n<p>&nbsp;<\/p>\n<p style=\"text-align: center;\"><strong>Bebidas<\/strong>: Vino tinto DO Terra Alta o Blanco de Blancos DO Penedes.<br \/>\nDisponemos de otros vinos y cavas en nuestra carta.<\/p>\n<p style=\"text-align: center;\">Pan, aguas minerales, Caf\u00e9, cortado o infusi\u00f3n<\/p>\n<p style=\"text-align: center;\"><strong>Precio 42,80 + iva 10% = 47,00 \u20ac por persona &#8211; IVA incluido<\/strong><br \/>\n<strong>Precio para llevar 42,00\u20ac por persona &#8211; IVA inclundo (sin bebidas)<\/strong><\/p>\n<p style=\"text-align: center;\">Licores y otras bebidas no incluidas. Copa de Cava Parxet Brut Nature 2,85\u20ac<\/p>\n<p style=\"text-align: center;\"><em>*Precio sujeto a las variaciones de mercado<\/em><\/p>\n<p>[\/vc_column_text][\/vc_column][\/vc_row][vc_row][vc_column]<div class=\"text-centered\"><a href=\"https:\/\/www.canfaine.com\/wp-content\/uploads\/2021\/11\/menu-nadal-2021.pdf\" class=\"btn-shortcode dt-btn-s dt-btn default-btn-color default-btn-hover-color default-btn-bg-color default-btn-bg-hover-color\" target=\"_blank\" id=\"dt-btn-1\"><span>Men\u00fa de Navidad y San Esteban 2021 &#8211; Descargar en PDF<\/span><\/a><\/div>[vc_empty_space][\/vc_column][\/vc_row][vc_row][vc_column]<div class=\"shortcode-banner shortcode-banner-link\" style=\"min-height: 0px;background-image: url(https:\/\/www.canfaine.com\/wp-content\/uploads\/2018\/02\/crema-catalana-can-faine-copia.jpg)\" onclick=\"window.location.href='https:\/\/www.canfaine.com\/es\/restaurante\/menu\/';\"><div class=\"shortcode-banner-bg wf-table\" style=\"padding: 0px;min-height: 0px\"><div class=\"shortcode-banner-inside wf-table text-big\" style=\"background-color: rgb(0,0,0);background-color: rgba(0,0,0,0.4);border: solid 0px transparent;outline: solid 0px;outline-color: #ffffff;height: 0px\"><div><div class=\"shortcode-banner-bg wf-table\" style=\"padding: 10px; min-height: 100px;\">\n<div class=\"shortcode-banner-inside wf-table text-normal\" style=\"background-color: rgba(255,255,255,0.4); border: solid 10px transparent; outline: solid 3px; outline-color: #ffffff; height: 90px;\">\n<div>\n<h3 style=\"text-align: center;\"><span style=\"color: #000000;\">Volver a los Men\u00fas<\/span><\/h3>\n<\/div>\n<\/div>\n<\/div>\n<\/div><\/div><\/div><\/div>[\/vc_column][\/vc_row]<\/p>\n","protected":false},"excerpt":{"rendered":"<p>[vc_row][vc_column][vc_custom_heading text=\u00bbMen\u00fa de Navidad y San Esteban 2021&#8243; font_container=\u00bbtag:h2|text_align:center\u00bb google_fonts=\u00bbfont_family:Cinzel%3Aregular%2C700%2C900|font_style:400%20regular%3A400%3Anormal\u00bb][\/vc_column][\/vc_row][vc_row][vc_column][vc_column_text] Men\u00fa de Navidad y Sant Esteban 2021. Para comer y cenar en el restaurante, y tambi\u00e9n para llevar, es indispensable reservar. El men\u00fa de Navidad y de Sant Esteban en Can Fain\u00e9, se puede encargar para comer en el restaurante, y tambi\u00e9n para llevar, tanto&hellip;<\/p>\n","protected":false},"author":4,"featured_media":0,"parent":484,"menu_order":0,"comment_status":"closed","ping_status":"closed","template":"","meta":[],"yoast_head":"<!-- This site is optimized with the Yoast SEO plugin v19.13 - https:\/\/yoast.com\/wordpress\/plugins\/seo\/ -->\n<title>Men\u00fas de Nadal i Sant Esteve de Can Fain\u00e9 - Can Fain\u00e9<\/title>\n<meta name=\"description\" content=\"Men\u00fa de Navidad y Sant Esteban 2021. Para comer y cenar en el restaurante, y tambi\u00e9n para llevar, es indispensable reservar.\" \/>\n<meta name=\"robots\" content=\"index, follow, max-snippet:-1, max-image-preview:large, max-video-preview:-1\" \/>\n<link rel=\"canonical\" href=\"https:\/\/www.canfaine.com\/es\/restaurante\/menu\/menu-de-navidad\/\" \/>\n<meta property=\"og:locale\" content=\"es_ES\" \/>\n<meta property=\"og:type\" content=\"article\" \/>\n<meta property=\"og:title\" content=\"Men\u00fas de Nadal i Sant Esteve de Can Fain\u00e9 - Can Fain\u00e9\" \/>\n<meta property=\"og:description\" content=\"Men\u00fa de Navidad y Sant Esteban 2021. Para comer y cenar en el restaurante, y tambi\u00e9n para llevar, es indispensable reservar.\" \/>\n<meta property=\"og:url\" content=\"https:\/\/www.canfaine.com\/es\/restaurante\/menu\/menu-de-navidad\/\" \/>\n<meta property=\"og:site_name\" content=\"Can Fain\u00e9\" \/>\n<meta property=\"article:publisher\" content=\"https:\/\/www.facebook.com\/Restaurant-Can-Faine-211169275571050\/?ref=br_rs\" \/>\n<meta property=\"article:modified_time\" content=\"2021-11-29T11:28:40+00:00\" \/>\n<meta name=\"twitter:card\" content=\"summary_large_image\" \/>\n<meta name=\"twitter:label1\" content=\"Tiempo de lectura\" \/>\n\t<meta name=\"twitter:data1\" content=\"2 minutos\" \/>\n<script type=\"application\/ld+json\" class=\"yoast-schema-graph\">{\"@context\":\"https:\/\/schema.org\",\"@graph\":[{\"@type\":\"WebPage\",\"@id\":\"https:\/\/www.canfaine.com\/es\/restaurante\/menu\/menu-de-navidad\/\",\"url\":\"https:\/\/www.canfaine.com\/es\/restaurante\/menu\/menu-de-navidad\/\",\"name\":\"Men\u00fas de Nadal i Sant Esteve de Can Fain\u00e9 - Can Fain\u00e9\",\"isPartOf\":{\"@id\":\"https:\/\/www.canfaine.com\/es\/#website\"},\"datePublished\":\"2021-11-29T11:02:19+00:00\",\"dateModified\":\"2021-11-29T11:28:40+00:00\",\"description\":\"Men\u00fa de Navidad y Sant Esteban 2021. Para comer y cenar en el restaurante, y tambi\u00e9n para llevar, es indispensable reservar.\",\"breadcrumb\":{\"@id\":\"https:\/\/www.canfaine.com\/es\/restaurante\/menu\/menu-de-navidad\/#breadcrumb\"},\"inLanguage\":\"es\",\"potentialAction\":[{\"@type\":\"ReadAction\",\"target\":[\"https:\/\/www.canfaine.com\/es\/restaurante\/menu\/menu-de-navidad\/\"]}]},{\"@type\":\"BreadcrumbList\",\"@id\":\"https:\/\/www.canfaine.com\/es\/restaurante\/menu\/menu-de-navidad\/#breadcrumb\",\"itemListElement\":[{\"@type\":\"ListItem\",\"position\":1,\"name\":\"Portada\",\"item\":\"https:\/\/www.canfaine.com\/es\/\"},{\"@type\":\"ListItem\",\"position\":2,\"name\":\"Restaurante\",\"item\":\"https:\/\/www.canfaine.com\/es\/restaurante\/\"},{\"@type\":\"ListItem\",\"position\":3,\"name\":\"Men\u00fas\",\"item\":\"https:\/\/www.canfaine.com\/es\/restaurante\/menu\/\"},{\"@type\":\"ListItem\",\"position\":4,\"name\":\"Men\u00fa de Navidad y San Esteban 2021\"}]},{\"@type\":\"WebSite\",\"@id\":\"https:\/\/www.canfaine.com\/es\/#website\",\"url\":\"https:\/\/www.canfaine.com\/es\/\",\"name\":\"Can Fain\u00e9\",\"description\":\"Turisme Rural i Restaurant\",\"publisher\":{\"@id\":\"https:\/\/www.canfaine.com\/es\/#organization\"},\"potentialAction\":[{\"@type\":\"SearchAction\",\"target\":{\"@type\":\"EntryPoint\",\"urlTemplate\":\"https:\/\/www.canfaine.com\/es\/?s={search_term_string}\"},\"query-input\":\"required name=search_term_string\"}],\"inLanguage\":\"es\"},{\"@type\":\"Organization\",\"@id\":\"https:\/\/www.canfaine.com\/es\/#organization\",\"name\":\"Cal Fain\u00e9 Boades SL\",\"url\":\"https:\/\/www.canfaine.com\/es\/\",\"logo\":{\"@type\":\"ImageObject\",\"inLanguage\":\"es\",\"@id\":\"https:\/\/www.canfaine.com\/es\/#\/schema\/logo\/image\/\",\"url\":\"https:\/\/canfaine.com\/wp-content\/uploads\/2018\/01\/logo3-1.png\",\"contentUrl\":\"https:\/\/canfaine.com\/wp-content\/uploads\/2018\/01\/logo3-1.png\",\"width\":300,\"height\":198,\"caption\":\"Cal Fain\u00e9 Boades SL\"},\"image\":{\"@id\":\"https:\/\/www.canfaine.com\/es\/#\/schema\/logo\/image\/\"},\"sameAs\":[\"https:\/\/www.facebook.com\/Restaurant-Can-Faine-211169275571050\/?ref=br_rs\"]}]}<\/script>\n<!-- \/ Yoast SEO plugin. -->","yoast_head_json":{"title":"Men\u00fas de Nadal i Sant Esteve de Can Fain\u00e9 - Can Fain\u00e9","description":"Men\u00fa de Navidad y Sant Esteban 2021. Para comer y cenar en el restaurante, y tambi\u00e9n para llevar, es indispensable reservar.","robots":{"index":"index","follow":"follow","max-snippet":"max-snippet:-1","max-image-preview":"max-image-preview:large","max-video-preview":"max-video-preview:-1"},"canonical":"https:\/\/www.canfaine.com\/es\/restaurante\/menu\/menu-de-navidad\/","og_locale":"es_ES","og_type":"article","og_title":"Men\u00fas de Nadal i Sant Esteve de Can Fain\u00e9 - Can Fain\u00e9","og_description":"Men\u00fa de Navidad y Sant Esteban 2021. Para comer y cenar en el restaurante, y tambi\u00e9n para llevar, es indispensable reservar.","og_url":"https:\/\/www.canfaine.com\/es\/restaurante\/menu\/menu-de-navidad\/","og_site_name":"Can Fain\u00e9","article_publisher":"https:\/\/www.facebook.com\/Restaurant-Can-Faine-211169275571050\/?ref=br_rs","article_modified_time":"2021-11-29T11:28:40+00:00","twitter_card":"summary_large_image","twitter_misc":{"Tiempo de lectura":"2 minutos"},"schema":{"@context":"https:\/\/schema.org","@graph":[{"@type":"WebPage","@id":"https:\/\/www.canfaine.com\/es\/restaurante\/menu\/menu-de-navidad\/","url":"https:\/\/www.canfaine.com\/es\/restaurante\/menu\/menu-de-navidad\/","name":"Men\u00fas de Nadal i Sant Esteve de Can Fain\u00e9 - Can Fain\u00e9","isPartOf":{"@id":"https:\/\/www.canfaine.com\/es\/#website"},"datePublished":"2021-11-29T11:02:19+00:00","dateModified":"2021-11-29T11:28:40+00:00","description":"Men\u00fa de Navidad y Sant Esteban 2021. Para comer y cenar en el restaurante, y tambi\u00e9n para llevar, es indispensable reservar.","breadcrumb":{"@id":"https:\/\/www.canfaine.com\/es\/restaurante\/menu\/menu-de-navidad\/#breadcrumb"},"inLanguage":"es","potentialAction":[{"@type":"ReadAction","target":["https:\/\/www.canfaine.com\/es\/restaurante\/menu\/menu-de-navidad\/"]}]},{"@type":"BreadcrumbList","@id":"https:\/\/www.canfaine.com\/es\/restaurante\/menu\/menu-de-navidad\/#breadcrumb","itemListElement":[{"@type":"ListItem","position":1,"name":"Portada","item":"https:\/\/www.canfaine.com\/es\/"},{"@type":"ListItem","position":2,"name":"Restaurante","item":"https:\/\/www.canfaine.com\/es\/restaurante\/"},{"@type":"ListItem","position":3,"name":"Men\u00fas","item":"https:\/\/www.canfaine.com\/es\/restaurante\/menu\/"},{"@type":"ListItem","position":4,"name":"Men\u00fa de Navidad y San Esteban 2021"}]},{"@type":"WebSite","@id":"https:\/\/www.canfaine.com\/es\/#website","url":"https:\/\/www.canfaine.com\/es\/","name":"Can Fain\u00e9","description":"Turisme Rural i Restaurant","publisher":{"@id":"https:\/\/www.canfaine.com\/es\/#organization"},"potentialAction":[{"@type":"SearchAction","target":{"@type":"EntryPoint","urlTemplate":"https:\/\/www.canfaine.com\/es\/?s={search_term_string}"},"query-input":"required name=search_term_string"}],"inLanguage":"es"},{"@type":"Organization","@id":"https:\/\/www.canfaine.com\/es\/#organization","name":"Cal Fain\u00e9 Boades SL","url":"https:\/\/www.canfaine.com\/es\/","logo":{"@type":"ImageObject","inLanguage":"es","@id":"https:\/\/www.canfaine.com\/es\/#\/schema\/logo\/image\/","url":"https:\/\/canfaine.com\/wp-content\/uploads\/2018\/01\/logo3-1.png","contentUrl":"https:\/\/canfaine.com\/wp-content\/uploads\/2018\/01\/logo3-1.png","width":300,"height":198,"caption":"Cal Fain\u00e9 Boades SL"},"image":{"@id":"https:\/\/www.canfaine.com\/es\/#\/schema\/logo\/image\/"},"sameAs":["https:\/\/www.facebook.com\/Restaurant-Can-Faine-211169275571050\/?ref=br_rs"]}]}},"jetpack_sharing_enabled":true,"jetpack_shortlink":"https:\/\/wp.me\/PdqzQQ-tW","jetpack-related-posts":[{"id":1850,"url":"https:\/\/www.canfaine.com\/es\/restaurante\/menu\/menus-de-empresa\/","url_meta":{"origin":1856,"position":0},"title":"Men\u00fas de empresa","date":"29\/11\/2021","format":false,"excerpt":"[vc_row][vc_column][vc_custom_heading text=\"Men\u00fas de empresa\" font_container=\"tag:h2|text_align:center\" google_fonts=\"font_family:Cinzel%3Aregular%2C700%2C900|font_style:400%20regular%3A400%3Anormal\"][\/vc_column][\/vc_row][vc_row][vc_column][vc_column_text] Los men\u00fas de empresa de Can Fain\u00e9 est\u00e1n disponibles durante todo el a\u00f1o. Los men\u00fas de empresa de Can Fain\u00e9, no s\u00f3lo est\u00e1n disponibles durante la \u00e9poca m\u00e1s habitual de comidas y cenas de empresa. Que al celebrarse las cenas de Navidad, son los\u2026","rel":"","context":"Entrada similar","img":{"alt_text":"","src":"","width":0,"height":0},"classes":[]},{"id":1813,"url":"https:\/\/www.canfaine.com\/es\/restaurante\/restaurante-de-menu\/","url_meta":{"origin":1856,"position":1},"title":"Restaurante de men\u00fa","date":"09\/11\/2021","format":false,"excerpt":"[vc_row][vc_column][vc_custom_heading text=\"Restaurante de men\u00fa diario\" font_container=\"tag:h1|text_align:left|color:%2320ccc6\" google_fonts=\"font_family:Cinzel%3Aregular%2C700%2C900|font_style:400%20regular%3A400%3Anormal\"][\/vc_column][\/vc_row][vc_row][vc_column][vc_custom_heading text=\"Restaurante de Men\u00fa con platos de cocina tradicional y cocina de mercado, en Sant Vicen\u00e7 de Castellet, el Bages. Men\u00fa diario en un restaurante con terraza.\" google_fonts=\"font_family:Cinzel%3Aregular%2C700%2C900|font_style:400%20regular%3A400%3Anormal\"][vc_empty_space][vc_custom_heading text=\"Restaurante de men\u00fa diario, de lunes a viernes al mediod\u00eda\" font_container=\"tag:h3|text_align:center\" google_fonts=\"font_family:Cinzel%3Aregular%2C700%2C900|font_style:400%20regular%3A400%3Anormal\"][vc_column_text]De lunes a viernes al\u2026","rel":"","context":"Entrada similar","img":{"alt_text":"","src":"","width":0,"height":0},"classes":[]},{"id":1655,"url":"https:\/\/www.canfaine.com\/es\/restaurante\/restaurante-con-terraza\/","url_meta":{"origin":1856,"position":2},"title":"Restaurante con terraza","date":"06\/10\/2021","format":false,"excerpt":"[vc_row][vc_column][vc_custom_heading text=\"Restaurante con terraza\" font_container=\"tag:h1|text_align:left|color:%2320ccc6\" google_fonts=\"font_family:Cinzel%3Aregular%2C700%2C900|font_style:400%20regular%3A400%3Anormal\"][\/vc_column][\/vc_row][vc_row][vc_column][vc_custom_heading text=\"Restaurante con terraza cerca de Montserrat, Manresa, Tarrasa y Sabadell\" font_container=\"tag:h2|text_align:center\" google_fonts=\"font_family:Cinzel%3Aregular%2C700%2C900|font_style:400%20regular%3A400%3Anormal\"][vc_column_text]Si quiere ir a comer a un restaurante con terraza cerca de Manresa, Montserrat, Sabadell o Terrassa, en Can Fain\u00e9 encontrar\u00e1 un ambiente ideal para comer al aire libre. Can Fain\u00e9 es un\u2026","rel":"","context":"Entrada similar","img":{"alt_text":"","src":"","width":0,"height":0},"classes":[]},{"id":1689,"url":"https:\/\/www.canfaine.com\/es\/restaurante\/restaurante-para-celebraciones\/","url_meta":{"origin":1856,"position":3},"title":"Restaurante para celebraciones","date":"06\/10\/2021","format":false,"excerpt":"[vc_row][vc_column][vc_custom_heading text=\"Restaurante para celebraciones\" font_container=\"tag:h1|text_align:left|color:%2320ccc6\" google_fonts=\"font_family:Cinzel%3Aregular%2C700%2C900|font_style:400%20regular%3A400%3Anormal\"][\/vc_column][\/vc_row][vc_row][vc_column][vc_custom_heading text=\"Restaurante para celebraciones de cumplea\u00f1os, bautizos, comuniones, despedidas de soltero...\" font_container=\"tag:h2|text_align:center\" google_fonts=\"font_family:Cinzel%3Aregular%2C700%2C900|font_style:400%20regular%3A400%3Anormal\"][vc_column_text]Can Fain\u00e9 es un restaurante para celebraciones, en el que se pueden disfrutar las comidas en fechas se\u00f1aladas durante todo el a\u00f1o. Ya sean las cal\u00e7otades, y xatonades de principio de a\u00f1o, o\u2026","rel":"","context":"Entrada similar","img":{"alt_text":"","src":"","width":0,"height":0},"classes":[]},{"id":484,"url":"https:\/\/www.canfaine.com\/es\/restaurante\/menu\/","url_meta":{"origin":1856,"position":4},"title":"Men\u00fas","date":"14\/05\/2018","format":false,"excerpt":"[vc_row][vc_column][vc_custom_heading text=\"Men\u00fas del Restaurante\" font_container=\"tag:h2|text_align:center|color:%2320ccc6\" google_fonts=\"font_family:Cinzel%3Aregular%2C700%2C900|font_style:400%20regular%3A400%3Anormal\"][\/vc_column][\/vc_row][vc_row][vc_column][vc_column_text] Men\u00fas para celebraciones y eventos familiares o de empresa en el restaurante y turismo rural Can Fain\u00e9; Men\u00fa diario, men\u00fa de fin de semana y otros men\u00fas para fechas especiales: Men\u00fas para la \u00e9poca de Cal\u00e7otades, xatonades, caracoladas, y comidas Familiares y de Hermandad.\u2026","rel":"","context":"Entrada similar","img":{"alt_text":"","src":"","width":0,"height":0},"classes":[]},{"id":1471,"url":"https:\/\/www.canfaine.com\/es\/turismo-rural\/faine-i\/","url_meta":{"origin":1856,"position":5},"title":"Turismo rural Fain\u00e9 I","date":"17\/09\/2021","format":false,"excerpt":"[vc_row][vc_column][vc_custom_heading text=\"Turismo Rural Fain\u00e9 I\" font_container=\"tag:h2|text_align:left|color:%23c08b4d\" google_fonts=\"font_family:Cinzel%3Aregular%2C700%2C900|font_style:400%20regular%3A400%3Anormal\"][vc_custom_heading text=\"Casa rural con capacidad para entre 6 y 10 personas\" font_container=\"tag:h4|text_align:left\" google_fonts=\"font_family:Cinzel%3Aregular%2C700%2C900|font_style:400%20regular%3A400%3Anormal\"][\/vc_column][\/vc_row][vc_row][vc_column][vc_column_text]Alojamiento para Turismo Rural al pie de la monta\u00f1a de Montserrat para grupos numerosos, familias grandes y tambi\u00e9n grupos de amigos. Tiene entrada independiente de la mas\u00eda, de forma que se puede\u2026","rel":"","context":"Entrada similar","img":{"alt_text":"","src":"https:\/\/i0.wp.com\/www.canfaine.com\/wp-content\/uploads\/2017\/11\/Turisme-rural-can-faine6.png?resize=350%2C200","width":350,"height":200},"classes":[]}],"jetpack_likes_enabled":true,"_links":{"self":[{"href":"https:\/\/www.canfaine.com\/es\/wp-json\/wp\/v2\/pages\/1856"}],"collection":[{"href":"https:\/\/www.canfaine.com\/es\/wp-json\/wp\/v2\/pages"}],"about":[{"href":"https:\/\/www.canfaine.com\/es\/wp-json\/wp\/v2\/types\/page"}],"author":[{"embeddable":true,"href":"https:\/\/www.canfaine.com\/es\/wp-json\/wp\/v2\/users\/4"}],"replies":[{"embeddable":true,"href":"https:\/\/www.canfaine.com\/es\/wp-json\/wp\/v2\/comments?post=1856"}],"version-history":[{"count":0,"href":"https:\/\/www.canfaine.com\/es\/wp-json\/wp\/v2\/pages\/1856\/revisions"}],"up":[{"embeddable":true,"href":"https:\/\/www.canfaine.com\/es\/wp-json\/wp\/v2\/pages\/484"}],"wp:attachment":[{"href":"https:\/\/www.canfaine.com\/es\/wp-json\/wp\/v2\/media?parent=1856"}],"curies":[{"name":"wp","href":"https:\/\/api.w.org\/{rel}","templated":true}]}}