{"id":439,"date":"2018-05-14T08:34:44","date_gmt":"2018-05-14T08:34:44","guid":{"rendered":"http:\/\/www.canfaine.com\/?page_id=439"},"modified":"2022-10-03T09:28:21","modified_gmt":"2022-10-03T07:28:21","slug":"inicio","status":"publish","type":"page","link":"https:\/\/www.canfaine.com\/es\/","title":{"rendered":"Inicio"},"content":{"rendered":"<p>[vc_row][vc_column]<style type=\"text\/css\" data-type=\"the7_shortcodes-inline-css\">.dt-breadcrumbs-id-1 .breadcrumbs {\n  display: inline-block;\n  margin: 0;\n  padding: 2px 10px 2px 10px;\n  border: 0px solid ;\n  border-radius: 0px;\n}\n.dt-breadcrumbs-id-1 .breadcrumbs * {\n  font-style: italic;\n  font-weight: ;\n  text-transform: ;\n  color: #a2a5a6;\n}\n.blog-carousel-shortcode.blog-carousel-shortcode-id-1.dividers-on.classic-layout-list article {\n  margin-top: ;\n  padding-top: 0;\n  border-color: ;\n}\n.blog-carousel-shortcode.blog-carousel-shortcode-id-1.dividers-on.classic-layout-list article:first-of-type {\n  margin-top: 0;\n  padding-top: 0;\n}\n.blog-carousel-shortcode.blog-carousel-shortcode-id-1.classic-layout-list.mode-list .post-thumbnail-wrap {\n  width: ;\n}\n.blog-carousel-shortcode.blog-carousel-shortcode-id-1.classic-layout-list.mode-list .post-entry-content {\n  width: calc(100% - );\n}\n.blog-carousel-shortcode.blog-carousel-shortcode-id-1.side-overlap-layout-list .post-thumbnail-wrap {\n  width: ;\n}\n.blog-carousel-shortcode.blog-carousel-shortcode-id-1.side-overlap-layout-list .post-entry-content {\n  width: calc(100% -  + );\n  margin-top: 100px;\n}\n.blog-carousel-shortcode.blog-carousel-shortcode-id-1.side-overlap-layout-list .project-odd .post-entry-content {\n  margin-left: -;\n}\n.rtl .blog-carousel-shortcode.blog-carousel-shortcode-id-1.side-overlap-layout-list .project-odd .post-entry-content {\n  margin-right: -;\n  margin-left: 0;\n}\n.blog-carousel-shortcode.blog-carousel-shortcode-id-1.side-overlap-layout-list .project-even .post-entry-content {\n  margin-right: -;\n}\n.rtl .blog-carousel-shortcode.blog-carousel-shortcode-id-1.side-overlap-layout-list .project-even .post-entry-content {\n  margin-left: -;\n  margin-right: 0;\n}\n@media screen and (max-width: ) {\n  #page .blog-carousel-shortcode.blog-carousel-shortcode-id-1.side-overlap-layout-list .project-odd .post-entry-content {\n    left: 0;\n  }\n  #page .blog-carousel-shortcode.blog-carousel-shortcode-id-1.side-overlap-layout-list .project-even .post-entry-content {\n    right: 0;\n  }\n}\n.blog-carousel-shortcode.blog-carousel-shortcode-id-1.bottom-overlap-layout-list .post-entry-content {\n  margin-top: -100px;\n}\n.blog-carousel-shortcode.blog-carousel-shortcode-id-1.bottom-overlap-layout-list .post-entry-content {\n  width: 75%;\n}\n.blog-carousel-shortcode.blog-carousel-shortcode-id-1.centered-layout-list article {\n  padding: 25px 30px 30px 30px;\n}\n.blog-carousel-shortcode.blog-carousel-shortcode-id-1.dividers-on.centered-layout-list article {\n  padding-top: 25px;\n  margin-top: ;\n}\n.blog-carousel-shortcode.blog-carousel-shortcode-id-1.dividers-on.centered-layout-list article:first-of-type {\n  margin-top: 0;\n  padding-top: 25px;\n}\n.blog-carousel-shortcode.blog-carousel-shortcode-id-1.centered-layout-list .post-entry-title-content {\n  width: 75%;\n}\n.blog-carousel-shortcode.blog-carousel-shortcode-id-1.centered-layout-list .post-entry-content {\n  width: 75%;\n}\n.blog-carousel-shortcode.blog-carousel-shortcode-id-1.centered-layout-list.dividers-on .post-entry-content:after {\n  width: calc(75% - 30px - 30px);\n  background: ;\n}\n#page .blog-carousel-shortcode.blog-carousel-shortcode-id-1.content-bg-on.gradient-overlap-layout-list .post-entry-content {\n  background: linear-gradient(to bottom,,) no-repeat 0px 150px;\n}\n#page .blog-carousel-shortcode.blog-carousel-shortcode-id-1.gradient-overlay-layout-list .post-entry-content {\n  background: ;\n  top: 0px;\n  right: 0px;\n  bottom: 0px;\n  left: 0px;\n}\n.blog-carousel-shortcode.blog-carousel-shortcode-id-1.gradient-overlay-layout-list .post-head-wrapper,\n.blog-carousel-shortcode.blog-carousel-shortcode-id-1.gradient-overlay-layout-list .post-entry-wrapper {\n  right: 30px;\n  left: 30px;\n}\n#page .blog-carousel-shortcode.blog-carousel-shortcode-id-1.content-rollover-layout-list .post-entry-content {\n  background: none;\n  padding: 0;\n}\n.blog-carousel-shortcode.blog-carousel-shortcode-id-1.content-rollover-layout-list .post-entry-wrapper {\n  padding: 25px 30px 30px 30px;\n}\n.blog-carousel-shortcode.blog-carousel-shortcode-id-1.content-rollover-layout-list .post-entry-wrapper {\n  bottom: -15px;\n}\n.blog-carousel-shortcode.blog-carousel-shortcode-id-1.content-rollover-layout-list.meta-info-off .post-entry-wrapper {\n  bottom: -5px;\n}\n.blog-carousel-shortcode.blog-carousel-shortcode-id-1.content-rollover-layout-list article:not(.description-off) .post-entry-wrapper {\n  bottom: -20px;\n}\n.blog-carousel-shortcode.blog-carousel-shortcode-id-1.content-rollover-layout-list:not(.disable-layout-hover) article:hover .post-entry-wrapper {\n  bottom: 0;\n}\n.blog-carousel-shortcode.blog-carousel-shortcode-id-1 .paginator {\n  margin-top: 50px;\n}\n.blog-carousel-shortcode.blog-carousel-shortcode-id-1 .filter {\n  margin-bottom: ;\n}\n.blog-carousel-shortcode.blog-carousel-shortcode-id-1 .filter a,\n.blog-carousel-shortcode.blog-carousel-shortcode-id-1 .filter a * {\n  color: ;\n}\n.blog-carousel-shortcode.blog-carousel-shortcode-id-1 .filter-bg-decoration .filter-categories a.act {\n  color: #fff;\n}\n.blog-carousel-shortcode.blog-carousel-shortcode-id-1:not(.mode-masonry) article {\n  margin-top: ;\n}\n.blog-carousel-shortcode.blog-carousel-shortcode-id-1:not(.mode-masonry) article:first-of-type,\n.blog-carousel-shortcode.blog-carousel-shortcode-id-1:not(.mode-masonry) article.visible.first {\n  margin-top: 0;\n}\n.blog-carousel-shortcode.blog-carousel-shortcode-id-1.dividers-on:not(.mode-masonry) article {\n  margin-top: 0;\n  padding-top: ;\n}\n.blog-carousel-shortcode.blog-carousel-shortcode-id-1.dividers-on:not(.mode-masonry) article:first-of-type {\n  margin-top: 0;\n  padding-top: 0;\n}\n.blog-carousel-shortcode.blog-carousel-shortcode-id-1 .post-thumbnail-wrap {\n  padding: 0px 0px 0px 0px;\n}\n.blog-carousel-shortcode.blog-carousel-shortcode-id-1 .entry-title {\n  margin-bottom: 5px;\n  font-style: ;\n  font-weight: ;\n  text-transform: ;\n}\n.blog-carousel-shortcode.blog-carousel-shortcode-id-1 .entry-meta {\n  margin-bottom: 15px;\n}\n.blog-carousel-shortcode.blog-carousel-shortcode-id-1 .entry-meta * {\n  font-style: ;\n  font-weight: ;\n  text-transform: ;\n}\n.blog-carousel-shortcode.blog-carousel-shortcode-id-1 .entry-excerpt {\n  margin-bottom: 5px;\n  font-style: ;\n  font-weight: ;\n  text-transform: ;\n}\n.blog-carousel-shortcode.blog-carousel-shortcode-id-1:not(.centered-layout-list) .post-entry-content {\n  padding: 25px 30px 30px 30px;\n}\n@media screen and (max-width: ) {\n  .blog-carousel-shortcode.blog-carousel-shortcode-id-1 article {\n    -webkit-flex-flow: column nowrap;\n    -moz-flex-flow: column nowrap;\n    -ms-flex-flow: column nowrap;\n    flex-flow: column nowrap;\n    margin-top: 20px;\n  }\n  .blog-carousel-shortcode.blog-carousel-shortcode-id-1.dividers-on article {\n    border: none;\n  }\n  .blog-carousel-shortcode.blog-carousel-shortcode-id-1.content-bg-on.centered-layout-list article {\n    padding: 0;\n  }\n  .blog-carousel-shortcode.blog-carousel-shortcode-id-1.blog-shortcode.dividers-on article,\n  .blog-carousel-shortcode.blog-carousel-shortcode-id-1.dividers-on.classic-layout-list article {\n    margin-top: 20px;\n    padding: 0;\n  }\n  .blog-carousel-shortcode.blog-carousel-shortcode-id-1.blog-shortcode.dividers-on article:first-of-type,\n  .blog-carousel-shortcode.blog-carousel-shortcode-id-1.dividers-on.classic-layout-list article:first-of-type {\n    padding: 0;\n  }\n  #page .blog-carousel-shortcode.blog-carousel-shortcode-id-1 .post-thumbnail-wrap,\n  #page .blog-carousel-shortcode.blog-carousel-shortcode-id-1 .post-entry-content {\n    width: 100%;\n    margin: 0;\n    top: 0;\n  }\n  #page .blog-carousel-shortcode.blog-carousel-shortcode-id-1 .post-thumbnail-wrap {\n    padding: 0;\n  }\n  #page .blog-carousel-shortcode.blog-carousel-shortcode-id-1 .post-entry-content:after {\n    display: none;\n  }\n  #page .blog-carousel-shortcode.blog-carousel-shortcode-id-1 .project-even .post-thumbnail-wrap,\n  #page .blog-carousel-shortcode.blog-carousel-shortcode-id-1.centered-layout-list .post-thumbnail-wrap {\n    -webkit-order: 0;\n    -moz-order: 0;\n    -ms-flex-order: 0;\n    order: 0;\n  }\n  #page .blog-carousel-shortcode.blog-carousel-shortcode-id-1.centered-layout-list .post-entry-title-content {\n    -webkit-order: 1;\n    -moz-order: 1;\n    -ms-flex-order: 1;\n    order: 1;\n    width: 100%;\n    padding: 20px 20px 0;\n  }\n  #page .blog-carousel-shortcode.blog-carousel-shortcode-id-1.centered-layout-list .post-entry-content {\n    -webkit-order: 2;\n    -moz-order: 2;\n    -ms-flex-order: 2;\n    order: 2;\n    padding-top: 0;\n  }\n  #page .blog-carousel-shortcode.blog-carousel-shortcode-id-1 .fancy-categories {\n    top: 10px;\n    left: 10px;\n  }\n  #page .blog-carousel-shortcode.blog-carousel-shortcode-id-1 .fancy-date a {\n    top: 10px;\n    right: 10px;\n    left: auto;\n  }\n  #page .blog-carousel-shortcode.blog-carousel-shortcode-id-1 .post-entry-content {\n    padding: 20px;\n  }\n  #page .blog-carousel-shortcode.blog-carousel-shortcode-id-1 .entry-title {\n    margin: 3px 0 5px;\n    font-size: 20px;\n    line-height: 26px;\n  }\n  #page .blog-carousel-shortcode.blog-carousel-shortcode-id-1 .entry-meta {\n    margin: 5px 0 5px;\n  }\n  #page .blog-carousel-shortcode.blog-carousel-shortcode-id-1 .entry-excerpt {\n    margin: 15px 0 0;\n  }\n  #page .blog-carousel-shortcode.blog-carousel-shortcode-id-1 .post-details {\n    margin: 5px 0 10px;\n  }\n  #page .blog-carousel-shortcode.blog-carousel-shortcode-id-1 .post-details.details-type-link {\n    margin-bottom: 2px;\n  }\n}\n.blog-carousel-shortcode.blog-carousel-shortcode-id-1 .owl-nav a {\n  width: 36px;\n  height: 36px;\n  border-width: 0px;\n  border-style: solid;\n  border-radius: 500px;\n}\n.blog-carousel-shortcode.blog-carousel-shortcode-id-1 .owl-nav a.owl-prev {\n  top: 50%;\n  transform: translateY(calc(-50% + 0px));\n  left: -43px;\n}\n.blog-carousel-shortcode.blog-carousel-shortcode-id-1 .owl-nav a.owl-prev i {\n  padding: 0px 0px 0px 0px;\n}\n.blog-carousel-shortcode.blog-carousel-shortcode-id-1 .owl-nav a.owl-next {\n  top: 50%;\n  transform: translateY(calc(-50% + 0px));\n  right: -43px;\n}\n.blog-carousel-shortcode.blog-carousel-shortcode-id-1 .owl-nav a.owl-next i {\n  padding: 0px 0px 0px 0px;\n}\n.blog-carousel-shortcode.blog-carousel-shortcode-id-1 .owl-nav i {\n  font-size: 18px;\n}\n.blog-carousel-shortcode.blog-carousel-shortcode-id-1 .owl-nav a:not(:hover) i,\n.blog-carousel-shortcode.blog-carousel-shortcode-id-1 .owl-nav a:not(:hover) i:before {\n  color: #ffffff;\n  -webkit-text-fill-color: #ffffff;\n  background: none;\n}\n.blog-carousel-shortcode.blog-carousel-shortcode-id-1 .owl-nav a:hover i,\n.blog-carousel-shortcode.blog-carousel-shortcode-id-1 .owl-nav a:hover i:before {\n  color: rgba(255,255,255,0.75);\n  -webkit-text-fill-color: rgba(255,255,255,0.75);\n  background: none;\n}\n.blog-carousel-shortcode.blog-carousel-shortcode-id-1 .owl-dots {\n  top: calc(100% + 20px);\n  left: 50%;\n  transform: translateX(calc(-50% + 0px));\n}\n.blog-carousel-shortcode.blog-carousel-shortcode-id-1 .owl-dot {\n  width: 10px;\n  height: 10px;\n  margin: 0 8px;\n}\n.bullets-ubax.blog-carousel-shortcode.blog-carousel-shortcode-id-1 .owl-dot.active span {\n  border-color: ;\n}\n@media screen and (max-width: 768px) {\n  .blog-carousel-shortcode.blog-carousel-shortcode-id-1.hide-arrows .owl-nav a {\n    display: none;\n  }\n}\n@media screen and (max-width: 768px) {\n  .blog-carousel-shortcode.blog-carousel-shortcode-id-1.reposition-arrows .owl-nav .owl-prev {\n    top: 50%;\n    transform: translateY(calc(-50% + 0px));\n    left: 10px;\n  }\n  .blog-carousel-shortcode.blog-carousel-shortcode-id-1.reposition-arrows .owl-nav .owl-next {\n    top: 50%;\n    transform: translateY(calc(-50% + 0px));\n    right: 10px;\n  }\n}\n<\/style><div class=\"dt-breadcrumbs-shortcode dt-breadcrumbs-id-1 align-left\"><div class=\"assistive-text\">Est\u00e1s aqu\u00ed:<\/div><ol class=\"breadcrumbs text-small\" xmlns:v=\"http:\/\/rdf.data-vocabulary.org\/#\"><li typeof=\"v:Breadcrumb\"><a rel=\"v:url\" property=\"v:title\" href=\"https:\/\/www.canfaine.com\/es\/\/\" title=\"\">Inicio<\/a><\/li><li class=\"current\">P\u00e1gina<\/li><\/ol><\/div>[vc_custom_heading text=\u00bbCan Fain\u00e9\u00bb font_container=\u00bbtag:h2|text_align:left|color:%23c08b4d\u00bb google_fonts=\u00bbfont_family:Cinzel%3Aregular%2C700%2C900|font_style:400%20regular%3A400%3Anormal\u00bb][\/vc_column][\/vc_row][vc_row][vc_column][vc_column_text]<strong>Can Fain\u00e9, restaurante Turismo Rural y barbacoas cerca de Montserrat Manresa Terrassa y Sabadell, en el Bages<\/strong><\/p>\n<p>Can Fain\u00e9 abri\u00f3 sus puertas la primavera del 2003, poniendo a disposici\u00f3n del p\u00fablico una oferta l\u00fadica consistente en bar, agroturismo, alojamientos o casas rurales de alquiler \u00edntegro, que tiene como premisa b\u00e1sica la satisfacci\u00f3n y atenci\u00f3n especial que s\u00f3lo un peque\u00f1o negocio familiar puede ofrecer, y en 2021 se ha competado el servicio incorporando las barbacoas destinadas a grupos que prefieren preparar su comida, y adem\u00e1s quieren disfrutar de su celebraci\u00f3n sin estar codo con codo con otros grupos.<\/p>\n<p>La apuesta gastron\u00f3mica de CAN FAIN\u00c9 se basa en productos frescos de la tierra, ya sea carne de pay\u00e9s o verduras del huerto de la mas\u00eda, poniendo una atenci\u00f3n especial en la preparaci\u00f3n tradicional de todos los platos, el pescado y la carne a la brasa, los\u00a0<em>cal\u00e7ots<\/em> con fuego de le\u00f1a, y los platos t\u00edpicos como paellas,\u00a0xatonadas\u00a0y\u00a0caracoladas, cocinados al estilo tradicional.<\/p>\n<p>Como complemento, el restaurante\u00a0Can\u00a0Fain\u00e9 tambi\u00e9n ofrece el servicio de hostal de turismo rural (incluida piscina), ya sea para familias o grupos, para pasar unos d\u00edas de tranquilidad, o para celebrar despedidas de soltero, pudiendo acoger en total hasta +20 personas, que podr\u00e1n disfrutar de los servicios de Manresa y Sant Vicen\u00e7 de Castellet (que se encuentran en 7 y 2 km respectivamente), adem\u00e1s de tener parada de autob\u00fas, y estar cerca de las estaciones de tren de la RENFE y los\u00a0Ferrocarriles Catalanes.[\/vc_column_text][\/vc_column][\/vc_row][vc_row][vc_column][vc_column_text]<\/p>\n<h3>Para reservas o m\u00e1s informaci\u00f3n pueden llamar al: 93 833 50 50<\/h3>\n<p>[\/vc_column_text][vc_separator][\/vc_column][\/vc_row][vc_row][vc_column width=\u00bb1\/3&#8243;][vc_custom_heading text=\u00bbTurismo Rural\u00bb google_fonts=\u00bbfont_family:Cinzel%3Aregular%2C700%2C900|font_style:400%20regular%3A400%3Anormal\u00bb][vc_single_image image=\u00bb10&#8243; img_size=\u00bbfull\u00bb alignment=\u00bbcenter\u00bb onclick=\u00bbcustom_link\u00bb link=\u00bb..\/es\/turismo-rural\u00bb][\/vc_column][vc_column width=\u00bb1\/3&#8243;][vc_custom_heading text=\u00bbRestaurante\u00bb google_fonts=\u00bbfont_family:Cinzel%3Aregular%2C700%2C900|font_style:400%20regular%3A400%3Anormal\u00bb][vc_single_image image=\u00bb9&#8243; img_size=\u00bbfull\u00bb alignment=\u00bbcenter\u00bb onclick=\u00bbcustom_link\u00bb link=\u00bb..\/es\/restaurante\/\u00bb][\/vc_column][vc_column width=\u00bb1\/3&#8243;][vc_custom_heading text=\u00bbBarbacoa\u00bb google_fonts=\u00bbfont_family:Cinzel%3Aregular%2C700%2C900|font_style:400%20regular%3A400%3Anormal\u00bb][vc_single_image image=\u00bb1365&#8243; img_size=\u00bbfull\u00bb alignment=\u00bbcenter\u00bb onclick=\u00bbcustom_link\u00bb link=\u00bb..\/es\/barbacoa\/\u00bb][\/vc_column][\/vc_row][vc_row][vc_column][vc_separator color=\u00bbcustom\u00bb style=\u00bbdashed\u00bb accent_color=\u00bb#20ccc6&#8243;]\t\t<div class=\"wvt-panorama-wrapper\">\n\t\t\t<style id=\"wvt_2618_1-panorama-css\">\n\t\t\t\t#wvt_2618_1 { padding-bottom: 50%; }\n@media only screen and (max-width:768px) { \n\t\t\t\t\t#wvt_2618_1 { padding-bottom: 75%; } \n\t\t\t\t}\n@media only screen and (max-width:600px) { \n\t\t\t\t\t#wvt_2618_1 { padding-bottom: 100%; } \n\t\t\t\t}\n\t\t\t\t\t\t\t<\/style>\n\t\t\t<div id=\"wvt_2618_1\" data-id=\"2618\"\n\t\t\t\t data-sequence=\"1\" class=\"wvt-panorama\">\n\t\t\t\t<div class=\"wvt-panorama-content\"><\/div>\n\t\t\t<\/div>\n\t\t\t<script>\n\t\t\t\twindow.wvtf['wvt_2618_1'] = {\"post_id\":2618,\"option\":{\"option\":{\"title\":\"Can Fain\\u00e9\",\"type\":\"equirectangular\",\"equirectangular\":{\"id\":\"2365\",\"src\":\"https:\\\/\\\/www.canfaine.com\\\/wp-content\\\/uploads\\\/2022\\\/09\\\/panoramica-can-faine-alta.jpg\"},\"equirectangular_fallback\":{\"id\":\"2363\",\"src\":\"https:\\\/\\\/www.canfaine.com\\\/wp-content\\\/uploads\\\/2022\\\/09\\\/panoramica-can-faine-alta-960.jpg\"},\"equirectangular_external\":\"0\",\"cubemap\":{\"back\":\"\",\"bottom\":\"\",\"front\":\"\",\"left\":\"\",\"right\":\"\",\"top\":\"\"},\"coordinate\":{\"pitch\":\"-69.32600933288646\",\"yaw\":\"135.12620593229175\",\"hfov\":\"100\"},\"height\":{\"desktop\":\"50\",\"tablet\":\"75\",\"mobile\":\"100\"},\"autorotate\":\"0\",\"autorotate_speed\":\"2\",\"autorotate_direction\":\"clockwise\",\"compass\":\"0\",\"north\":\"0\",\"zoom\":\"1\",\"fullscreen\":\"1\",\"orientation\":\"0\",\"spotlist\":\"1\",\"enable_map\":\"0\",\"mapdimension\":\"25\",\"toolbar_scheme\":\"default\"},\"hotspot\":[{\"key\":\"wvt-hotspot-key-yrcwn\",\"title\":\"L'hort\",\"shape\":\"circle\",\"badge\":\"5\",\"bgcolor\":\"#ffffff\",\"width\":\"26\",\"icontype\":\"icon\",\"icon\":\"fa-map-pin\",\"iconcolor\":\"#81d742\",\"iconsize\":\"18\",\"iconimage\":\"\",\"coordinate\":{\"pitch\":\"-71.25475591005679\",\"yaw\":\"96.91634817719235\",\"hfov\":\"100\"},\"hover\":\"short\",\"hovertheme\":\"default\",\"hoverminwidth\":\"50\",\"hovermaxwidth\":\"300\",\"hovertext\":\"L'hort de Can Fain\\u00e9\",\"hoverposition\":\"auto\",\"hoverlongposition\":[\"top\",\"right\",\"bottom\",\"left\"],\"hovercontent\":\"\",\"click\":\"none\",\"url\":\"#\",\"video\":\"\",\"gallery\":[{\"src\":\"\"}]},{\"key\":\"wvt-hotspot-key-xpagh\",\"title\":\"El corral\",\"shape\":\"circle\",\"badge\":\"5\",\"bgcolor\":\"#ffffff\",\"width\":\"26\",\"icontype\":\"icon\",\"icon\":\"fa-map-pin\",\"iconcolor\":\"#81d742\",\"iconsize\":\"18\",\"iconimage\":\"\",\"coordinate\":{\"pitch\":\"-86.4142193519833\",\"yaw\":\"58.51823686226391\",\"hfov\":\"100\"},\"hover\":\"short\",\"hovertheme\":\"default\",\"hoverminwidth\":\"50\",\"hovermaxwidth\":\"300\",\"hovertext\":\"El Corral de Can Fain\\u00e9\",\"hoverposition\":\"auto\",\"hoverlongposition\":[\"top\",\"right\",\"bottom\",\"left\"],\"hovercontent\":\"\",\"click\":\"none\",\"url\":\"#\",\"video\":\"\",\"gallery\":[{\"src\":\"\"}]},{\"key\":\"wvt-hotspot-key-oyyxi\",\"title\":\"Montserrat\",\"shape\":\"circle\",\"badge\":\"5\",\"bgcolor\":\"#ffffff\",\"width\":\"26\",\"icontype\":\"icon\",\"icon\":\"fa-map-pin\",\"iconcolor\":\"#dd3333\",\"iconsize\":\"18\",\"iconimage\":\"\",\"coordinate\":{\"pitch\":\"7.6357500449555324\",\"yaw\":\"-3.5229029810659362\",\"hfov\":\"100\"},\"hover\":\"short\",\"hovertheme\":\"default\",\"hoverminwidth\":\"50\",\"hovermaxwidth\":\"300\",\"hovertext\":\"La muntanya de Montserrat\",\"hoverposition\":\"auto\",\"hoverlongposition\":[\"top\",\"right\",\"bottom\",\"left\"],\"hovercontent\":\"\",\"click\":\"none\",\"url\":\"#\",\"video\":\"\",\"gallery\":[{\"src\":\"\"}]},{\"key\":\"wvt-hotspot-key-bgnfw\",\"title\":\"Parc Natural de Sant Lloren\\u00e7 del Munt i l'Obac\",\"shape\":\"circle\",\"badge\":\"5\",\"bgcolor\":\"#ffffff\",\"width\":\"26\",\"icontype\":\"icon\",\"icon\":\"fa-map-pin\",\"iconcolor\":\"#dd3333\",\"iconsize\":\"18\",\"iconimage\":\"\",\"coordinate\":{\"pitch\":\"2.3489790390323058\",\"yaw\":\"-132.82687380011254\",\"hfov\":\"100\"},\"hover\":\"short\",\"hovertheme\":\"default\",\"hoverminwidth\":\"50\",\"hovermaxwidth\":\"300\",\"hovertext\":\"Parc Natural de Sant Lloren\\u00e7 del Munt i l'Obac\",\"hoverposition\":\"auto\",\"hoverlongposition\":[\"top\",\"right\",\"bottom\",\"left\"],\"hovercontent\":\"\",\"click\":\"none\",\"url\":\"#\",\"video\":\"\",\"gallery\":[{\"src\":\"\"}]},{\"key\":\"wvt-hotspot-key-nqcoq\",\"title\":\"Sant Vicen\\u00e7 de Castellet\",\"shape\":\"circle\",\"badge\":\"5\",\"bgcolor\":\"#ffffff\",\"width\":\"26\",\"icontype\":\"icon\",\"icon\":\"fa-arrow-down\",\"iconcolor\":\"#dd3333\",\"iconsize\":\"18\",\"iconimage\":\"\",\"coordinate\":{\"pitch\":\"-0.5780275954716059\",\"yaw\":\"-17.757079242081076\",\"hfov\":\"100\"},\"hover\":\"short\",\"hovertheme\":\"default\",\"hoverminwidth\":\"50\",\"hovermaxwidth\":\"300\",\"hovertext\":\"Sant Vicen\\u00e7 de Castellet\",\"hoverposition\":\"auto\",\"hoverlongposition\":[\"top\",\"right\",\"bottom\",\"left\"],\"hovercontent\":\"\",\"click\":\"none\",\"url\":\"#\",\"video\":\"\",\"gallery\":[{\"src\":\"\"}]},{\"key\":\"wvt-hotspot-key-mvfrt\",\"title\":\"El Pont de Vilomara\",\"shape\":\"circle\",\"badge\":\"5\",\"bgcolor\":\"#ffffff\",\"width\":\"26\",\"icontype\":\"icon\",\"icon\":\"fa-arrow-down\",\"iconcolor\":\"#dd3333\",\"iconsize\":\"18\",\"iconimage\":\"\",\"coordinate\":{\"pitch\":\"-1.793373140086132\",\"yaw\":\"167.1116397727061\",\"hfov\":\"100\"},\"hover\":\"short\",\"hovertheme\":\"default\",\"hoverminwidth\":\"50\",\"hovermaxwidth\":\"300\",\"hovertext\":\"El Pont de Vilomara\",\"hoverposition\":\"auto\",\"hoverlongposition\":[\"top\",\"right\",\"bottom\",\"left\"],\"hovercontent\":\"\",\"click\":\"none\",\"url\":\"#\",\"video\":\"\",\"gallery\":[{\"src\":\"\"}]},{\"key\":\"wvt-hotspot-key-spmgl\",\"title\":\"Manresa\",\"shape\":\"circle\",\"badge\":\"5\",\"bgcolor\":\"#ffffff\",\"width\":\"26\",\"icontype\":\"icon\",\"icon\":\"fa-arrow-down\",\"iconcolor\":\"#dd3333\",\"iconsize\":\"18\",\"iconimage\":\"\",\"coordinate\":{\"pitch\":\"2.888605120037368\",\"yaw\":\"132.5181401846308\",\"hfov\":\"100\"},\"hover\":\"short\",\"hovertheme\":\"default\",\"hoverminwidth\":\"50\",\"hovermaxwidth\":\"300\",\"hovertext\":\"Manresa\",\"hoverposition\":\"auto\",\"hoverlongposition\":[\"top\",\"right\",\"bottom\",\"left\"],\"hovercontent\":\"\",\"click\":\"none\",\"url\":\"#\",\"video\":\"\",\"gallery\":[{\"src\":\"\"}]},{\"key\":\"wvt-hotspot-key-ltkoi\",\"title\":\"Bosquet per celebracions\",\"shape\":\"circle\",\"badge\":\"5\",\"bgcolor\":\"#ffffff\",\"width\":\"26\",\"icontype\":\"icon\",\"icon\":\"fa-camera-retro\",\"iconcolor\":\"#8224e3\",\"iconsize\":\"18\",\"iconimage\":\"\",\"coordinate\":{\"pitch\":\"-69.06064988597048\",\"yaw\":\"-123.99887772522678\",\"hfov\":\"100\"},\"hover\":\"short\",\"hovertheme\":\"default\",\"hoverminwidth\":\"50\",\"hovermaxwidth\":\"300\",\"hovertext\":\"Bosquet per celebracions\",\"hoverposition\":\"auto\",\"hoverlongposition\":[\"top\",\"right\",\"bottom\",\"left\"],\"hovercontent\":\"\",\"click\":\"gallery\",\"url\":\"#\",\"video\":\"\",\"gallery\":[{\"src\":\"https:\\\/\\\/www.canfaine.com\\\/wp-content\\\/uploads\\\/2022\\\/10\\\/bosquet-faine-01.jpg\"}]},{\"key\":\"wvt-hotspot-key-seoit\",\"title\":\"Autopista C-16, Manresa - Terrassa\",\"shape\":\"circle\",\"badge\":\"5\",\"bgcolor\":\"#ffffff\",\"width\":\"26\",\"icontype\":\"icon\",\"icon\":\"fa-map-signs\",\"iconcolor\":\"#dd3333\",\"iconsize\":\"18\",\"iconimage\":\"\",\"coordinate\":{\"pitch\":\"-30.322083529251035\",\"yaw\":\"-147.32426790068922\",\"hfov\":\"100\"},\"hover\":\"short\",\"hovertheme\":\"default\",\"hoverminwidth\":\"50\",\"hovermaxwidth\":\"300\",\"hovertext\":\"Autopista C-16, Manresa - Terrassa\",\"hoverposition\":\"auto\",\"hoverlongposition\":[\"top\",\"right\",\"bottom\",\"left\"],\"hovercontent\":\"\",\"click\":\"none\",\"url\":\"#\",\"video\":\"\",\"gallery\":[{\"src\":\"\"}]},{\"key\":\"wvt-hotspot-key-utkcy\",\"title\":\"Barcelona, Sant Vicen\\u00e7, Autopista...\",\"shape\":\"circle\",\"badge\":\"5\",\"bgcolor\":\"#ffffff\",\"width\":\"26\",\"icontype\":\"icon\",\"icon\":\"fa-arrow-left\",\"iconcolor\":\"#dd3333\",\"iconsize\":\"18\",\"iconimage\":\"\",\"coordinate\":{\"pitch\":\"-22.8711467121271\",\"yaw\":\"86.39160104401826\",\"hfov\":\"100\"},\"hover\":\"short\",\"hovertheme\":\"default\",\"hoverminwidth\":\"50\",\"hovermaxwidth\":\"300\",\"hovertext\":\"Barcelona, Sant Vicen\\u00e7, Autopista...\",\"hoverposition\":\"auto\",\"hoverlongposition\":[\"top\",\"right\",\"bottom\",\"left\"],\"hovercontent\":\"\",\"click\":\"none\",\"url\":\"#\",\"video\":\"\",\"gallery\":[{\"src\":\"\"}]},{\"key\":\"wvt-hotspot-key-avnzw\",\"title\":\"El Pont de Vilomara, Manresa ...\",\"shape\":\"circle\",\"badge\":\"5\",\"bgcolor\":\"#ffffff\",\"width\":\"26\",\"icontype\":\"icon\",\"icon\":\"fa-arrow-right\",\"iconcolor\":\"#dd3333\",\"iconsize\":\"18\",\"iconimage\":\"\",\"coordinate\":{\"pitch\":\"-22.53330710211727\",\"yaw\":\"96.98272711906792\",\"hfov\":\"113.97523400787391\"},\"hover\":\"short\",\"hovertheme\":\"default\",\"hoverminwidth\":\"50\",\"hovermaxwidth\":\"300\",\"hovertext\":\"El Pont de Vilomara, Manresa ...\",\"hoverposition\":\"auto\",\"hoverlongposition\":[\"top\",\"right\",\"bottom\",\"left\"],\"hovercontent\":\"\",\"click\":\"none\",\"url\":\"#\",\"video\":\"\",\"gallery\":[{\"src\":\"\"}]}],\"tour\":[{\"key\":\"wvt-tour-key-xntnv\",\"title\":\"Aparcament per banquets\",\"spot\":\"2536\",\"shape\":\"circle\",\"badge\":\"1\",\"bgcolor\":\"#ffffff\",\"width\":\"30\",\"icontype\":\"icon\",\"icon\":\"fa-arrow-down\",\"iconcolor\":\"#81d742\",\"iconsize\":\"25\",\"iconimage\":\"\",\"coordinate\":{\"pitch\":\"-34.96548003060119\",\"yaw\":\"85.56882385171258\",\"hfov\":\"100\"},\"hover\":\"short\",\"hovertext\":\"Parking per banquets\",\"hovertheme\":\"default\",\"hoverposition\":\"auto\",\"hoverminwidth\":\"50\",\"hovermaxwidth\":\"300\",\"hovercontent\":\"\"},{\"key\":\"wvt-tour-key-bsgpa\",\"title\":\"Parking petit\",\"spot\":\"2537\",\"shape\":\"circle\",\"badge\":\"1\",\"bgcolor\":\"#ffffff\",\"width\":\"30\",\"icontype\":\"icon\",\"icon\":\"fa-arrow-down\",\"iconcolor\":\"#81d742\",\"iconsize\":\"25\",\"iconimage\":\"\",\"coordinate\":{\"pitch\":\"-57.82287752449752\",\"yaw\":\"116.15191058357806\",\"hfov\":\"100\"},\"hover\":\"short\",\"hovertext\":\"Parking petit\",\"hovertheme\":\"default\",\"hoverposition\":\"auto\",\"hoverminwidth\":\"50\",\"hovermaxwidth\":\"300\",\"hovercontent\":\"\"},{\"key\":\"wvt-tour-key-bpfxu\",\"title\":\"Turisme rural\",\"spot\":\"2540\",\"shape\":\"circle\",\"badge\":\"1\",\"bgcolor\":\"#ffffff\",\"width\":\"26\",\"icontype\":\"icon\",\"icon\":\"fa-map-marker\",\"iconcolor\":\"#1e73be\",\"iconsize\":\"18\",\"iconimage\":\"\",\"coordinate\":{\"pitch\":\"-63.27839111022381\",\"yaw\":\"-163.39345410585443\",\"hfov\":\"100\"},\"hover\":\"short\",\"hovertext\":\"Turisme rural\",\"hovertheme\":\"default\",\"hoverposition\":\"auto\",\"hoverminwidth\":\"50\",\"hovermaxwidth\":\"300\",\"hovercontent\":\"\"},{\"key\":\"wvt-tour-key-bldde\",\"title\":\"Piscina\",\"spot\":\"2579\",\"shape\":\"circle\",\"badge\":\"1\",\"bgcolor\":\"#ffffff\",\"width\":\"26\",\"icontype\":\"icon\",\"icon\":\"fa-map-marker\",\"iconcolor\":\"#1e73be\",\"iconsize\":\"18\",\"iconimage\":\"\",\"coordinate\":{\"pitch\":\"-82.51814165487137\",\"yaw\":\"-149.4829285670978\",\"hfov\":\"100\"},\"hover\":\"short\",\"hovertext\":\"Piscina\",\"hovertheme\":\"default\",\"hoverposition\":\"auto\",\"hoverminwidth\":\"50\",\"hovermaxwidth\":\"300\",\"hovercontent\":\"\"},{\"key\":\"wvt-tour-key-wrvhr\",\"title\":\"Les terrasses\",\"spot\":\"2561\",\"shape\":\"circle\",\"badge\":\"1\",\"bgcolor\":\"#ffffff\",\"width\":\"26\",\"icontype\":\"icon\",\"icon\":\"fa-map-marker\",\"iconcolor\":\"#8224e3\",\"iconsize\":\"18\",\"iconimage\":\"\",\"coordinate\":{\"pitch\":\"-82.63724582401247\",\"yaw\":\"156.7069774193478\",\"hfov\":\"100\"},\"hover\":\"short\",\"hovertext\":\"Les Terrasses\",\"hovertheme\":\"default\",\"hoverposition\":\"auto\",\"hoverminwidth\":\"50\",\"hovermaxwidth\":\"300\",\"hovercontent\":\"\"},{\"key\":\"wvt-tour-key-jojei\",\"title\":\"Menjadors privats\",\"spot\":\"\",\"shape\":\"circle\",\"badge\":\"1\",\"bgcolor\":\"#ffffff\",\"width\":\"26\",\"icontype\":\"icon\",\"icon\":\"fa-map-marker\",\"iconcolor\":\"#8224e3\",\"iconsize\":\"18\",\"iconimage\":\"\",\"coordinate\":{\"pitch\":\"-77.23248986466247\",\"yaw\":\"-170.08624414582266\",\"hfov\":\"100\"},\"hover\":\"short\",\"hovertext\":\"Menjadors privats\",\"hovertheme\":\"default\",\"hoverposition\":\"auto\",\"hoverminwidth\":\"50\",\"hovermaxwidth\":\"300\",\"hovercontent\":\"\"},{\"key\":\"wvt-tour-key-rrsfy\",\"title\":\"Cafeteria\",\"spot\":\"2569\",\"shape\":\"circle\",\"badge\":\"1\",\"bgcolor\":\"#ffffff\",\"width\":\"26\",\"icontype\":\"icon\",\"icon\":\"fa-map-marker\",\"iconcolor\":\"#8224e3\",\"iconsize\":\"18\",\"iconimage\":\"\",\"coordinate\":{\"pitch\":\"-74.89656202451266\",\"yaw\":\"131.29531880993284\",\"hfov\":\"100\"},\"hover\":\"short\",\"hovertext\":\"La Cafeteria\",\"hovertheme\":\"default\",\"hoverposition\":\"auto\",\"hoverminwidth\":\"50\",\"hovermaxwidth\":\"300\",\"hovercontent\":\"\"}],\"global\":{\"context\":\"Can Fain\\u00e9 Turisme rural i restaurant\",\"context_url\":\"https:\\\/\\\/www.canfaine.com\",\"load_image\":\"\",\"load_scene\":\"ball-pulse\",\"edit\":\"1\"}}};\n\t\t\t<\/script>\n\t\t<\/div>\n\t\t[vc_separator color=\u00bbcustom\u00bb style=\u00bbdashed\u00bb accent_color=\u00bb#20ccc6&#8243;][vc_empty_space][\/vc_column][\/vc_row][vc_row][vc_column][vc_custom_heading text=\u00bbBlog\u00bb font_container=\u00bbtag:h3|text_align:center|color:%2320ccc6&#8243; google_fonts=\u00bbfont_family:Cinzel%3Aregular%2C700%2C900|font_style:400%20regular%3A400%3Anormal\u00bb link=\u00bburl:http%3A%2F%2Fwww.canfaine.com%2Fblog%2F|||\u00bb][\/vc_column][\/vc_row][vc_row][vc_column]<div class=\"owl-carousel blog-carousel-shortcode blog-carousel-shortcode-id-1 content-align-center bottom-overlap-layout-list content-bg-on scale-img enable-bg-rollover meta-info-off bullets-small-dot-stroke reposition-arrows arrows-bg-on arrows-hover-bg-on  \" data-scroll-mode=\"page\" data-col-num=\"3\" data-laptop-col=\"3\" data-h-tablet-columns-num=\"3\" data-v-tablet-columns-num=\"2\" data-phone-columns-num=\"1\" data-auto-height=\"true\" data-col-gap=\"30\" data-speed=\"600\" data-autoplay=\"true\" data-autoplay_speed=\"6000\" data-arrows=\"true\" data-bullet=\"true\" data-next-icon=\"icon-ar-017-r\" data-prev-icon=\"icon-ar-017-l\"><article class=\"post post-498 type-post status-publish format-standard has-post-thumbnail hentry category-cocina tag-bages-es tag-calitat-es tag-catalunya-es tag-dop-es tag-gastronomia-es tag-igp-es tag-jornadas tag-productes-es category-41\" data-name=\"La esencia de la gastronom\u00eda catalana\" data-date=\"2018-05-15T11:41:34+02:00\">\n\n<div class=\"post-thumbnail-wrap\">\n\t<div class=\"post-thumbnail\">\n\t\t\n\t\t\n\t\t<a href=\"https:\/\/www.canfaine.com\/es\/la-esencia-de-la-gastronomia-catalana-los-productos-autoctonos\/\" class=\"post-thumbnail-rollover layzr-bg\" ><img class=\"lazy-load preload-me\" src=\"data:image\/svg+xml;charset=utf-8,%3Csvg xmlns%3D'http%3A%2F%2Fwww.w3.org%2F2000%2Fsvg' viewBox%3D'0 0 849 566'%2F%3E\" data-src=\"https:\/\/www.canfaine.com\/wp-content\/uploads\/2016\/05\/Turisme-Rural-Can-Faine5-849x566.jpeg\" data-srcset=\"https:\/\/www.canfaine.com\/wp-content\/uploads\/2016\/05\/Turisme-Rural-Can-Faine5-849x566.jpeg 849w, https:\/\/www.canfaine.com\/wp-content\/uploads\/2016\/05\/Turisme-Rural-Can-Faine5-850x566.jpeg 850w\" alt=\"Turisme Rural Can Faine\" title=\"Turisme Rural Can Faine\" width=\"849\" height=\"566\"  \/><\/a>\t<\/div>\n<\/div>\n\n\n<div class=\"post-entry-content\">\n\n\t<h3 class=\"entry-title\">\n\t\t<a href=\"https:\/\/www.canfaine.com\/es\/la-esencia-de-la-gastronomia-catalana-los-productos-autoctonos\/\" title=\"La esencia de la gastronom\u00eda catalana\" rel=\"bookmark\">La esencia de la gastronom\u00eda catalana<\/a>\n\t<\/h3>\n\n\t\n\t<div class=\"entry-excerpt\"><p>[vc_row][vc_column][vc_custom_heading text=\u00bbLa esencia de la gastronomia catalana: los productos aut\u00f3ctonos\u00bb font_container=\u00bbtag:h2|text_align:left|color:%2320ccc6&#8243; google_fonts=\u00bbfont_family:Cinzel%3Aregular%2C700%2C900|font_style:400%20regular%3A400%3Anormal\u00bb][\/vc_column][\/vc_row][vc_row][vc_column][vc_column_text]Catalu\u00f1a cuenta con todos los ingredientes para obtener la mejor gastronom\u00eda: un territorio y unos paisajes tan diversos como la cocina que se conserva, algunos de los mejores cocineros del mundo y unos productos de calidad, variados y de temporada. Queremos presentarte la materia&hellip;<\/p>\n<\/div>\n\t<a href=\"https:\/\/www.canfaine.com\/es\/la-esencia-de-la-gastronomia-catalana-los-productos-autoctonos\/\" class=\"post-details details-type-link\" rel=\"nofollow\">Leer m\u00e1s<i class=\"fa fa-caret-right\" aria-hidden=\"true\"><\/i><\/a>\n\t\n<\/div><\/article><article class=\"post post-496 type-post status-publish format-standard has-post-thumbnail hentry category-articulos tag-calcots-es tag-menus-calcotadas tag-restaurant-can-faine-es tag-romesco-es category-40\" data-name=\"Els Cal\u00e7ots: empieza la temporada\" data-date=\"2018-05-15T11:40:07+02:00\">\n\n<div class=\"post-thumbnail-wrap\">\n\t<div class=\"post-thumbnail\">\n\t\t\n\t\t\n\t\t<a href=\"https:\/\/www.canfaine.com\/es\/els-calcots-empieza-la-temporada\/\" class=\"post-thumbnail-rollover layzr-bg\" ><img class=\"lazy-load preload-me\" src=\"data:image\/svg+xml;charset=utf-8,%3Csvg xmlns%3D'http%3A%2F%2Fwww.w3.org%2F2000%2Fsvg' viewBox%3D'0 0 507 338'%2F%3E\" data-src=\"https:\/\/www.canfaine.com\/wp-content\/uploads\/2018\/02\/calc\u0327otada-can-faine-507x338.jpg\" data-srcset=\"https:\/\/www.canfaine.com\/wp-content\/uploads\/2018\/02\/calc\u0327otada-can-faine-507x338.jpg 507w\" alt=\"\" title=\"calc\u0327otada-can-faine\" width=\"507\" height=\"338\"  \/><\/a>\t<\/div>\n<\/div>\n\n\n<div class=\"post-entry-content\">\n\n\t<h3 class=\"entry-title\">\n\t\t<a href=\"https:\/\/www.canfaine.com\/es\/els-calcots-empieza-la-temporada\/\" title=\"Els Cal\u00e7ots: empieza la temporada\" rel=\"bookmark\">Els Cal\u00e7ots: empieza la temporada<\/a>\n\t<\/h3>\n\n\t\n\t<div class=\"entry-excerpt\"><p>[vc_row][vc_column][vc_custom_heading text=\u00bbEls Cal\u00e7ots: ja comen\u00e7a la temporada\u00bb font_container=\u00bbtag:h2|text_align:left|color:%2320ccc6&#8243; google_fonts=\u00bbfont_family:Cinzel%3Aregular%2C700%2C900|font_style:400%20regular%3A400%3Anormal\u00bb][\/vc_column][\/vc_row][vc_row][vc_column][vc_column_text]La temporada de cal\u00e7ots 2017-2018 \u00e9s a punt de comen\u00e7ar. Tot \u00e9s a punt i nom\u00e9s falta esperar que tinguin el calibre adequat, i a obrir la botiga. Tant al bloc de cal\u00e7ots com mitjan\u00e7ant el sistema d&#8217;avisos de cal\u00e7ots us farem saber quan comen\u00e7a oficialment la&hellip;<\/p>\n<\/div>\n\t<a href=\"https:\/\/www.canfaine.com\/es\/els-calcots-empieza-la-temporada\/\" class=\"post-details details-type-link\" rel=\"nofollow\">Leer m\u00e1s<i class=\"fa fa-caret-right\" aria-hidden=\"true\"><\/i><\/a>\n\t\n<\/div><\/article><\/div>[\/vc_column][\/vc_row]<\/p>\n","protected":false},"excerpt":{"rendered":"<p>[vc_row][vc_column][vc_custom_heading text=\u00bbCan Fain\u00e9\u00bb font_container=\u00bbtag:h2|text_align:left|color:%23c08b4d\u00bb google_fonts=\u00bbfont_family:Cinzel%3Aregular%2C700%2C900|font_style:400%20regular%3A400%3Anormal\u00bb][\/vc_column][\/vc_row][vc_row][vc_column][vc_column_text]Can Fain\u00e9, restaurante Turismo Rural y barbacoas cerca de Montserrat Manresa Terrassa y Sabadell, en el Bages Can Fain\u00e9 abri\u00f3 sus puertas la primavera del 2003, poniendo a disposici\u00f3n del p\u00fablico una oferta l\u00fadica consistente en bar, agroturismo, alojamientos o casas rurales de alquiler \u00edntegro, que tiene como premisa b\u00e1sica la&hellip;<\/p>\n","protected":false},"author":1,"featured_media":0,"parent":0,"menu_order":0,"comment_status":"closed","ping_status":"open","template":"","meta":[],"yoast_head":"<!-- This site is optimized with the Yoast SEO plugin v19.13 - https:\/\/yoast.com\/wordpress\/plugins\/seo\/ -->\n<title>restaurante Turismo Rural y barbacoas cerca de Montserrat Manresa Terrassa<\/title>\n<meta name=\"description\" content=\"Can Fain\u00e9, restaurante Turismo Rural y barbacoas cerca de Montserrat Manresa Terrassa y Sabadell, en el Bages\" \/>\n<meta name=\"robots\" content=\"index, follow, max-snippet:-1, max-image-preview:large, max-video-preview:-1\" \/>\n<link rel=\"canonical\" href=\"https:\/\/www.canfaine.com\/es\/\" \/>\n<meta property=\"og:locale\" content=\"es_ES\" \/>\n<meta property=\"og:type\" content=\"article\" \/>\n<meta property=\"og:title\" content=\"restaurante Turismo Rural y barbacoas cerca de Montserrat Manresa Terrassa\" \/>\n<meta property=\"og:description\" content=\"Can Fain\u00e9, restaurante Turismo Rural y barbacoas cerca de Montserrat Manresa Terrassa y Sabadell, en el Bages\" \/>\n<meta property=\"og:url\" content=\"https:\/\/www.canfaine.com\/es\/\" \/>\n<meta property=\"og:site_name\" content=\"Can Fain\u00e9\" \/>\n<meta property=\"article:publisher\" content=\"https:\/\/www.facebook.com\/Restaurant-Can-Faine-211169275571050\/?ref=br_rs\" \/>\n<meta property=\"article:modified_time\" content=\"2022-10-03T07:28:21+00:00\" \/>\n<meta name=\"twitter:card\" content=\"summary_large_image\" \/>\n<meta name=\"twitter:label1\" content=\"Tiempo de lectura\" \/>\n\t<meta name=\"twitter:data1\" content=\"2 minutos\" \/>\n<script type=\"application\/ld+json\" class=\"yoast-schema-graph\">{\"@context\":\"https:\/\/schema.org\",\"@graph\":[{\"@type\":\"WebPage\",\"@id\":\"https:\/\/www.canfaine.com\/es\/\",\"url\":\"https:\/\/www.canfaine.com\/es\/\",\"name\":\"restaurante Turismo Rural y barbacoas cerca de Montserrat Manresa Terrassa\",\"isPartOf\":{\"@id\":\"https:\/\/www.canfaine.com\/es\/#website\"},\"datePublished\":\"2018-05-14T08:34:44+00:00\",\"dateModified\":\"2022-10-03T07:28:21+00:00\",\"description\":\"Can Fain\u00e9, restaurante Turismo Rural y barbacoas cerca de Montserrat Manresa Terrassa y Sabadell, en el Bages\",\"breadcrumb\":{\"@id\":\"https:\/\/www.canfaine.com\/es\/#breadcrumb\"},\"inLanguage\":\"es\",\"potentialAction\":[{\"@type\":\"ReadAction\",\"target\":[\"https:\/\/www.canfaine.com\/es\/\"]}]},{\"@type\":\"BreadcrumbList\",\"@id\":\"https:\/\/www.canfaine.com\/es\/#breadcrumb\",\"itemListElement\":[{\"@type\":\"ListItem\",\"position\":1,\"name\":\"Portada\",\"item\":\"https:\/\/www.canfaine.com\/es\/\"},{\"@type\":\"ListItem\",\"position\":2,\"name\":\"Inicio\"}]},{\"@type\":\"WebSite\",\"@id\":\"https:\/\/www.canfaine.com\/es\/#website\",\"url\":\"https:\/\/www.canfaine.com\/es\/\",\"name\":\"Can Fain\u00e9\",\"description\":\"Turisme Rural i Restaurant\",\"publisher\":{\"@id\":\"https:\/\/www.canfaine.com\/es\/#organization\"},\"potentialAction\":[{\"@type\":\"SearchAction\",\"target\":{\"@type\":\"EntryPoint\",\"urlTemplate\":\"https:\/\/www.canfaine.com\/es\/?s={search_term_string}\"},\"query-input\":\"required name=search_term_string\"}],\"inLanguage\":\"es\"},{\"@type\":\"Organization\",\"@id\":\"https:\/\/www.canfaine.com\/es\/#organization\",\"name\":\"Cal Fain\u00e9 Boades SL\",\"url\":\"https:\/\/www.canfaine.com\/es\/\",\"logo\":{\"@type\":\"ImageObject\",\"inLanguage\":\"es\",\"@id\":\"https:\/\/www.canfaine.com\/es\/#\/schema\/logo\/image\/\",\"url\":\"https:\/\/canfaine.com\/wp-content\/uploads\/2018\/01\/logo3-1.png\",\"contentUrl\":\"https:\/\/canfaine.com\/wp-content\/uploads\/2018\/01\/logo3-1.png\",\"width\":300,\"height\":198,\"caption\":\"Cal Fain\u00e9 Boades SL\"},\"image\":{\"@id\":\"https:\/\/www.canfaine.com\/es\/#\/schema\/logo\/image\/\"},\"sameAs\":[\"https:\/\/www.facebook.com\/Restaurant-Can-Faine-211169275571050\/?ref=br_rs\"]}]}<\/script>\n<!-- \/ Yoast SEO plugin. -->","yoast_head_json":{"title":"restaurante Turismo Rural y barbacoas cerca de Montserrat Manresa Terrassa","description":"Can Fain\u00e9, restaurante Turismo Rural y barbacoas cerca de Montserrat Manresa Terrassa y Sabadell, en el Bages","robots":{"index":"index","follow":"follow","max-snippet":"max-snippet:-1","max-image-preview":"max-image-preview:large","max-video-preview":"max-video-preview:-1"},"canonical":"https:\/\/www.canfaine.com\/es\/","og_locale":"es_ES","og_type":"article","og_title":"restaurante Turismo Rural y barbacoas cerca de Montserrat Manresa Terrassa","og_description":"Can Fain\u00e9, restaurante Turismo Rural y barbacoas cerca de Montserrat Manresa Terrassa y Sabadell, en el Bages","og_url":"https:\/\/www.canfaine.com\/es\/","og_site_name":"Can Fain\u00e9","article_publisher":"https:\/\/www.facebook.com\/Restaurant-Can-Faine-211169275571050\/?ref=br_rs","article_modified_time":"2022-10-03T07:28:21+00:00","twitter_card":"summary_large_image","twitter_misc":{"Tiempo de lectura":"2 minutos"},"schema":{"@context":"https:\/\/schema.org","@graph":[{"@type":"WebPage","@id":"https:\/\/www.canfaine.com\/es\/","url":"https:\/\/www.canfaine.com\/es\/","name":"restaurante Turismo Rural y barbacoas cerca de Montserrat Manresa Terrassa","isPartOf":{"@id":"https:\/\/www.canfaine.com\/es\/#website"},"datePublished":"2018-05-14T08:34:44+00:00","dateModified":"2022-10-03T07:28:21+00:00","description":"Can Fain\u00e9, restaurante Turismo Rural y barbacoas cerca de Montserrat Manresa Terrassa y Sabadell, en el Bages","breadcrumb":{"@id":"https:\/\/www.canfaine.com\/es\/#breadcrumb"},"inLanguage":"es","potentialAction":[{"@type":"ReadAction","target":["https:\/\/www.canfaine.com\/es\/"]}]},{"@type":"BreadcrumbList","@id":"https:\/\/www.canfaine.com\/es\/#breadcrumb","itemListElement":[{"@type":"ListItem","position":1,"name":"Portada","item":"https:\/\/www.canfaine.com\/es\/"},{"@type":"ListItem","position":2,"name":"Inicio"}]},{"@type":"WebSite","@id":"https:\/\/www.canfaine.com\/es\/#website","url":"https:\/\/www.canfaine.com\/es\/","name":"Can Fain\u00e9","description":"Turisme Rural i Restaurant","publisher":{"@id":"https:\/\/www.canfaine.com\/es\/#organization"},"potentialAction":[{"@type":"SearchAction","target":{"@type":"EntryPoint","urlTemplate":"https:\/\/www.canfaine.com\/es\/?s={search_term_string}"},"query-input":"required name=search_term_string"}],"inLanguage":"es"},{"@type":"Organization","@id":"https:\/\/www.canfaine.com\/es\/#organization","name":"Cal Fain\u00e9 Boades SL","url":"https:\/\/www.canfaine.com\/es\/","logo":{"@type":"ImageObject","inLanguage":"es","@id":"https:\/\/www.canfaine.com\/es\/#\/schema\/logo\/image\/","url":"https:\/\/canfaine.com\/wp-content\/uploads\/2018\/01\/logo3-1.png","contentUrl":"https:\/\/canfaine.com\/wp-content\/uploads\/2018\/01\/logo3-1.png","width":300,"height":198,"caption":"Cal Fain\u00e9 Boades SL"},"image":{"@id":"https:\/\/www.canfaine.com\/es\/#\/schema\/logo\/image\/"},"sameAs":["https:\/\/www.facebook.com\/Restaurant-Can-Faine-211169275571050\/?ref=br_rs"]}]}},"jetpack_sharing_enabled":true,"jetpack_shortlink":"https:\/\/wp.me\/PdqzQQ-75","jetpack-related-posts":[{"id":1477,"url":"https:\/\/www.canfaine.com\/es\/turismo-rural\/faine-ii\/","url_meta":{"origin":439,"position":0},"title":"Turismo rural Fain\u00e9 II","date":"17\/09\/2021","format":false,"excerpt":"[vc_row][vc_column][vc_custom_heading text=\"Turism0 Rural Fain\u00e9 II\" font_container=\"tag:h2|text_align:left|color:%23c08b4d\" google_fonts=\"font_family:Cinzel%3Aregular%2C700%2C900|font_style:400%20regular%3A400%3Anormal\"][vc_custom_heading text=\"Casa rural para entre 6 y 10 personas\" font_container=\"tag:h4|text_align:left\" google_fonts=\"font_family:Cinzel%3Aregular%2C700%2C900|font_style:400%20regular%3A400%3Anormal\"][\/vc_column][\/vc_row][vc_row][vc_column][vc_column_text]Alojamiento de turismo rural en el Bages que dispone de tres habitaciones, una sala de estar con sof\u00e1 y TV, un comedor-cocina americana y dos ba\u00f1os, permitiendo un alojamiento c\u00f3modo que complementa de las\u2026","rel":"","context":"Entrada similar","img":{"alt_text":"","src":"https:\/\/i0.wp.com\/www.canfaine.com\/wp-content\/uploads\/2017\/11\/Turisme-rural-can-faine1-1.png?resize=350%2C200","width":350,"height":200},"classes":[]},{"id":1238,"url":"https:\/\/www.canfaine.com\/es\/inicial-ok\/","url_meta":{"origin":439,"position":1},"title":"inicio-vella","date":"03\/06\/2021","format":false,"excerpt":"[vc_row][vc_column][vc_custom_heading text=\"Can Fain\u00e9 - Restaurante y agroturismo\" font_container=\"tag:h2|text_align:left|color:%2320ccc6\" google_fonts=\"font_family:Cinzel%3Aregular%2C700%2C900|font_style:400%20regular%3A400%3Anormal\"][\/vc_column][\/vc_row][vc_row][vc_column][vc_column_text]CAN FAIN\u00c9, es un Restaurante y Alojamiento de Turismo Rural ubicado debajo de la monta\u00f1a de Montserrat, que abri\u00f3 sus puertas la primavera del 2003, poniendo a disposici\u00f3n del p\u00fablico una oferta l\u00fadica consistente en bar,\u00a0agroturismo, alojamientos o casas rurales de alquiler\u2026","rel":"","context":"Entrada similar","img":{"alt_text":"","src":"https:\/\/i0.wp.com\/www.canfaine.com\/wp-content\/uploads\/2017\/11\/Turisme-rural-can-faine1-1.png?resize=350%2C200","width":350,"height":200},"classes":[]},{"id":484,"url":"https:\/\/www.canfaine.com\/es\/restaurante\/menu\/","url_meta":{"origin":439,"position":2},"title":"Men\u00fas","date":"14\/05\/2018","format":false,"excerpt":"[vc_row][vc_column][vc_custom_heading text=\"Men\u00fas del Restaurante\" font_container=\"tag:h2|text_align:center|color:%2320ccc6\" google_fonts=\"font_family:Cinzel%3Aregular%2C700%2C900|font_style:400%20regular%3A400%3Anormal\"][\/vc_column][\/vc_row][vc_row][vc_column][vc_column_text] Men\u00fas para celebraciones y eventos familiares o de empresa en el restaurante y turismo rural Can Fain\u00e9; Men\u00fa diario, men\u00fa de fin de semana y otros men\u00fas para fechas especiales: Men\u00fas para la \u00e9poca de Cal\u00e7otades, xatonades, caracoladas, y comidas Familiares y de Hermandad.\u2026","rel":"","context":"Entrada similar","img":{"alt_text":"","src":"","width":0,"height":0},"classes":[]},{"id":1471,"url":"https:\/\/www.canfaine.com\/es\/turismo-rural\/faine-i\/","url_meta":{"origin":439,"position":3},"title":"Turismo rural Fain\u00e9 I","date":"17\/09\/2021","format":false,"excerpt":"[vc_row][vc_column][vc_custom_heading text=\"Turismo Rural Fain\u00e9 I\" font_container=\"tag:h2|text_align:left|color:%23c08b4d\" google_fonts=\"font_family:Cinzel%3Aregular%2C700%2C900|font_style:400%20regular%3A400%3Anormal\"][vc_custom_heading text=\"Casa rural con capacidad para entre 6 y 10 personas\" font_container=\"tag:h4|text_align:left\" google_fonts=\"font_family:Cinzel%3Aregular%2C700%2C900|font_style:400%20regular%3A400%3Anormal\"][\/vc_column][\/vc_row][vc_row][vc_column][vc_column_text]Alojamiento para Turismo Rural al pie de la monta\u00f1a de Montserrat para grupos numerosos, familias grandes y tambi\u00e9n grupos de amigos. Tiene entrada independiente de la mas\u00eda, de forma que se puede\u2026","rel":"","context":"Entrada similar","img":{"alt_text":"","src":"https:\/\/i0.wp.com\/www.canfaine.com\/wp-content\/uploads\/2017\/11\/Turisme-rural-can-faine6.png?resize=350%2C200","width":350,"height":200},"classes":[]},{"id":452,"url":"https:\/\/www.canfaine.com\/es\/turismo-rural\/","url_meta":{"origin":439,"position":4},"title":"Turismo Rural","date":"14\/05\/2018","format":false,"excerpt":"[vc_row][vc_column][vc_custom_heading text=\"Turismo Rural\" font_container=\"tag:h2|text_align:left|color:%2320ccc6\" google_fonts=\"font_family:Cinzel%3Aregular%2C700%2C900|font_style:400%20regular%3A400%3Anormal\"][\/vc_column][\/vc_row][vc_row][vc_column][vc_custom_heading text=\"Alojamiento des de 6 a +20 personas\" font_container=\"tag:h4|text_align:left|color:%23dd9933\" google_fonts=\"font_family:Cinzel%3Aregular%2C700%2C900|font_style:400%20regular%3A400%3Anormal\"][\/vc_column][\/vc_row][vc_row][vc_column][vc_column_text]En los alojamientos de Turismo rural, ofrecemos estancias de fin de semana, semanas enteras, estancias de larga duraci\u00f3n, y noches espor\u00e1dicas para viajeros y\u00a0paseantes, dirigido a\u00a0familias, grupo de amigos que hagan fiestas o encuentros as\u00ed como para\u2026","rel":"","context":"Entrada similar","img":{"alt_text":"","src":"","width":0,"height":0},"classes":[]},{"id":1675,"url":"https:\/\/www.canfaine.com\/es\/restaurante\/restaurante-para-cenas-de-empresa\/","url_meta":{"origin":439,"position":5},"title":"Restaurante para cenas de empresa","date":"06\/10\/2021","format":false,"excerpt":"[vc_row][vc_column][vc_custom_heading text=\"Restaurante para cenas de empresa\" font_container=\"tag:h1|text_align:left|color:%2320ccc6\" google_fonts=\"font_family:Cinzel%3Aregular%2C700%2C900|font_style:400%20regular%3A400%3Anormal\"][\/vc_column][\/vc_row][vc_row][vc_column][vc_custom_heading text=\"Si busca un restaurante para cenas de empresa tiene que conocer Can Fain\u00e9\" google_fonts=\"font_family:Cinzel%3Aregular%2C700%2C900|font_style:400%20regular%3A400%3Anormal\"][vc_column_text]Can Fain\u00e9 es id\u00f3neo como restaurante para cenas de empresa. Puesto que a parte de las bondades de los platos de cocina tradicional catalana y mediterr\u00e1nea que preparamos. con\u2026","rel":"","context":"Entrada similar","img":{"alt_text":"","src":"","width":0,"height":0},"classes":[]}],"jetpack_likes_enabled":true,"_links":{"self":[{"href":"https:\/\/www.canfaine.com\/es\/wp-json\/wp\/v2\/pages\/439"}],"collection":[{"href":"https:\/\/www.canfaine.com\/es\/wp-json\/wp\/v2\/pages"}],"about":[{"href":"https:\/\/www.canfaine.com\/es\/wp-json\/wp\/v2\/types\/page"}],"author":[{"embeddable":true,"href":"https:\/\/www.canfaine.com\/es\/wp-json\/wp\/v2\/users\/1"}],"replies":[{"embeddable":true,"href":"https:\/\/www.canfaine.com\/es\/wp-json\/wp\/v2\/comments?post=439"}],"version-history":[{"count":1,"href":"https:\/\/www.canfaine.com\/es\/wp-json\/wp\/v2\/pages\/439\/revisions"}],"predecessor-version":[{"id":2623,"href":"https:\/\/www.canfaine.com\/es\/wp-json\/wp\/v2\/pages\/439\/revisions\/2623"}],"wp:attachment":[{"href":"https:\/\/www.canfaine.com\/es\/wp-json\/wp\/v2\/media?parent=439"}],"curies":[{"name":"wp","href":"https:\/\/api.w.org\/{rel}","templated":true}]}}