{"id":479,"date":"2018-05-14T14:23:39","date_gmt":"2018-05-14T14:23:39","guid":{"rendered":"http:\/\/www.canfaine.com\/?page_id=479"},"modified":"2021-06-01T14:00:53","modified_gmt":"2021-06-01T14:00:53","slug":"opiniones","status":"publish","type":"page","link":"https:\/\/www.canfaine.com\/es\/opiniones\/","title":{"rendered":"Opiniones"},"content":{"rendered":"<p>[vc_row][vc_column]<style type=\"text\/css\" data-type=\"the7_shortcodes-inline-css\">.dt-breadcrumbs-id-2 .breadcrumbs {\n  display: inline-block;\n  margin: 0;\n  padding: 2px 10px 2px 10px;\n  border: 0px solid ;\n  border-radius: 0px;\n}\n.dt-breadcrumbs-id-2 .breadcrumbs * {\n  font-style: italic;\n  font-weight: ;\n  text-transform: ;\n  color: #a2a5a6;\n}\n<\/style><div class=\"dt-breadcrumbs-shortcode dt-breadcrumbs-id-1 align-left\"><div class=\"assistive-text\">Est\u00e1s aqu\u00ed:<\/div><ol class=\"breadcrumbs text-small\" xmlns:v=\"http:\/\/rdf.data-vocabulary.org\/#\"><li typeof=\"v:Breadcrumb\"><a rel=\"v:url\" property=\"v:title\" href=\"https:\/\/www.canfaine.com\/es\/\/\" title=\"\">Inicio<\/a><\/li><li class=\"current\">P\u00e1gina<\/li><\/ol><\/div>[vc_custom_heading text=\u00bbOpiniones de nuestros clientes\u00bb font_container=\u00bbtag:h2|text_align:left|color:%2320ccc6&#8243; google_fonts=\u00bbfont_family:Cinzel%3Aregular%2C700%2C900|font_style:400%20regular%3A400%3Anormal\u00bb][\/vc_column][\/vc_row][vc_row][vc_column]<q class=\"text-normal shortcode-pullquote wf-cell align-left wf-1\">Somos vegetarianos y hemos comido muy bieeenn! Alcachofas, patatas al caliu, rovellones, cal\u00e7ots etc todo buen\u00edssimo y muy buen trato al cliente, lugar muy acogedor, natural y con vistas preciosas.<\/p>\n<p><em>Adri Costa<\/em><\/q>[\/vc_column][\/vc_row][vc_row][vc_column]<blockquote class=\"text-normal shortcode-blockquote block-style-widget\"><p>Hoy he pedido cal\u00e7otada puedes comer toda la te apetezca y los segundos puedes elegir parrilla de carnes o pescado me han servido una merluza riqu\u00edsima los postres de pasteles son caseros, el precio es muy normal y muy apropiado para ir con ni\u00f1os<\/p>\n<p><em>Joana Hurtado<\/em><\/p>\n<\/blockquote>[\/vc_column][\/vc_row][vc_row][vc_column]<q class=\"text-normal shortcode-pullquote wf-cell align-left wf-1\">Celebraci\u00f3n del cumplea\u00f1os de nuestro padre, buen lugar para comer, sobre todo bien atendido por camareras del lugar y yo dir\u00eda que hasta FAMILIAR, buen recuerdo<\/p>\n<p><em>Marcial Esteban<\/em><\/q>[\/vc_column][\/vc_row][vc_row][vc_column]<blockquote class=\"text-normal shortcode-blockquote block-style-widget\"><p>Hemos ido un grupo de amigos a comer una cal\u00e7otada y despu\u00e9s una parrillada de carne.<br \/>\nEl lugar es id\u00edlico, es una casa rural con diferentes salones bien acondicionados, el trato del personal es excepcional, cuidando con mimo hasta el \u00faltimo detalle. Est\u00e1 todo muy limpio y vien cuidado. Y, la comida est\u00e1 deliciosa y en cantidades abundantes.<br \/>\nSe lo recomiendo a todo el mundo que quiera comer buena comida en un sitio con mucho encanto y con un trato excepcional y muy cercano.<\/p>\n<p><em>Rafa F.<\/em><\/p>\n<\/blockquote>[\/vc_column][\/vc_row]<\/p>\n","protected":false},"excerpt":{"rendered":"<p>[vc_row][vc_column][vc_custom_heading text=\u00bbOpiniones de nuestros clientes\u00bb font_container=\u00bbtag:h2|text_align:left|color:%2320ccc6&#8243; google_fonts=\u00bbfont_family:Cinzel%3Aregular%2C700%2C900|font_style:400%20regular%3A400%3Anormal\u00bb][\/vc_column][\/vc_row][vc_row][vc_column][\/vc_column][\/vc_row][vc_row][vc_column][\/vc_column][\/vc_row][vc_row][vc_column][\/vc_column][\/vc_row][vc_row][vc_column][\/vc_column][\/vc_row]<\/p>\n","protected":false},"author":1,"featured_media":0,"parent":0,"menu_order":0,"comment_status":"closed","ping_status":"closed","template":"","meta":[],"yoast_head":"<!-- This site is optimized with the Yoast SEO plugin v19.13 - https:\/\/yoast.com\/wordpress\/plugins\/seo\/ -->\n<title>Opiniones de los comensales del restaurante<\/title>\n<meta name=\"description\" content=\"Las opiniones de los comensales del restaurante Can Fain\u00e9\" \/>\n<meta name=\"robots\" content=\"index, follow, max-snippet:-1, max-image-preview:large, max-video-preview:-1\" \/>\n<link rel=\"canonical\" href=\"https:\/\/www.canfaine.com\/es\/opiniones\/\" \/>\n<meta property=\"og:locale\" content=\"es_ES\" \/>\n<meta property=\"og:type\" content=\"article\" \/>\n<meta property=\"og:title\" content=\"Opiniones de los comensales del restaurante\" \/>\n<meta property=\"og:description\" content=\"Las opiniones de los comensales del restaurante Can Fain\u00e9\" \/>\n<meta property=\"og:url\" content=\"https:\/\/www.canfaine.com\/es\/opiniones\/\" \/>\n<meta property=\"og:site_name\" content=\"Can Fain\u00e9\" \/>\n<meta property=\"article:publisher\" content=\"https:\/\/www.facebook.com\/Restaurant-Can-Faine-211169275571050\/?ref=br_rs\" \/>\n<meta property=\"article:modified_time\" content=\"2021-06-01T14:00:53+00:00\" \/>\n<meta name=\"twitter:card\" content=\"summary_large_image\" \/>\n<meta name=\"twitter:label1\" content=\"Tiempo de lectura\" \/>\n\t<meta name=\"twitter:data1\" content=\"2 minutos\" \/>\n<script type=\"application\/ld+json\" class=\"yoast-schema-graph\">{\"@context\":\"https:\/\/schema.org\",\"@graph\":[{\"@type\":\"WebPage\",\"@id\":\"https:\/\/www.canfaine.com\/es\/opiniones\/\",\"url\":\"https:\/\/www.canfaine.com\/es\/opiniones\/\",\"name\":\"Opiniones de los comensales del restaurante\",\"isPartOf\":{\"@id\":\"https:\/\/www.canfaine.com\/es\/#website\"},\"datePublished\":\"2018-05-14T14:23:39+00:00\",\"dateModified\":\"2021-06-01T14:00:53+00:00\",\"description\":\"Las opiniones de los comensales del restaurante Can Fain\u00e9\",\"breadcrumb\":{\"@id\":\"https:\/\/www.canfaine.com\/es\/opiniones\/#breadcrumb\"},\"inLanguage\":\"es\",\"potentialAction\":[{\"@type\":\"ReadAction\",\"target\":[\"https:\/\/www.canfaine.com\/es\/opiniones\/\"]}]},{\"@type\":\"BreadcrumbList\",\"@id\":\"https:\/\/www.canfaine.com\/es\/opiniones\/#breadcrumb\",\"itemListElement\":[{\"@type\":\"ListItem\",\"position\":1,\"name\":\"Portada\",\"item\":\"https:\/\/www.canfaine.com\/es\/\"},{\"@type\":\"ListItem\",\"position\":2,\"name\":\"Opiniones\"}]},{\"@type\":\"WebSite\",\"@id\":\"https:\/\/www.canfaine.com\/es\/#website\",\"url\":\"https:\/\/www.canfaine.com\/es\/\",\"name\":\"Can Fain\u00e9\",\"description\":\"Turisme Rural i Restaurant\",\"publisher\":{\"@id\":\"https:\/\/www.canfaine.com\/es\/#organization\"},\"potentialAction\":[{\"@type\":\"SearchAction\",\"target\":{\"@type\":\"EntryPoint\",\"urlTemplate\":\"https:\/\/www.canfaine.com\/es\/?s={search_term_string}\"},\"query-input\":\"required name=search_term_string\"}],\"inLanguage\":\"es\"},{\"@type\":\"Organization\",\"@id\":\"https:\/\/www.canfaine.com\/es\/#organization\",\"name\":\"Cal Fain\u00e9 Boades SL\",\"url\":\"https:\/\/www.canfaine.com\/es\/\",\"logo\":{\"@type\":\"ImageObject\",\"inLanguage\":\"es\",\"@id\":\"https:\/\/www.canfaine.com\/es\/#\/schema\/logo\/image\/\",\"url\":\"https:\/\/canfaine.com\/wp-content\/uploads\/2018\/01\/logo3-1.png\",\"contentUrl\":\"https:\/\/canfaine.com\/wp-content\/uploads\/2018\/01\/logo3-1.png\",\"width\":300,\"height\":198,\"caption\":\"Cal Fain\u00e9 Boades SL\"},\"image\":{\"@id\":\"https:\/\/www.canfaine.com\/es\/#\/schema\/logo\/image\/\"},\"sameAs\":[\"https:\/\/www.facebook.com\/Restaurant-Can-Faine-211169275571050\/?ref=br_rs\"]}]}<\/script>\n<!-- \/ Yoast SEO plugin. -->","yoast_head_json":{"title":"Opiniones de los comensales del restaurante","description":"Las opiniones de los comensales del restaurante Can Fain\u00e9","robots":{"index":"index","follow":"follow","max-snippet":"max-snippet:-1","max-image-preview":"max-image-preview:large","max-video-preview":"max-video-preview:-1"},"canonical":"https:\/\/www.canfaine.com\/es\/opiniones\/","og_locale":"es_ES","og_type":"article","og_title":"Opiniones de los comensales del restaurante","og_description":"Las opiniones de los comensales del restaurante Can Fain\u00e9","og_url":"https:\/\/www.canfaine.com\/es\/opiniones\/","og_site_name":"Can Fain\u00e9","article_publisher":"https:\/\/www.facebook.com\/Restaurant-Can-Faine-211169275571050\/?ref=br_rs","article_modified_time":"2021-06-01T14:00:53+00:00","twitter_card":"summary_large_image","twitter_misc":{"Tiempo de lectura":"2 minutos"},"schema":{"@context":"https:\/\/schema.org","@graph":[{"@type":"WebPage","@id":"https:\/\/www.canfaine.com\/es\/opiniones\/","url":"https:\/\/www.canfaine.com\/es\/opiniones\/","name":"Opiniones de los comensales del restaurante","isPartOf":{"@id":"https:\/\/www.canfaine.com\/es\/#website"},"datePublished":"2018-05-14T14:23:39+00:00","dateModified":"2021-06-01T14:00:53+00:00","description":"Las opiniones de los comensales del restaurante Can Fain\u00e9","breadcrumb":{"@id":"https:\/\/www.canfaine.com\/es\/opiniones\/#breadcrumb"},"inLanguage":"es","potentialAction":[{"@type":"ReadAction","target":["https:\/\/www.canfaine.com\/es\/opiniones\/"]}]},{"@type":"BreadcrumbList","@id":"https:\/\/www.canfaine.com\/es\/opiniones\/#breadcrumb","itemListElement":[{"@type":"ListItem","position":1,"name":"Portada","item":"https:\/\/www.canfaine.com\/es\/"},{"@type":"ListItem","position":2,"name":"Opiniones"}]},{"@type":"WebSite","@id":"https:\/\/www.canfaine.com\/es\/#website","url":"https:\/\/www.canfaine.com\/es\/","name":"Can Fain\u00e9","description":"Turisme Rural i Restaurant","publisher":{"@id":"https:\/\/www.canfaine.com\/es\/#organization"},"potentialAction":[{"@type":"SearchAction","target":{"@type":"EntryPoint","urlTemplate":"https:\/\/www.canfaine.com\/es\/?s={search_term_string}"},"query-input":"required name=search_term_string"}],"inLanguage":"es"},{"@type":"Organization","@id":"https:\/\/www.canfaine.com\/es\/#organization","name":"Cal Fain\u00e9 Boades SL","url":"https:\/\/www.canfaine.com\/es\/","logo":{"@type":"ImageObject","inLanguage":"es","@id":"https:\/\/www.canfaine.com\/es\/#\/schema\/logo\/image\/","url":"https:\/\/canfaine.com\/wp-content\/uploads\/2018\/01\/logo3-1.png","contentUrl":"https:\/\/canfaine.com\/wp-content\/uploads\/2018\/01\/logo3-1.png","width":300,"height":198,"caption":"Cal Fain\u00e9 Boades SL"},"image":{"@id":"https:\/\/www.canfaine.com\/es\/#\/schema\/logo\/image\/"},"sameAs":["https:\/\/www.facebook.com\/Restaurant-Can-Faine-211169275571050\/?ref=br_rs"]}]}},"jetpack_sharing_enabled":true,"jetpack_shortlink":"https:\/\/wp.me\/PdqzQQ-7J","jetpack-related-posts":[{"id":33,"url":"https:\/\/www.canfaine.com\/opinions\/","url_meta":{"origin":479,"position":0},"title":"Opinions","date":"09\/11\/2017","format":false,"excerpt":"[vc_row][vc_column][vc_custom_heading text=\"Opinions del nostres clients\" font_container=\"tag:h2|text_align:left|color:%2320ccc6\" google_fonts=\"font_family:Cinzel%3Aregular%2C700%2C900|font_style:400%20regular%3A400%3Anormal\"][\/vc_column][\/vc_row][vc_row][vc_column][\/vc_column][\/vc_row][vc_row][vc_column][\/vc_column][\/vc_row][vc_row][vc_column][\/vc_column][\/vc_row][vc_row][vc_column][\/vc_column][\/vc_row]","rel":"","context":"Entrada similar","img":{"alt_text":"","src":"","width":0,"height":0},"classes":[]},{"id":1471,"url":"https:\/\/www.canfaine.com\/es\/turismo-rural\/faine-i\/","url_meta":{"origin":479,"position":1},"title":"Turismo rural Fain\u00e9 I","date":"17\/09\/2021","format":false,"excerpt":"[vc_row][vc_column][vc_custom_heading text=\"Turismo Rural Fain\u00e9 I\" font_container=\"tag:h2|text_align:left|color:%23c08b4d\" google_fonts=\"font_family:Cinzel%3Aregular%2C700%2C900|font_style:400%20regular%3A400%3Anormal\"][vc_custom_heading text=\"Casa rural con capacidad para entre 6 y 10 personas\" font_container=\"tag:h4|text_align:left\" google_fonts=\"font_family:Cinzel%3Aregular%2C700%2C900|font_style:400%20regular%3A400%3Anormal\"][\/vc_column][\/vc_row][vc_row][vc_column][vc_column_text]Alojamiento para Turismo Rural al pie de la monta\u00f1a de Montserrat para grupos numerosos, familias grandes y tambi\u00e9n grupos de amigos. Tiene entrada independiente de la mas\u00eda, de forma que se puede\u2026","rel":"","context":"Entrada similar","img":{"alt_text":"","src":"https:\/\/i0.wp.com\/www.canfaine.com\/wp-content\/uploads\/2017\/11\/Turisme-rural-can-faine6.png?resize=350%2C200","width":350,"height":200},"classes":[]},{"id":1675,"url":"https:\/\/www.canfaine.com\/es\/restaurante\/restaurante-para-cenas-de-empresa\/","url_meta":{"origin":479,"position":2},"title":"Restaurante para cenas de empresa","date":"06\/10\/2021","format":false,"excerpt":"[vc_row][vc_column][vc_custom_heading text=\"Restaurante para cenas de empresa\" font_container=\"tag:h1|text_align:left|color:%2320ccc6\" google_fonts=\"font_family:Cinzel%3Aregular%2C700%2C900|font_style:400%20regular%3A400%3Anormal\"][\/vc_column][\/vc_row][vc_row][vc_column][vc_custom_heading text=\"Si busca un restaurante para cenas de empresa tiene que conocer Can Fain\u00e9\" google_fonts=\"font_family:Cinzel%3Aregular%2C700%2C900|font_style:400%20regular%3A400%3Anormal\"][vc_column_text]Can Fain\u00e9 es id\u00f3neo como restaurante para cenas de empresa. Puesto que a parte de las bondades de los platos de cocina tradicional catalana y mediterr\u00e1nea que preparamos. con\u2026","rel":"","context":"Entrada similar","img":{"alt_text":"","src":"","width":0,"height":0},"classes":[]},{"id":1655,"url":"https:\/\/www.canfaine.com\/es\/restaurante\/restaurante-con-terraza\/","url_meta":{"origin":479,"position":3},"title":"Restaurante con terraza","date":"06\/10\/2021","format":false,"excerpt":"[vc_row][vc_column][vc_custom_heading text=\"Restaurante con terraza\" font_container=\"tag:h1|text_align:left|color:%2320ccc6\" google_fonts=\"font_family:Cinzel%3Aregular%2C700%2C900|font_style:400%20regular%3A400%3Anormal\"][\/vc_column][\/vc_row][vc_row][vc_column][vc_custom_heading text=\"Restaurante con terraza cerca de Montserrat, Manresa, Tarrasa y Sabadell\" font_container=\"tag:h2|text_align:center\" google_fonts=\"font_family:Cinzel%3Aregular%2C700%2C900|font_style:400%20regular%3A400%3Anormal\"][vc_column_text]Si quiere ir a comer a un restaurante con terraza cerca de Manresa, Montserrat, Sabadell o Terrassa, en Can Fain\u00e9 encontrar\u00e1 un ambiente ideal para comer al aire libre. Can Fain\u00e9 es un\u2026","rel":"","context":"Entrada similar","img":{"alt_text":"","src":"","width":0,"height":0},"classes":[]},{"id":1813,"url":"https:\/\/www.canfaine.com\/es\/restaurante\/restaurante-de-menu\/","url_meta":{"origin":479,"position":4},"title":"Restaurante de men\u00fa","date":"09\/11\/2021","format":false,"excerpt":"[vc_row][vc_column][vc_custom_heading text=\"Restaurante de men\u00fa diario\" font_container=\"tag:h1|text_align:left|color:%2320ccc6\" google_fonts=\"font_family:Cinzel%3Aregular%2C700%2C900|font_style:400%20regular%3A400%3Anormal\"][\/vc_column][\/vc_row][vc_row][vc_column][vc_custom_heading text=\"Restaurante de Men\u00fa con platos de cocina tradicional y cocina de mercado, en Sant Vicen\u00e7 de Castellet, el Bages. Men\u00fa diario en un restaurante con terraza.\" google_fonts=\"font_family:Cinzel%3Aregular%2C700%2C900|font_style:400%20regular%3A400%3Anormal\"][vc_empty_space][vc_custom_heading text=\"Restaurante de men\u00fa diario, de lunes a viernes al mediod\u00eda\" font_container=\"tag:h3|text_align:center\" google_fonts=\"font_family:Cinzel%3Aregular%2C700%2C900|font_style:400%20regular%3A400%3Anormal\"][vc_column_text]De lunes a viernes al\u2026","rel":"","context":"Entrada similar","img":{"alt_text":"","src":"","width":0,"height":0},"classes":[]},{"id":1091,"url":"https:\/\/www.canfaine.com\/es\/aviso-legal-y-condiciones-de-uso\/","url_meta":{"origin":479,"position":5},"title":"Aviso legal y condiciones de uso","date":"01\/06\/2021","format":false,"excerpt":"AVISO LEGAL Y CONDICIONES DE USO DEL SITIO WEB CANFAINE.COM En este espacio, el USUARIO, podr\u00e1 encontrar toda la informaci\u00f3n relativa a los t\u00e9rminos y condiciones legales que definen las relaciones entre los usuarios y nosotros como responsables de esta p\u00e1gina web. Como usuario, es importante que conozcas estos t\u00e9rminos\u2026","rel":"","context":"Entrada similar","img":{"alt_text":"","src":"","width":0,"height":0},"classes":[]}],"jetpack_likes_enabled":true,"_links":{"self":[{"href":"https:\/\/www.canfaine.com\/es\/wp-json\/wp\/v2\/pages\/479"}],"collection":[{"href":"https:\/\/www.canfaine.com\/es\/wp-json\/wp\/v2\/pages"}],"about":[{"href":"https:\/\/www.canfaine.com\/es\/wp-json\/wp\/v2\/types\/page"}],"author":[{"embeddable":true,"href":"https:\/\/www.canfaine.com\/es\/wp-json\/wp\/v2\/users\/1"}],"replies":[{"embeddable":true,"href":"https:\/\/www.canfaine.com\/es\/wp-json\/wp\/v2\/comments?post=479"}],"version-history":[{"count":0,"href":"https:\/\/www.canfaine.com\/es\/wp-json\/wp\/v2\/pages\/479\/revisions"}],"wp:attachment":[{"href":"https:\/\/www.canfaine.com\/es\/wp-json\/wp\/v2\/media?parent=479"}],"curies":[{"name":"wp","href":"https:\/\/api.w.org\/{rel}","templated":true}]}}